{"id":1120,"date":"2024-08-10T12:33:44","date_gmt":"2024-08-10T12:33:44","guid":{"rendered":"https:\/\/www.agriculturayganaderia.com\/?page_id=1120"},"modified":"2026-07-25T19:49:24","modified_gmt":"2026-07-25T19:49:24","slug":"inicio","status":"publish","type":"page","link":"https:\/\/www.agriculturayganaderia.com\/","title":{"rendered":"INICIO"},"content":{"rendered":"\t\t<div data-elementor-type=\"wp-page\" data-elementor-id=\"1120\" class=\"elementor elementor-1120\" data-elementor-post-type=\"page\">\n\t\t\t\t<div class=\"elementor-element elementor-element-a86819d e-con-full e-flex e-con e-parent\" data-id=\"a86819d\" data-element_type=\"container\" data-e-type=\"container\">\n\t\t\t\t<div class=\"elementor-element elementor-element-320c13c elementor-widget elementor-widget-post-flash\" data-id=\"320c13c\" data-element_type=\"widget\" data-e-type=\"widget\" data-settings=\"{&quot;_animation_speed&quot;:80000,&quot;_pause_on_hover&quot;:&quot;yes&quot;}\" data-widget_type=\"post-flash.default\">\n\t\t\t\t<div class=\"elementor-widget-container\">\n\t\t\t\t\t\n    <div class=\"elespare-flash-wrap flash-layout flash-style-1  elespare_flash_enable\">\n      <div class=\"elespare-exclusive-posts  ele-border-disabled\">\n        <div class=\"elespare-exclusive-now\">\n          \n          <div class=\"elespare-exclusive-now-txt-animation-wrap\">\n                          <span class=\"elespare-spinner spinner-style-2\">\n                <div class=\"ring\"><\/div>\n                <div class=\"ring\"><\/div>\n                <div class=\"ring\"><\/div>\n                <div class=\"ring\"><\/div>\n                <div class=\"ring\"><\/div>\n              <\/span>\n                        <span class=\"elespare-exclusive-texts-wrapper\">\n              TITULARES            <\/span>\n          <\/div>\n        <\/div>\n\n        <div class=\"elespare-exclusive-slides\" dir=\"ltr\">\n                      <div class=\"marquee elespare-flash-side left\" data-direction=\"left\" role=\"list\">\n                              <h4 class=\"elespare-post-title\">\n                  <a href=\"https:\/\/www.agriculturayganaderia.com\/?p=11708\">\n\n                    \n                      <span class=\"elespare-circle-marq\">\n                                                \n      <img decoding=\"async\" width=\"150\" height=\"150\" src=\"https:\/\/www.agriculturayganaderia.com\/wp-content\/uploads\/2026\/01\/0001-PORCINOS-800-150x150.jpg\" class=\"attachment-thumbnail size-thumbnail wp-post-image\" alt=\"\" \/>\n                      <\/span>\n\n                    \n                    <span class=\"elespare-post-title\"> Precios del ganado porcino en pie en Colombia<\/span>\n                  <\/a>\n                <\/h4>\n                              <h4 class=\"elespare-post-title\">\n                  <a href=\"https:\/\/www.agriculturayganaderia.com\/?p=11705\">\n\n                    \n                      <span class=\"elespare-circle-marq\">\n                                                \n      <img decoding=\"async\" width=\"150\" height=\"150\" src=\"https:\/\/www.agriculturayganaderia.com\/wp-content\/uploads\/2025\/09\/0002-PRCIOS-CAFE-800-150x150.jpg\" class=\"attachment-thumbnail size-thumbnail wp-post-image\" alt=\"\" \/>\n                      <\/span>\n\n                    \n                    <span class=\"elespare-post-title\"> Precio interno de referencia para la compra de caf\u00e9 pergamino seco por carga de 125 kilos<\/span>\n                  <\/a>\n                <\/h4>\n                              <h4 class=\"elespare-post-title\">\n                  <a href=\"https:\/\/www.agriculturayganaderia.com\/?p=11701\">\n\n                    \n                      <span class=\"elespare-circle-marq\">\n                                                \n      <img decoding=\"async\" width=\"150\" height=\"150\" src=\"https:\/\/www.agriculturayganaderia.com\/wp-content\/uploads\/2024\/08\/0002-PRECIOS-PAPA-800-150x150.jpg\" class=\"attachment-thumbnail size-thumbnail wp-post-image\" alt=\"\" \/>\n                      <\/span>\n\n                    \n                    <span class=\"elespare-post-title\"> Precios mayoristas de la papa en la central de abastos de Bogot\u00e1<\/span>\n                  <\/a>\n                <\/h4>\n                              <h4 class=\"elespare-post-title\">\n                  <a href=\"https:\/\/www.agriculturayganaderia.com\/?p=11693\">\n\n                    \n                      <span class=\"elespare-circle-marq\">\n                                                \n      <img loading=\"lazy\" decoding=\"async\" width=\"150\" height=\"150\" src=\"https:\/\/www.agriculturayganaderia.com\/wp-content\/uploads\/2026\/05\/0001-PRECIOS-CAFE-800-150x150.jpg\" class=\"attachment-thumbnail size-thumbnail wp-post-image\" alt=\"\" \/>\n                      <\/span>\n\n                    \n                    <span class=\"elespare-post-title\"> Precio interno de referencia para la compra de caf\u00e9 pergamino seco por carga de 125 kilos<\/span>\n                  <\/a>\n                <\/h4>\n                              <h4 class=\"elespare-post-title\">\n                  <a href=\"https:\/\/www.agriculturayganaderia.com\/?p=11690\">\n\n                    \n                      <span class=\"elespare-circle-marq\">\n                                                \n      <img loading=\"lazy\" decoding=\"async\" width=\"150\" height=\"150\" src=\"https:\/\/www.agriculturayganaderia.com\/wp-content\/uploads\/2025\/01\/CEBOLLA-Y-PLATANO-800-150x150.jpg\" class=\"attachment-thumbnail size-thumbnail wp-post-image\" alt=\"\" \/>\n                      <\/span>\n\n                    \n                    <span class=\"elespare-post-title\"> Precios mayoristas de la cebolla y el pl\u00e1tano en la central de abastos de Bogot\u00e1<\/span>\n                  <\/a>\n                <\/h4>\n                          <\/div>\n                  <\/div>\n      <\/div>\n    <\/div>\n\n    \t\t\t\t<\/div>\n\t\t\t\t<\/div>\n\t\t\t\t<\/div>\n\t\t<div class=\"elementor-element elementor-element-751c358 e-flex e-con-boxed e-con e-parent\" data-id=\"751c358\" data-element_type=\"container\" data-e-type=\"container\">\n\t\t\t\t\t<div class=\"e-con-inner\">\n\t\t\t\t\t<\/div>\n\t\t\t\t<\/div>\n\t\t<div class=\"elementor-element elementor-element-629c5b6 e-flex e-con-boxed e-con e-parent\" data-id=\"629c5b6\" data-element_type=\"container\" data-e-type=\"container\">\n\t\t\t\t\t<div class=\"e-con-inner\">\n\t\t\t\t<div class=\"elementor-element elementor-element-811eced elespare-section-title-elespare-left elementor-widget elementor-widget-post-express-list\" data-id=\"811eced\" data-element_type=\"widget\" data-e-type=\"widget\" data-widget_type=\"post-express-list.default\">\n\t\t\t\t<div class=\"elementor-widget-container\">\n\t\t\t\t\t<div class=\"elespare-widget-title-section title-style-2 elespare-left\">\n\t\t\t\t<h2 class=\"elespare-widget-title\">\n\t\t\t\t\t<span class=\"elespare-section-title-before\"><\/span>\n\t\t\t\t\t<span class=\"elespare-section-title\">NOTICIAS DEL D\u00cdA<\/span>\n\t\t\t\t\t<span class=\"elespare-section-title-after\"><\/span>\n\t\t\t\t<\/h2>\n\t\t\t<\/div>\n    <div class=\"elespare-express-list-wrap express-layout has-background \">\n      <div class=\"elespare-posts-wrap elementor-express express-style-1  elespare-image-zoom elespare-light\">\n                    <div class=\"elespare-posts-express-post-items\">\n\n              <div class=\"elespare-img-wrapper\">\n                \n      <a href=\"https:\/\/www.agriculturayganaderia.com\/?p=11708\" aria-label=\"Precios del ganado porcino en pie en Colombia\">\n        <img loading=\"lazy\" decoding=\"async\" width=\"720\" height=\"405\" src=\"https:\/\/www.agriculturayganaderia.com\/wp-content\/uploads\/2026\/01\/0001-PORCINOS-800-768x432.jpg\" class=\"attachment-medium_large size-medium_large wp-post-image\" alt=\"Precios del ganado porcino en pie en Colombia\" srcset=\"https:\/\/www.agriculturayganaderia.com\/wp-content\/uploads\/2026\/01\/0001-PORCINOS-800-768x432.jpg 768w, https:\/\/www.agriculturayganaderia.com\/wp-content\/uploads\/2026\/01\/0001-PORCINOS-800-300x169.jpg 300w, https:\/\/www.agriculturayganaderia.com\/wp-content\/uploads\/2026\/01\/0001-PORCINOS-800.jpg 800w\" sizes=\"(max-width: 720px) 100vw, 720px\" \/>      <\/a>\n\n                  <\/div>\n              <div class=\"elespare-content-wrapper\">\n                <ul class=\"elespare-cat-links none\"><li class=\"elespare-meta-category\">\n                      <a class=\"elespare-categories\" href=\"https:\/\/www.agriculturayganaderia.com\/?cat=38\" aria-label=\"View all posts in MERCADOS category\">\n                      \n                        MERCADOS\n                      <\/a>\n                  <\/li><\/ul>\n    <h3 class=\"elespare-post-title\">\n      <a href=\"https:\/\/www.agriculturayganaderia.com\/?p=11708\"> <span>Precios del ganado porcino en pie en Colombia<\/span><\/a>\n    <\/h3>\n          <div class=\"elespare-metadata\">\n        \n          <span class=\"post-author\">\n            <a href=\"https:\/\/www.agriculturayganaderia.com\/?author=1\">\n                            Agricultura y Ganader\u00eda            <\/a>\n          <\/span>\n                          <span class=\"elespare-posts-full-post-author\">\n            <a href=\"https:\/\/www.agriculturayganaderia.com\/?m=2026\">\n              <i class=\"demo-icon elespare-icons-clock-regular\" aria-hidden=\"true\"><\/i>\n              septiembre 1, 2026            <\/a>\n          <\/span>\n                      <\/div>\n\n    <div class=\"elespare-exceprt\">\n                <\/div>\n  \n              <\/div>\n            <\/div>\n                    <div class=\"elespare-posts-express-post-items\">\n\n              <div class=\"elespare-img-wrapper\">\n                \n      <a href=\"https:\/\/www.agriculturayganaderia.com\/?p=11705\" aria-label=\"Precio interno de referencia para la compra de caf\u00e9 pergamino seco por carga de 125 kilos\">\n        <img loading=\"lazy\" decoding=\"async\" width=\"300\" height=\"170\" src=\"https:\/\/www.agriculturayganaderia.com\/wp-content\/uploads\/2025\/09\/0002-PRCIOS-CAFE-800-300x170.jpg\" class=\"attachment-medium size-medium wp-post-image\" alt=\"Precio interno de referencia para la compra de caf\u00e9 pergamino seco por carga de 125 kilos\" srcset=\"https:\/\/www.agriculturayganaderia.com\/wp-content\/uploads\/2025\/09\/0002-PRCIOS-CAFE-800-300x170.jpg 300w, https:\/\/www.agriculturayganaderia.com\/wp-content\/uploads\/2025\/09\/0002-PRCIOS-CAFE-800-768x435.jpg 768w, https:\/\/www.agriculturayganaderia.com\/wp-content\/uploads\/2025\/09\/0002-PRCIOS-CAFE-800.jpg 800w\" sizes=\"(max-width: 300px) 100vw, 300px\" \/>      <\/a>\n\n                  <\/div>\n              <div class=\"elespare-content-wrapper\">\n                <ul class=\"elespare-cat-links none\"><li class=\"elespare-meta-category\">\n                      <a class=\"elespare-categories\" href=\"https:\/\/www.agriculturayganaderia.com\/?cat=38\" aria-label=\"View all posts in MERCADOS category\">\n                      \n                        MERCADOS\n                      <\/a>\n                  <\/li><\/ul>\n    <h3 class=\"elespare-post-title\">\n      <a href=\"https:\/\/www.agriculturayganaderia.com\/?p=11705\"> <span>Precio interno de referencia para la compra de caf\u00e9 pergamino seco por carga de 125 kilos<\/span><\/a>\n    <\/h3>\n          <div class=\"elespare-metadata\">\n        \n          <span class=\"post-author\">\n            <a href=\"https:\/\/www.agriculturayganaderia.com\/?author=1\">\n                            Agricultura y Ganader\u00eda            <\/a>\n          <\/span>\n                          <span class=\"elespare-posts-full-post-author\">\n            <a href=\"https:\/\/www.agriculturayganaderia.com\/?m=2026\">\n              <i class=\"demo-icon elespare-icons-clock-regular\" aria-hidden=\"true\"><\/i>\n              septiembre 1, 2026            <\/a>\n          <\/span>\n                      <\/div>\n\n\n              <\/div>\n            <\/div>\n                    <div class=\"elespare-posts-express-post-items\">\n\n              <div class=\"elespare-img-wrapper\">\n                \n      <a href=\"https:\/\/www.agriculturayganaderia.com\/?p=11701\" aria-label=\"Precios mayoristas de la papa en la central de abastos de Bogot\u00e1\">\n        <img loading=\"lazy\" decoding=\"async\" width=\"300\" height=\"169\" src=\"https:\/\/www.agriculturayganaderia.com\/wp-content\/uploads\/2024\/08\/0002-PRECIOS-PAPA-800-300x169.jpg\" class=\"attachment-medium size-medium wp-post-image\" alt=\"Precios mayoristas de la papa en la central de abastos de Bogot\u00e1\" srcset=\"https:\/\/www.agriculturayganaderia.com\/wp-content\/uploads\/2024\/08\/0002-PRECIOS-PAPA-800-300x169.jpg 300w, https:\/\/www.agriculturayganaderia.com\/wp-content\/uploads\/2024\/08\/0002-PRECIOS-PAPA-800-768x432.jpg 768w, https:\/\/www.agriculturayganaderia.com\/wp-content\/uploads\/2024\/08\/0002-PRECIOS-PAPA-800.jpg 800w\" sizes=\"(max-width: 300px) 100vw, 300px\" \/>      <\/a>\n\n                  <\/div>\n              <div class=\"elespare-content-wrapper\">\n                <ul class=\"elespare-cat-links none\"><li class=\"elespare-meta-category\">\n                      <a class=\"elespare-categories\" href=\"https:\/\/www.agriculturayganaderia.com\/?cat=38\" aria-label=\"View all posts in MERCADOS category\">\n                      \n                        MERCADOS\n                      <\/a>\n                  <\/li><\/ul>\n    <h3 class=\"elespare-post-title\">\n      <a href=\"https:\/\/www.agriculturayganaderia.com\/?p=11701\"> <span>Precios mayoristas de la papa en la central de abastos de Bogot\u00e1<\/span><\/a>\n    <\/h3>\n          <div class=\"elespare-metadata\">\n        \n          <span class=\"post-author\">\n            <a href=\"https:\/\/www.agriculturayganaderia.com\/?author=1\">\n                            Agricultura y Ganader\u00eda            <\/a>\n          <\/span>\n                          <span class=\"elespare-posts-full-post-author\">\n            <a href=\"https:\/\/www.agriculturayganaderia.com\/?m=2026\">\n              <i class=\"demo-icon elespare-icons-clock-regular\" aria-hidden=\"true\"><\/i>\n              septiembre 1, 2026            <\/a>\n          <\/span>\n                      <\/div>\n\n\n              <\/div>\n            <\/div>\n                    <div class=\"elespare-posts-express-post-items\">\n\n              <div class=\"elespare-img-wrapper\">\n                \n      <a href=\"https:\/\/www.agriculturayganaderia.com\/?p=11693\" aria-label=\"Precio interno de referencia para la compra de caf\u00e9 pergamino seco por carga de 125 kilos\">\n        <img loading=\"lazy\" decoding=\"async\" width=\"300\" height=\"190\" src=\"https:\/\/www.agriculturayganaderia.com\/wp-content\/uploads\/2026\/05\/0001-PRECIOS-CAFE-800-300x190.jpg\" class=\"attachment-medium size-medium wp-post-image\" alt=\"Precio interno de referencia para la compra de caf\u00e9 pergamino seco por carga de 125 kilos\" srcset=\"https:\/\/www.agriculturayganaderia.com\/wp-content\/uploads\/2026\/05\/0001-PRECIOS-CAFE-800-300x190.jpg 300w, https:\/\/www.agriculturayganaderia.com\/wp-content\/uploads\/2026\/05\/0001-PRECIOS-CAFE-800-768x486.jpg 768w, https:\/\/www.agriculturayganaderia.com\/wp-content\/uploads\/2026\/05\/0001-PRECIOS-CAFE-800.jpg 800w\" sizes=\"(max-width: 300px) 100vw, 300px\" \/>      <\/a>\n\n                  <\/div>\n              <div class=\"elespare-content-wrapper\">\n                <ul class=\"elespare-cat-links none\"><li class=\"elespare-meta-category\">\n                      <a class=\"elespare-categories\" href=\"https:\/\/www.agriculturayganaderia.com\/?cat=38\" aria-label=\"View all posts in MERCADOS category\">\n                      \n                        MERCADOS\n                      <\/a>\n                  <\/li><\/ul>\n    <h3 class=\"elespare-post-title\">\n      <a href=\"https:\/\/www.agriculturayganaderia.com\/?p=11693\"> <span>Precio interno de referencia para la compra de caf\u00e9 pergamino seco por carga de 125 kilos<\/span><\/a>\n    <\/h3>\n          <div class=\"elespare-metadata\">\n        \n          <span class=\"post-author\">\n            <a href=\"https:\/\/www.agriculturayganaderia.com\/?author=1\">\n                            Agricultura y Ganader\u00eda            <\/a>\n          <\/span>\n                          <span class=\"elespare-posts-full-post-author\">\n            <a href=\"https:\/\/www.agriculturayganaderia.com\/?m=2026\">\n              <i class=\"demo-icon elespare-icons-clock-regular\" aria-hidden=\"true\"><\/i>\n              agosto 31, 2026            <\/a>\n          <\/span>\n                      <\/div>\n\n\n              <\/div>\n            <\/div>\n                    <div class=\"elespare-posts-express-post-items\">\n\n              <div class=\"elespare-img-wrapper\">\n                \n      <a href=\"https:\/\/www.agriculturayganaderia.com\/?p=11690\" aria-label=\"Precios mayoristas de la cebolla y el pl\u00e1tano en la central de abastos de Bogot\u00e1\">\n        <img loading=\"lazy\" decoding=\"async\" width=\"300\" height=\"169\" src=\"https:\/\/www.agriculturayganaderia.com\/wp-content\/uploads\/2025\/01\/CEBOLLA-Y-PLATANO-800-300x169.jpg\" class=\"attachment-medium size-medium wp-post-image\" alt=\"Precios mayoristas de la cebolla y el pl\u00e1tano en la central de abastos de Bogot\u00e1\" srcset=\"https:\/\/www.agriculturayganaderia.com\/wp-content\/uploads\/2025\/01\/CEBOLLA-Y-PLATANO-800-300x169.jpg 300w, https:\/\/www.agriculturayganaderia.com\/wp-content\/uploads\/2025\/01\/CEBOLLA-Y-PLATANO-800-768x433.jpg 768w, https:\/\/www.agriculturayganaderia.com\/wp-content\/uploads\/2025\/01\/CEBOLLA-Y-PLATANO-800.jpg 800w\" sizes=\"(max-width: 300px) 100vw, 300px\" \/>      <\/a>\n\n                  <\/div>\n              <div class=\"elespare-content-wrapper\">\n                <ul class=\"elespare-cat-links none\"><li class=\"elespare-meta-category\">\n                      <a class=\"elespare-categories\" href=\"https:\/\/www.agriculturayganaderia.com\/?cat=38\" aria-label=\"View all posts in MERCADOS category\">\n                      \n                        MERCADOS\n                      <\/a>\n                  <\/li><\/ul>\n    <h3 class=\"elespare-post-title\">\n      <a href=\"https:\/\/www.agriculturayganaderia.com\/?p=11690\"> <span>Precios mayoristas de la cebolla y el pl\u00e1tano en la central de abastos de Bogot\u00e1<\/span><\/a>\n    <\/h3>\n          <div class=\"elespare-metadata\">\n        \n          <span class=\"post-author\">\n            <a href=\"https:\/\/www.agriculturayganaderia.com\/?author=1\">\n                            Agricultura y Ganader\u00eda            <\/a>\n          <\/span>\n                          <span class=\"elespare-posts-full-post-author\">\n            <a href=\"https:\/\/www.agriculturayganaderia.com\/?m=2026\">\n              <i class=\"demo-icon elespare-icons-clock-regular\" aria-hidden=\"true\"><\/i>\n              agosto 31, 2026            <\/a>\n          <\/span>\n                      <\/div>\n\n\n              <\/div>\n            <\/div>\n                    <div class=\"elespare-posts-express-post-items\">\n\n              <div class=\"elespare-img-wrapper\">\n                \n      <a href=\"https:\/\/www.agriculturayganaderia.com\/?p=11688\" aria-label=\"Precios mayoristas de la arveja, frijol, habichuela y tomate en la central de abastos de Bogot\u00e1\">\n        <img loading=\"lazy\" decoding=\"async\" width=\"300\" height=\"169\" src=\"https:\/\/www.agriculturayganaderia.com\/wp-content\/uploads\/2024\/08\/003-Arveja-Tomate-800-300x169.jpeg\" class=\"attachment-medium size-medium wp-post-image\" alt=\"Precios mayoristas de la arveja, frijol, habichuela y tomate en la central de abastos de Bogot\u00e1\" srcset=\"https:\/\/www.agriculturayganaderia.com\/wp-content\/uploads\/2024\/08\/003-Arveja-Tomate-800-300x169.jpeg 300w, https:\/\/www.agriculturayganaderia.com\/wp-content\/uploads\/2024\/08\/003-Arveja-Tomate-800-768x432.jpeg 768w, https:\/\/www.agriculturayganaderia.com\/wp-content\/uploads\/2024\/08\/003-Arveja-Tomate-800.jpeg 800w\" sizes=\"(max-width: 300px) 100vw, 300px\" \/>      <\/a>\n\n                  <\/div>\n              <div class=\"elespare-content-wrapper\">\n                <ul class=\"elespare-cat-links none\"><li class=\"elespare-meta-category\">\n                      <a class=\"elespare-categories\" href=\"https:\/\/www.agriculturayganaderia.com\/?cat=38\" aria-label=\"View all posts in MERCADOS category\">\n                      \n                        MERCADOS\n                      <\/a>\n                  <\/li><\/ul>\n    <h3 class=\"elespare-post-title\">\n      <a href=\"https:\/\/www.agriculturayganaderia.com\/?p=11688\"> <span>Precios mayoristas de la arveja, frijol, habichuela y tomate en la central de abastos de Bogot\u00e1<\/span><\/a>\n    <\/h3>\n          <div class=\"elespare-metadata\">\n        \n          <span class=\"post-author\">\n            <a href=\"https:\/\/www.agriculturayganaderia.com\/?author=1\">\n                            Agricultura y Ganader\u00eda            <\/a>\n          <\/span>\n                          <span class=\"elespare-posts-full-post-author\">\n            <a href=\"https:\/\/www.agriculturayganaderia.com\/?m=2026\">\n              <i class=\"demo-icon elespare-icons-clock-regular\" aria-hidden=\"true\"><\/i>\n              agosto 31, 2026            <\/a>\n          <\/span>\n                      <\/div>\n\n\n              <\/div>\n            <\/div>\n                    <div class=\"elespare-posts-express-post-items\">\n\n              <div class=\"elespare-img-wrapper\">\n                \n      <a href=\"https:\/\/www.agriculturayganaderia.com\/?p=11686\" aria-label=\"Precios mayoristas de la papa en la central de abastos de Bogot\u00e1\">\n        <img loading=\"lazy\" decoding=\"async\" width=\"300\" height=\"169\" src=\"https:\/\/www.agriculturayganaderia.com\/wp-content\/uploads\/2026\/08\/0001-PRECIOS-PAPA-800-300x169.jpg\" class=\"attachment-medium size-medium wp-post-image\" alt=\"Precios mayoristas de la papa en la central de abastos de Bogot\u00e1\" srcset=\"https:\/\/www.agriculturayganaderia.com\/wp-content\/uploads\/2026\/08\/0001-PRECIOS-PAPA-800-300x169.jpg 300w, https:\/\/www.agriculturayganaderia.com\/wp-content\/uploads\/2026\/08\/0001-PRECIOS-PAPA-800-768x432.jpg 768w, https:\/\/www.agriculturayganaderia.com\/wp-content\/uploads\/2026\/08\/0001-PRECIOS-PAPA-800.jpg 800w\" sizes=\"(max-width: 300px) 100vw, 300px\" \/>      <\/a>\n\n                  <\/div>\n              <div class=\"elespare-content-wrapper\">\n                <ul class=\"elespare-cat-links none\"><li class=\"elespare-meta-category\">\n                      <a class=\"elespare-categories\" href=\"https:\/\/www.agriculturayganaderia.com\/?cat=38\" aria-label=\"View all posts in MERCADOS category\">\n                      \n                        MERCADOS\n                      <\/a>\n                  <\/li><\/ul>\n    <h3 class=\"elespare-post-title\">\n      <a href=\"https:\/\/www.agriculturayganaderia.com\/?p=11686\"> <span>Precios mayoristas de la papa en la central de abastos de Bogot\u00e1<\/span><\/a>\n    <\/h3>\n          <div class=\"elespare-metadata\">\n        \n          <span class=\"post-author\">\n            <a href=\"https:\/\/www.agriculturayganaderia.com\/?author=1\">\n                            Agricultura y Ganader\u00eda            <\/a>\n          <\/span>\n                          <span class=\"elespare-posts-full-post-author\">\n            <a href=\"https:\/\/www.agriculturayganaderia.com\/?m=2026\">\n              <i class=\"demo-icon elespare-icons-clock-regular\" aria-hidden=\"true\"><\/i>\n              agosto 31, 2026            <\/a>\n          <\/span>\n                      <\/div>\n\n\n              <\/div>\n            <\/div>\n              <\/div>\n    <\/div>\n    \t\t\t\t<\/div>\n\t\t\t\t<\/div>\n\t\t\t\t\t<\/div>\n\t\t\t\t<\/div>\n\t\t\t\t<section class=\"elementor-section elementor-top-section elementor-element elementor-element-494859ba elementor-section-boxed elementor-section-height-default elementor-section-height-default\" data-id=\"494859ba\" data-element_type=\"section\" data-e-type=\"section\">\n\t\t\t\t\t\t\t<div class=\"elementor-background-overlay\"><\/div>\n\t\t\t\t\t\t\t<div class=\"elementor-container elementor-column-gap-default\">\n\t\t\t\t\t<div class=\"elementor-column elementor-col-50 elementor-top-column elementor-element elementor-element-2b18b43c\" data-id=\"2b18b43c\" data-element_type=\"column\" data-e-type=\"column\">\n\t\t\t<div class=\"elementor-widget-wrap elementor-element-populated\">\n\t\t\t\t\t\t<div class=\"elementor-element elementor-element-bc14827 elementor-widget elementor-widget-image\" data-id=\"bc14827\" data-element_type=\"widget\" data-e-type=\"widget\" data-widget_type=\"image.default\">\n\t\t\t\t<div class=\"elementor-widget-container\">\n\t\t\t\t\t\t\t\t\t\t\t\t\t\t\t\t<a href=\"https:\/\/www.fedegan.org.co\/\" target=\"_blank\">\n\t\t\t\t\t\t\t<img loading=\"lazy\" decoding=\"async\" width=\"2560\" height=\"553\" src=\"https:\/\/www.agriculturayganaderia.com\/wp-content\/uploads\/2025\/12\/Z2-FEDEGAN-MIGUEL-2500X540PX_page-0001-scaled.jpg\" class=\"elementor-animation-grow attachment-full size-full wp-image-8993\" alt=\"\" srcset=\"https:\/\/www.agriculturayganaderia.com\/wp-content\/uploads\/2025\/12\/Z2-FEDEGAN-MIGUEL-2500X540PX_page-0001-scaled.jpg 2560w, https:\/\/www.agriculturayganaderia.com\/wp-content\/uploads\/2025\/12\/Z2-FEDEGAN-MIGUEL-2500X540PX_page-0001-300x65.jpg 300w, https:\/\/www.agriculturayganaderia.com\/wp-content\/uploads\/2025\/12\/Z2-FEDEGAN-MIGUEL-2500X540PX_page-0001-1024x221.jpg 1024w, https:\/\/www.agriculturayganaderia.com\/wp-content\/uploads\/2025\/12\/Z2-FEDEGAN-MIGUEL-2500X540PX_page-0001-768x166.jpg 768w, https:\/\/www.agriculturayganaderia.com\/wp-content\/uploads\/2025\/12\/Z2-FEDEGAN-MIGUEL-2500X540PX_page-0001-1536x332.jpg 1536w, https:\/\/www.agriculturayganaderia.com\/wp-content\/uploads\/2025\/12\/Z2-FEDEGAN-MIGUEL-2500X540PX_page-0001-2048x442.jpg 2048w\" sizes=\"(max-width: 2560px) 100vw, 2560px\" \/>\t\t\t\t\t\t\t\t<\/a>\n\t\t\t\t\t\t\t\t\t\t\t\t\t\t\t<\/div>\n\t\t\t\t<\/div>\n\t\t\t\t<div class=\"elementor-element elementor-element-8f3f6f4 elementor-align-left elementor-widget elementor-widget-button\" data-id=\"8f3f6f4\" data-element_type=\"widget\" data-e-type=\"widget\" data-widget_type=\"button.default\">\n\t\t\t\t<div class=\"elementor-widget-container\">\n\t\t\t\t\t\t\t\t\t<div class=\"elementor-button-wrapper\">\n\t\t\t\t\t<a class=\"elementor-button elementor-button-link elementor-size-sm elementor-animation-grow\" href=\"https:\/\/www.agriculturayganaderia.com\/?page_id=1249\">\n\t\t\t\t\t\t<span class=\"elementor-button-content-wrapper\">\n\t\t\t\t\t\t\t\t\t<span class=\"elementor-button-text\">AGRICULTURA<\/span>\n\t\t\t\t\t<\/span>\n\t\t\t\t\t<\/a>\n\t\t\t\t<\/div>\n\t\t\t\t\t\t\t\t<\/div>\n\t\t\t\t<\/div>\n\t\t\t\t<div class=\"elementor-element elementor-element-6cd6072 elementor-grid-4 elementor-grid-tablet-2 elementor-grid-mobile-1 elespare-section-title-elespare-left elementor-widget elementor-widget-post-grid\" data-id=\"6cd6072\" data-element_type=\"widget\" data-e-type=\"widget\" data-settings=\"{&quot;columns&quot;:&quot;4&quot;,&quot;columns_tablet&quot;:&quot;2&quot;,&quot;columns_mobile&quot;:&quot;1&quot;}\" data-widget_type=\"post-grid.default\">\n\t\t\t\t<div class=\"elementor-widget-container\">\n\t\t\t\t\t    <div class=\"elespare-grid-wrap grid-layout has-background  elespare-has-equal-height\">\n\n      <div class=\"elespare-posts-wrap  elementor-grid grid-style-1  elespare-image-zoom elespare-light \">\n                    <div class=\"elespare-posts-grid-post-items\">\n\n              <div class=\"elespare-img-wrapper\">\n                \n      <a href=\"https:\/\/www.agriculturayganaderia.com\/?p=10992\" aria-label=\"La sequ\u00eda \u201cgolpea\u201d los cultivos de ma\u00edz en el Tolima\">\n        <img loading=\"lazy\" decoding=\"async\" width=\"300\" height=\"172\" src=\"https:\/\/www.agriculturayganaderia.com\/wp-content\/uploads\/2026\/06\/18-Maiz-afectado-por-sequia-800-300x172.jpg\" class=\"attachment-medium size-medium wp-post-image\" alt=\"La sequ\u00eda \u201cgolpea\u201d los cultivos de ma\u00edz en el Tolima\" srcset=\"https:\/\/www.agriculturayganaderia.com\/wp-content\/uploads\/2026\/06\/18-Maiz-afectado-por-sequia-800-300x172.jpg 300w, https:\/\/www.agriculturayganaderia.com\/wp-content\/uploads\/2026\/06\/18-Maiz-afectado-por-sequia-800-768x440.jpg 768w, https:\/\/www.agriculturayganaderia.com\/wp-content\/uploads\/2026\/06\/18-Maiz-afectado-por-sequia-800.jpg 800w\" sizes=\"(max-width: 300px) 100vw, 300px\" \/>      <\/a>\n\n    \n                              <\/div>\n              <div class=\"elespare-content-wrapper\">\n                                \n    <h3 class=\"elespare-post-title\">\n      <a href=\"https:\/\/www.agriculturayganaderia.com\/?p=10992\"> <span>La sequ\u00eda \u201cgolpea\u201d los cultivos de ma\u00edz en el Tolima<\/span><\/a>\n    <\/h3>\n          <div class=\"elespare-metadata\">\n                          <span class=\"elespare-posts-full-post-author\">\n            <a href=\"https:\/\/www.agriculturayganaderia.com\/?m=2026\">\n              <i class=\"demo-icon elespare-icons-clock-regular\" aria-hidden=\"true\"><\/i>\n              junio 18, 2026\n            <\/a>\n          <\/span>\n                      <\/div>\n    <div class=\"elespare-exceprt\">\n              <a class=\"read-more-btn\" href=\"https:\/\/www.agriculturayganaderia.com\/?p=10992\">\n    Leer m\u00e1s    <span class=\"screen-reader-text\"> about La sequ\u00eda \u201cgolpea\u201d los cultivos de ma\u00edz en el Tolima<\/span>\n  <\/a>\n      <\/div>\n  \n              <\/div>\n            <\/div>\n                    <div class=\"elespare-posts-grid-post-items\">\n\n              <div class=\"elespare-img-wrapper\">\n                \n      <a href=\"https:\/\/www.agriculturayganaderia.com\/?p=10972\" aria-label=\"Gobierno anuncia nueva fase de protecci\u00f3n para el sector arrocero\">\n        <img loading=\"lazy\" decoding=\"async\" width=\"300\" height=\"169\" src=\"https:\/\/www.agriculturayganaderia.com\/wp-content\/uploads\/2026\/06\/17-Sector-arroz-en-ministerio-800-300x169.jpg\" class=\"attachment-medium size-medium wp-post-image\" alt=\"Gobierno anuncia nueva fase de protecci\u00f3n para el sector arrocero\" srcset=\"https:\/\/www.agriculturayganaderia.com\/wp-content\/uploads\/2026\/06\/17-Sector-arroz-en-ministerio-800-300x169.jpg 300w, https:\/\/www.agriculturayganaderia.com\/wp-content\/uploads\/2026\/06\/17-Sector-arroz-en-ministerio-800-768x433.jpg 768w, https:\/\/www.agriculturayganaderia.com\/wp-content\/uploads\/2026\/06\/17-Sector-arroz-en-ministerio-800.jpg 800w\" sizes=\"(max-width: 300px) 100vw, 300px\" \/>      <\/a>\n\n    \n                              <\/div>\n              <div class=\"elespare-content-wrapper\">\n                                \n    <h3 class=\"elespare-post-title\">\n      <a href=\"https:\/\/www.agriculturayganaderia.com\/?p=10972\"> <span>Gobierno anuncia nueva fase de protecci\u00f3n para el sector arrocero<\/span><\/a>\n    <\/h3>\n          <div class=\"elespare-metadata\">\n                          <span class=\"elespare-posts-full-post-author\">\n            <a href=\"https:\/\/www.agriculturayganaderia.com\/?m=2026\">\n              <i class=\"demo-icon elespare-icons-clock-regular\" aria-hidden=\"true\"><\/i>\n              junio 17, 2026\n            <\/a>\n          <\/span>\n                      <\/div>\n    <div class=\"elespare-exceprt\">\n              <a class=\"read-more-btn\" href=\"https:\/\/www.agriculturayganaderia.com\/?p=10972\">\n    Leer m\u00e1s    <span class=\"screen-reader-text\"> about Gobierno anuncia nueva fase de protecci\u00f3n para el sector arrocero<\/span>\n  <\/a>\n      <\/div>\n  \n              <\/div>\n            <\/div>\n                    <div class=\"elespare-posts-grid-post-items\">\n\n              <div class=\"elespare-img-wrapper\">\n                \n      <a href=\"https:\/\/www.agriculturayganaderia.com\/?p=10860\" aria-label=\"Fedearroz entrega once recomendaciones para enfrentar los riesgos clim\u00e1ticos ante el fen\u00f3meno de \u201cEl Ni\u00f1o\u201d\">\n        <img loading=\"lazy\" decoding=\"async\" width=\"300\" height=\"169\" src=\"https:\/\/www.agriculturayganaderia.com\/wp-content\/uploads\/2026\/02\/038-Cultivo-arroz-800-300x169.jpg\" class=\"attachment-medium size-medium wp-post-image\" alt=\"Fedearroz entrega once recomendaciones para enfrentar los riesgos clim\u00e1ticos ante el fen\u00f3meno de \u201cEl Ni\u00f1o\u201d\" srcset=\"https:\/\/www.agriculturayganaderia.com\/wp-content\/uploads\/2026\/02\/038-Cultivo-arroz-800-300x169.jpg 300w, https:\/\/www.agriculturayganaderia.com\/wp-content\/uploads\/2026\/02\/038-Cultivo-arroz-800-768x432.jpg 768w, https:\/\/www.agriculturayganaderia.com\/wp-content\/uploads\/2026\/02\/038-Cultivo-arroz-800.jpg 800w\" sizes=\"(max-width: 300px) 100vw, 300px\" \/>      <\/a>\n\n    \n                              <\/div>\n              <div class=\"elespare-content-wrapper\">\n                                \n    <h3 class=\"elespare-post-title\">\n      <a href=\"https:\/\/www.agriculturayganaderia.com\/?p=10860\"> <span>Fedearroz entrega once recomendaciones para enfrentar los riesgos clim\u00e1ticos ante el fen\u00f3meno de \u201cEl Ni\u00f1o\u201d<\/span><\/a>\n    <\/h3>\n          <div class=\"elespare-metadata\">\n                          <span class=\"elespare-posts-full-post-author\">\n            <a href=\"https:\/\/www.agriculturayganaderia.com\/?m=2026\">\n              <i class=\"demo-icon elespare-icons-clock-regular\" aria-hidden=\"true\"><\/i>\n              junio 4, 2026\n            <\/a>\n          <\/span>\n                      <\/div>\n    <div class=\"elespare-exceprt\">\n              <a class=\"read-more-btn\" href=\"https:\/\/www.agriculturayganaderia.com\/?p=10860\">\n    Leer m\u00e1s    <span class=\"screen-reader-text\"> about Fedearroz entrega once recomendaciones para enfrentar los riesgos clim\u00e1ticos ante el fen\u00f3meno de \u201cEl Ni\u00f1o\u201d<\/span>\n  <\/a>\n      <\/div>\n  \n              <\/div>\n            <\/div>\n                    <div class=\"elespare-posts-grid-post-items\">\n\n              <div class=\"elespare-img-wrapper\">\n                \n      <a href=\"https:\/\/www.agriculturayganaderia.com\/?p=10846\" aria-label=\"Declaran en riesgo la cosecha de soya y siembra de ma\u00edz en Colombia\">\n        <img loading=\"lazy\" decoding=\"async\" width=\"300\" height=\"170\" src=\"https:\/\/www.agriculturayganaderia.com\/wp-content\/uploads\/2026\/06\/03-Via-del-meta-800-300x170.jpg\" class=\"attachment-medium size-medium wp-post-image\" alt=\"Declaran en riesgo la cosecha de soya y siembra de ma\u00edz en Colombia\" srcset=\"https:\/\/www.agriculturayganaderia.com\/wp-content\/uploads\/2026\/06\/03-Via-del-meta-800-300x170.jpg 300w, https:\/\/www.agriculturayganaderia.com\/wp-content\/uploads\/2026\/06\/03-Via-del-meta-800-768x434.jpg 768w, https:\/\/www.agriculturayganaderia.com\/wp-content\/uploads\/2026\/06\/03-Via-del-meta-800.jpg 800w\" sizes=\"(max-width: 300px) 100vw, 300px\" \/>      <\/a>\n\n    \n                              <\/div>\n              <div class=\"elespare-content-wrapper\">\n                                \n    <h3 class=\"elespare-post-title\">\n      <a href=\"https:\/\/www.agriculturayganaderia.com\/?p=10846\"> <span>Declaran en riesgo la cosecha de soya y siembra de ma\u00edz en Colombia<\/span><\/a>\n    <\/h3>\n          <div class=\"elespare-metadata\">\n                          <span class=\"elespare-posts-full-post-author\">\n            <a href=\"https:\/\/www.agriculturayganaderia.com\/?m=2026\">\n              <i class=\"demo-icon elespare-icons-clock-regular\" aria-hidden=\"true\"><\/i>\n              junio 4, 2026\n            <\/a>\n          <\/span>\n                      <\/div>\n    <div class=\"elespare-exceprt\">\n              <a class=\"read-more-btn\" href=\"https:\/\/www.agriculturayganaderia.com\/?p=10846\">\n    Leer m\u00e1s    <span class=\"screen-reader-text\"> about Declaran en riesgo la cosecha de soya y siembra de ma\u00edz en Colombia<\/span>\n  <\/a>\n      <\/div>\n  \n              <\/div>\n            <\/div>\n              <\/div>\n    <\/div>\n    \t\t\t\t<\/div>\n\t\t\t\t<\/div>\n\t\t\t\t<div class=\"elementor-element elementor-element-2998618 elementor-align-left elementor-widget elementor-widget-button\" data-id=\"2998618\" data-element_type=\"widget\" data-e-type=\"widget\" data-widget_type=\"button.default\">\n\t\t\t\t<div class=\"elementor-widget-container\">\n\t\t\t\t\t\t\t\t\t<div class=\"elementor-button-wrapper\">\n\t\t\t\t\t<a class=\"elementor-button elementor-button-link elementor-size-sm elementor-animation-grow\" href=\"https:\/\/www.agriculturayganaderia.com\/?page_id=1705\">\n\t\t\t\t\t\t<span class=\"elementor-button-content-wrapper\">\n\t\t\t\t\t\t\t\t\t<span class=\"elementor-button-text\">AVICULTURA<\/span>\n\t\t\t\t\t<\/span>\n\t\t\t\t\t<\/a>\n\t\t\t\t<\/div>\n\t\t\t\t\t\t\t\t<\/div>\n\t\t\t\t<\/div>\n\t\t\t\t<div class=\"elementor-element elementor-element-01af295 elementor-grid-4 elementor-grid-tablet-2 elementor-grid-mobile-1 elespare-section-title-elespare-left elementor-widget elementor-widget-post-grid\" data-id=\"01af295\" data-element_type=\"widget\" data-e-type=\"widget\" data-settings=\"{&quot;columns&quot;:&quot;4&quot;,&quot;columns_tablet&quot;:&quot;2&quot;,&quot;columns_mobile&quot;:&quot;1&quot;}\" data-widget_type=\"post-grid.default\">\n\t\t\t\t<div class=\"elementor-widget-container\">\n\t\t\t\t\t    <div class=\"elespare-grid-wrap grid-layout has-background  elespare-has-equal-height\">\n\n      <div class=\"elespare-posts-wrap  elementor-grid grid-style-1  elespare-image-zoom elespare-light \">\n                    <div class=\"elespare-posts-grid-post-items\">\n\n              <div class=\"elespare-img-wrapper\">\n                \n      <a href=\"https:\/\/www.agriculturayganaderia.com\/?p=11622\" aria-label=\"En M\u00e9xico: Los productores de huevo atraviesan una de las peores crisis de los \u00faltimos a\u00f1os\">\n        <img loading=\"lazy\" decoding=\"async\" width=\"300\" height=\"165\" src=\"https:\/\/www.agriculturayganaderia.com\/wp-content\/uploads\/2026\/08\/24-Huevo-en-granja-800-300x165.jpg\" class=\"attachment-medium size-medium wp-post-image\" alt=\"En M\u00e9xico: Los productores de huevo atraviesan una de las peores crisis de los \u00faltimos a\u00f1os\" srcset=\"https:\/\/www.agriculturayganaderia.com\/wp-content\/uploads\/2026\/08\/24-Huevo-en-granja-800-300x165.jpg 300w, https:\/\/www.agriculturayganaderia.com\/wp-content\/uploads\/2026\/08\/24-Huevo-en-granja-800-768x423.jpg 768w, https:\/\/www.agriculturayganaderia.com\/wp-content\/uploads\/2026\/08\/24-Huevo-en-granja-800.jpg 800w\" sizes=\"(max-width: 300px) 100vw, 300px\" \/>      <\/a>\n\n    \n                              <\/div>\n              <div class=\"elespare-content-wrapper\">\n                                \n    <h3 class=\"elespare-post-title\">\n      <a href=\"https:\/\/www.agriculturayganaderia.com\/?p=11622\"> <span>En M\u00e9xico: Los productores de huevo atraviesan una de las peores crisis de los \u00faltimos a\u00f1os<\/span><\/a>\n    <\/h3>\n          <div class=\"elespare-metadata\">\n                  <span class=\"post-author\">\n            <a href=\"https:\/\/www.agriculturayganaderia.com\/?author=1\">\n                            Agricultura y Ganader\u00eda            <\/a>\n          <\/span>\n                          <span class=\"elespare-posts-full-post-author\">\n            <a href=\"https:\/\/www.agriculturayganaderia.com\/?m=2026\">\n              <i class=\"demo-icon elespare-icons-clock-regular\" aria-hidden=\"true\"><\/i>\n              agosto 24, 2026\n            <\/a>\n          <\/span>\n                      <\/div>\n\n              <\/div>\n            <\/div>\n                    <div class=\"elespare-posts-grid-post-items\">\n\n              <div class=\"elespare-img-wrapper\">\n                \n      <a href=\"https:\/\/www.agriculturayganaderia.com\/?p=9896\" aria-label=\"El ICA controla brote de influenza aviar en el Meta\">\n        <img loading=\"lazy\" decoding=\"async\" width=\"300\" height=\"169\" src=\"https:\/\/www.agriculturayganaderia.com\/wp-content\/uploads\/2026\/03\/0016-Gallinas-en-patio-800-300x169.jpg\" class=\"attachment-medium size-medium wp-post-image\" alt=\"El ICA controla brote de influenza aviar en el Meta\" srcset=\"https:\/\/www.agriculturayganaderia.com\/wp-content\/uploads\/2026\/03\/0016-Gallinas-en-patio-800-300x169.jpg 300w, https:\/\/www.agriculturayganaderia.com\/wp-content\/uploads\/2026\/03\/0016-Gallinas-en-patio-800-768x432.jpg 768w, https:\/\/www.agriculturayganaderia.com\/wp-content\/uploads\/2026\/03\/0016-Gallinas-en-patio-800.jpg 800w\" sizes=\"(max-width: 300px) 100vw, 300px\" \/>      <\/a>\n\n    \n                              <\/div>\n              <div class=\"elespare-content-wrapper\">\n                                \n    <h3 class=\"elespare-post-title\">\n      <a href=\"https:\/\/www.agriculturayganaderia.com\/?p=9896\"> <span>El ICA controla brote de influenza aviar en el Meta<\/span><\/a>\n    <\/h3>\n          <div class=\"elespare-metadata\">\n                  <span class=\"post-author\">\n            <a href=\"https:\/\/www.agriculturayganaderia.com\/?author=1\">\n                            Agricultura y Ganader\u00eda            <\/a>\n          <\/span>\n                          <span class=\"elespare-posts-full-post-author\">\n            <a href=\"https:\/\/www.agriculturayganaderia.com\/?m=2026\">\n              <i class=\"demo-icon elespare-icons-clock-regular\" aria-hidden=\"true\"><\/i>\n              marzo 10, 2026\n            <\/a>\n          <\/span>\n                      <\/div>\n\n              <\/div>\n            <\/div>\n                    <div class=\"elespare-posts-grid-post-items\">\n\n              <div class=\"elespare-img-wrapper\">\n                \n      <a href=\"https:\/\/www.agriculturayganaderia.com\/?p=9387\" aria-label=\"Minagricultura fortalece di\u00e1logo con productores av\u00edcolas de Santander\">\n        <img loading=\"lazy\" decoding=\"async\" width=\"300\" height=\"183\" src=\"https:\/\/www.agriculturayganaderia.com\/wp-content\/uploads\/2024\/08\/AVICULTURA-2-04.Pollos_crecidos-e1744843659684-300x183.jpg\" class=\"attachment-medium size-medium wp-post-image\" alt=\"Minagricultura fortalece di\u00e1logo con productores av\u00edcolas de Santander\" srcset=\"https:\/\/www.agriculturayganaderia.com\/wp-content\/uploads\/2024\/08\/AVICULTURA-2-04.Pollos_crecidos-e1744843659684-300x183.jpg 300w, https:\/\/www.agriculturayganaderia.com\/wp-content\/uploads\/2024\/08\/AVICULTURA-2-04.Pollos_crecidos-e1744843659684-768x468.jpg 768w, https:\/\/www.agriculturayganaderia.com\/wp-content\/uploads\/2024\/08\/AVICULTURA-2-04.Pollos_crecidos-e1744843659684.jpg 800w\" sizes=\"(max-width: 300px) 100vw, 300px\" \/>      <\/a>\n\n    \n                              <\/div>\n              <div class=\"elespare-content-wrapper\">\n                                \n    <h3 class=\"elespare-post-title\">\n      <a href=\"https:\/\/www.agriculturayganaderia.com\/?p=9387\"> <span>Minagricultura fortalece di\u00e1logo con productores av\u00edcolas de Santander<\/span><\/a>\n    <\/h3>\n          <div class=\"elespare-metadata\">\n                  <span class=\"post-author\">\n            <a href=\"https:\/\/www.agriculturayganaderia.com\/?author=1\">\n                            Agricultura y Ganader\u00eda            <\/a>\n          <\/span>\n                          <span class=\"elespare-posts-full-post-author\">\n            <a href=\"https:\/\/www.agriculturayganaderia.com\/?m=2026\">\n              <i class=\"demo-icon elespare-icons-clock-regular\" aria-hidden=\"true\"><\/i>\n              febrero 1, 2026\n            <\/a>\n          <\/span>\n                      <\/div>\n\n              <\/div>\n            <\/div>\n                    <div class=\"elespare-posts-grid-post-items\">\n\n              <div class=\"elespare-img-wrapper\">\n                \n      <a href=\"https:\/\/www.agriculturayganaderia.com\/?p=8793\" aria-label=\"El huevo colombiano llegar\u00e1 a Estados Unidos\">\n        <img loading=\"lazy\" decoding=\"async\" width=\"300\" height=\"170\" src=\"https:\/\/www.agriculturayganaderia.com\/wp-content\/uploads\/2025\/12\/2-Huevos-amarillos-800-300x170.jpg\" class=\"attachment-medium size-medium wp-post-image\" alt=\"El huevo colombiano llegar\u00e1 a Estados Unidos\" srcset=\"https:\/\/www.agriculturayganaderia.com\/wp-content\/uploads\/2025\/12\/2-Huevos-amarillos-800-300x170.jpg 300w, https:\/\/www.agriculturayganaderia.com\/wp-content\/uploads\/2025\/12\/2-Huevos-amarillos-800-768x436.jpg 768w, https:\/\/www.agriculturayganaderia.com\/wp-content\/uploads\/2025\/12\/2-Huevos-amarillos-800.jpg 800w\" sizes=\"(max-width: 300px) 100vw, 300px\" \/>      <\/a>\n\n    \n                              <\/div>\n              <div class=\"elespare-content-wrapper\">\n                                \n    <h3 class=\"elespare-post-title\">\n      <a href=\"https:\/\/www.agriculturayganaderia.com\/?p=8793\"> <span>El huevo colombiano llegar\u00e1 a Estados Unidos<\/span><\/a>\n    <\/h3>\n          <div class=\"elespare-metadata\">\n                  <span class=\"post-author\">\n            <a href=\"https:\/\/www.agriculturayganaderia.com\/?author=1\">\n                            Agricultura y Ganader\u00eda            <\/a>\n          <\/span>\n                          <span class=\"elespare-posts-full-post-author\">\n            <a href=\"https:\/\/www.agriculturayganaderia.com\/?m=2025\">\n              <i class=\"demo-icon elespare-icons-clock-regular\" aria-hidden=\"true\"><\/i>\n              diciembre 2, 2025\n            <\/a>\n          <\/span>\n                      <\/div>\n\n              <\/div>\n            <\/div>\n              <\/div>\n    <\/div>\n    \t\t\t\t<\/div>\n\t\t\t\t<\/div>\n\t\t\t\t<div class=\"elementor-element elementor-element-85d182a elementor-widget elementor-widget-image\" data-id=\"85d182a\" data-element_type=\"widget\" data-e-type=\"widget\" data-widget_type=\"image.default\">\n\t\t\t\t<div class=\"elementor-widget-container\">\n\t\t\t\t\t\t\t\t\t\t\t\t\t\t\t\t<a href=\"https:\/\/loscoches.com\/\" target=\"_blank\">\n\t\t\t\t\t\t\t<img loading=\"lazy\" decoding=\"async\" width=\"2500\" height=\"540\" src=\"https:\/\/www.agriculturayganaderia.com\/wp-content\/uploads\/2026\/04\/LOS-COCHES-Banner-2500-x-540.jpg\" class=\"elementor-animation-grow attachment-full size-full wp-image-10340\" alt=\"\" srcset=\"https:\/\/www.agriculturayganaderia.com\/wp-content\/uploads\/2026\/04\/LOS-COCHES-Banner-2500-x-540.jpg 2500w, https:\/\/www.agriculturayganaderia.com\/wp-content\/uploads\/2026\/04\/LOS-COCHES-Banner-2500-x-540-300x65.jpg 300w, https:\/\/www.agriculturayganaderia.com\/wp-content\/uploads\/2026\/04\/LOS-COCHES-Banner-2500-x-540-1024x221.jpg 1024w, https:\/\/www.agriculturayganaderia.com\/wp-content\/uploads\/2026\/04\/LOS-COCHES-Banner-2500-x-540-768x166.jpg 768w, https:\/\/www.agriculturayganaderia.com\/wp-content\/uploads\/2026\/04\/LOS-COCHES-Banner-2500-x-540-1536x332.jpg 1536w, https:\/\/www.agriculturayganaderia.com\/wp-content\/uploads\/2026\/04\/LOS-COCHES-Banner-2500-x-540-2048x442.jpg 2048w\" sizes=\"(max-width: 2500px) 100vw, 2500px\" \/>\t\t\t\t\t\t\t\t<\/a>\n\t\t\t\t\t\t\t\t\t\t\t\t\t\t\t<\/div>\n\t\t\t\t<\/div>\n\t\t\t\t<div class=\"elementor-element elementor-element-0884099 elementor-align-left elementor-widget elementor-widget-button\" data-id=\"0884099\" data-element_type=\"widget\" data-e-type=\"widget\" data-widget_type=\"button.default\">\n\t\t\t\t<div class=\"elementor-widget-container\">\n\t\t\t\t\t\t\t\t\t<div class=\"elementor-button-wrapper\">\n\t\t\t\t\t<a class=\"elementor-button elementor-button-link elementor-size-sm elementor-animation-grow\" href=\"https:\/\/www.agriculturayganaderia.com\/?page_id=1671\">\n\t\t\t\t\t\t<span class=\"elementor-button-content-wrapper\">\n\t\t\t\t\t\t\t\t\t<span class=\"elementor-button-text\">AMBIENTE<\/span>\n\t\t\t\t\t<\/span>\n\t\t\t\t\t<\/a>\n\t\t\t\t<\/div>\n\t\t\t\t\t\t\t\t<\/div>\n\t\t\t\t<\/div>\n\t\t\t\t<div class=\"elementor-element elementor-element-75d1349 elementor-grid-4 elementor-grid-tablet-2 elementor-grid-mobile-1 elespare-section-title-elespare-left elementor-widget elementor-widget-post-grid\" data-id=\"75d1349\" data-element_type=\"widget\" data-e-type=\"widget\" data-settings=\"{&quot;columns&quot;:&quot;4&quot;,&quot;columns_tablet&quot;:&quot;2&quot;,&quot;columns_mobile&quot;:&quot;1&quot;}\" data-widget_type=\"post-grid.default\">\n\t\t\t\t<div class=\"elementor-widget-container\">\n\t\t\t\t\t    <div class=\"elespare-grid-wrap grid-layout has-background  elespare-has-equal-height\">\n\n      <div class=\"elespare-posts-wrap  elementor-grid grid-style-1  elespare-image-zoom elespare-light \">\n                    <div class=\"elespare-posts-grid-post-items\">\n\n              <div class=\"elespare-img-wrapper\">\n                \n      <a href=\"https:\/\/www.agriculturayganaderia.com\/?p=11248\" aria-label=\"Amazon\u00eda, biodiversidad y acci\u00f3n clim\u00e1tica protagonizaron jornada de Fima 2026\">\n        <img loading=\"lazy\" decoding=\"async\" width=\"300\" height=\"171\" src=\"https:\/\/www.agriculturayganaderia.com\/wp-content\/uploads\/2026\/07\/11-FIMA-800-300x171.jpg\" class=\"attachment-medium size-medium wp-post-image\" alt=\"Amazon\u00eda, biodiversidad y acci\u00f3n clim\u00e1tica protagonizaron jornada de Fima 2026\" srcset=\"https:\/\/www.agriculturayganaderia.com\/wp-content\/uploads\/2026\/07\/11-FIMA-800-300x171.jpg 300w, https:\/\/www.agriculturayganaderia.com\/wp-content\/uploads\/2026\/07\/11-FIMA-800-768x438.jpg 768w, https:\/\/www.agriculturayganaderia.com\/wp-content\/uploads\/2026\/07\/11-FIMA-800.jpg 800w\" sizes=\"(max-width: 300px) 100vw, 300px\" \/>      <\/a>\n\n    \n                              <\/div>\n              <div class=\"elespare-content-wrapper\">\n                                \n    <h3 class=\"elespare-post-title\">\n      <a href=\"https:\/\/www.agriculturayganaderia.com\/?p=11248\"> <span>Amazon\u00eda, biodiversidad y acci\u00f3n clim\u00e1tica protagonizaron jornada de Fima 2026<\/span><\/a>\n    <\/h3>\n          <div class=\"elespare-metadata\">\n                  <span class=\"post-author\">\n            <a href=\"https:\/\/www.agriculturayganaderia.com\/?author=1\">\n                            Agricultura y Ganader\u00eda            <\/a>\n          <\/span>\n                          <span class=\"elespare-posts-full-post-author\">\n            <a href=\"https:\/\/www.agriculturayganaderia.com\/?m=2026\">\n              <i class=\"demo-icon elespare-icons-clock-regular\" aria-hidden=\"true\"><\/i>\n              julio 11, 2026\n            <\/a>\n          <\/span>\n                      <\/div>\n\n              <\/div>\n            <\/div>\n                    <div class=\"elespare-posts-grid-post-items\">\n\n              <div class=\"elespare-img-wrapper\">\n                \n      <a href=\"https:\/\/www.agriculturayganaderia.com\/?p=11084\" aria-label=\"Colibr\u00edes, las aves m\u00e1s afectadas por incendios forestales en Honda (Tolima)\">\n        <img loading=\"lazy\" decoding=\"async\" width=\"300\" height=\"171\" src=\"https:\/\/www.agriculturayganaderia.com\/wp-content\/uploads\/2026\/06\/25-Colibri-800-300x171.jpg\" class=\"attachment-medium size-medium wp-post-image\" alt=\"Colibr\u00edes, las aves m\u00e1s afectadas por incendios forestales en Honda (Tolima)\" srcset=\"https:\/\/www.agriculturayganaderia.com\/wp-content\/uploads\/2026\/06\/25-Colibri-800-300x171.jpg 300w, https:\/\/www.agriculturayganaderia.com\/wp-content\/uploads\/2026\/06\/25-Colibri-800-768x438.jpg 768w, https:\/\/www.agriculturayganaderia.com\/wp-content\/uploads\/2026\/06\/25-Colibri-800.jpg 800w\" sizes=\"(max-width: 300px) 100vw, 300px\" \/>      <\/a>\n\n    \n                              <\/div>\n              <div class=\"elespare-content-wrapper\">\n                                \n    <h3 class=\"elespare-post-title\">\n      <a href=\"https:\/\/www.agriculturayganaderia.com\/?p=11084\"> <span>Colibr\u00edes, las aves m\u00e1s afectadas por incendios forestales en Honda (Tolima)<\/span><\/a>\n    <\/h3>\n          <div class=\"elespare-metadata\">\n                  <span class=\"post-author\">\n            <a href=\"https:\/\/www.agriculturayganaderia.com\/?author=1\">\n                            Agricultura y Ganader\u00eda            <\/a>\n          <\/span>\n                          <span class=\"elespare-posts-full-post-author\">\n            <a href=\"https:\/\/www.agriculturayganaderia.com\/?m=2026\">\n              <i class=\"demo-icon elespare-icons-clock-regular\" aria-hidden=\"true\"><\/i>\n              junio 25, 2026\n            <\/a>\n          <\/span>\n                      <\/div>\n\n              <\/div>\n            <\/div>\n                    <div class=\"elespare-posts-grid-post-items\">\n\n              <div class=\"elespare-img-wrapper\">\n                \n      <a href=\"https:\/\/www.agriculturayganaderia.com\/?p=10121\" aria-label=\"Colombia intensifica ofensiva contra el tr\u00e1fico ilegal de flora y fauna silvestre\">\n        <img loading=\"lazy\" decoding=\"async\" width=\"300\" height=\"170\" src=\"https:\/\/www.agriculturayganaderia.com\/wp-content\/uploads\/2026\/03\/30-Tortuga-800-300x170.jpg\" class=\"attachment-medium size-medium wp-post-image\" alt=\"Colombia intensifica ofensiva contra el tr\u00e1fico ilegal de flora y fauna silvestre\" srcset=\"https:\/\/www.agriculturayganaderia.com\/wp-content\/uploads\/2026\/03\/30-Tortuga-800-300x170.jpg 300w, https:\/\/www.agriculturayganaderia.com\/wp-content\/uploads\/2026\/03\/30-Tortuga-800-768x434.jpg 768w, https:\/\/www.agriculturayganaderia.com\/wp-content\/uploads\/2026\/03\/30-Tortuga-800.jpg 800w\" sizes=\"(max-width: 300px) 100vw, 300px\" \/>      <\/a>\n\n    \n                              <\/div>\n              <div class=\"elespare-content-wrapper\">\n                                \n    <h3 class=\"elespare-post-title\">\n      <a href=\"https:\/\/www.agriculturayganaderia.com\/?p=10121\"> <span>Colombia intensifica ofensiva contra el tr\u00e1fico ilegal de flora y fauna silvestre<\/span><\/a>\n    <\/h3>\n          <div class=\"elespare-metadata\">\n                  <span class=\"post-author\">\n            <a href=\"https:\/\/www.agriculturayganaderia.com\/?author=1\">\n                            Agricultura y Ganader\u00eda            <\/a>\n          <\/span>\n                          <span class=\"elespare-posts-full-post-author\">\n            <a href=\"https:\/\/www.agriculturayganaderia.com\/?m=2026\">\n              <i class=\"demo-icon elespare-icons-clock-regular\" aria-hidden=\"true\"><\/i>\n              marzo 30, 2026\n            <\/a>\n          <\/span>\n                      <\/div>\n\n              <\/div>\n            <\/div>\n                    <div class=\"elespare-posts-grid-post-items\">\n\n              <div class=\"elespare-img-wrapper\">\n                \n      <a href=\"https:\/\/www.agriculturayganaderia.com\/?p=10028\" aria-label=\"Colombia avanza hacia pr\u00e1cticas agr\u00edcolas que ayudan a usar el agua de manera m\u00e1s eficiente\">\n        <img loading=\"lazy\" decoding=\"async\" width=\"300\" height=\"170\" src=\"https:\/\/www.agriculturayganaderia.com\/wp-content\/uploads\/2026\/03\/21-Cultivo-para-dia-agua-800-300x170.jpg\" class=\"attachment-medium size-medium wp-post-image\" alt=\"Colombia avanza hacia pr\u00e1cticas agr\u00edcolas que ayudan a usar el agua de manera m\u00e1s eficiente\" srcset=\"https:\/\/www.agriculturayganaderia.com\/wp-content\/uploads\/2026\/03\/21-Cultivo-para-dia-agua-800-300x170.jpg 300w, https:\/\/www.agriculturayganaderia.com\/wp-content\/uploads\/2026\/03\/21-Cultivo-para-dia-agua-800-768x434.jpg 768w, https:\/\/www.agriculturayganaderia.com\/wp-content\/uploads\/2026\/03\/21-Cultivo-para-dia-agua-800.jpg 800w\" sizes=\"(max-width: 300px) 100vw, 300px\" \/>      <\/a>\n\n    \n                              <\/div>\n              <div class=\"elespare-content-wrapper\">\n                                \n    <h3 class=\"elespare-post-title\">\n      <a href=\"https:\/\/www.agriculturayganaderia.com\/?p=10028\"> <span>Colombia avanza hacia pr\u00e1cticas agr\u00edcolas que ayudan a usar el agua de manera m\u00e1s eficiente<\/span><\/a>\n    <\/h3>\n          <div class=\"elespare-metadata\">\n                  <span class=\"post-author\">\n            <a href=\"https:\/\/www.agriculturayganaderia.com\/?author=1\">\n                            Agricultura y Ganader\u00eda            <\/a>\n          <\/span>\n                          <span class=\"elespare-posts-full-post-author\">\n            <a href=\"https:\/\/www.agriculturayganaderia.com\/?m=2026\">\n              <i class=\"demo-icon elespare-icons-clock-regular\" aria-hidden=\"true\"><\/i>\n              marzo 21, 2026\n            <\/a>\n          <\/span>\n                      <\/div>\n\n              <\/div>\n            <\/div>\n              <\/div>\n    <\/div>\n    \t\t\t\t<\/div>\n\t\t\t\t<\/div>\n\t\t\t\t<div class=\"elementor-element elementor-element-64009ff elementor-widget elementor-widget-image\" data-id=\"64009ff\" data-element_type=\"widget\" data-e-type=\"widget\" data-widget_type=\"image.default\">\n\t\t\t\t<div class=\"elementor-widget-container\">\n\t\t\t\t\t\t\t\t\t\t\t\t\t\t\t\t<a href=\"https:\/\/www.ica.gov.co\/\" target=\"_blank\">\n\t\t\t\t\t\t\t<img loading=\"lazy\" decoding=\"async\" width=\"1200\" height=\"628\" src=\"https:\/\/www.agriculturayganaderia.com\/wp-content\/uploads\/2026\/07\/ICA-AVISO-2-FN-1200-por-28.jpg\" class=\"elementor-animation-grow attachment-full size-full wp-image-11264\" alt=\"\" srcset=\"https:\/\/www.agriculturayganaderia.com\/wp-content\/uploads\/2026\/07\/ICA-AVISO-2-FN-1200-por-28.jpg 1200w, https:\/\/www.agriculturayganaderia.com\/wp-content\/uploads\/2026\/07\/ICA-AVISO-2-FN-1200-por-28-300x157.jpg 300w, https:\/\/www.agriculturayganaderia.com\/wp-content\/uploads\/2026\/07\/ICA-AVISO-2-FN-1200-por-28-1024x536.jpg 1024w, https:\/\/www.agriculturayganaderia.com\/wp-content\/uploads\/2026\/07\/ICA-AVISO-2-FN-1200-por-28-768x402.jpg 768w\" sizes=\"(max-width: 1200px) 100vw, 1200px\" \/>\t\t\t\t\t\t\t\t<\/a>\n\t\t\t\t\t\t\t\t\t\t\t\t\t\t\t<\/div>\n\t\t\t\t<\/div>\n\t\t\t\t<div class=\"elementor-element elementor-element-10cb716 elementor-align-left elementor-widget elementor-widget-button\" data-id=\"10cb716\" data-element_type=\"widget\" data-e-type=\"widget\" data-widget_type=\"button.default\">\n\t\t\t\t<div class=\"elementor-widget-container\">\n\t\t\t\t\t\t\t\t\t<div class=\"elementor-button-wrapper\">\n\t\t\t\t\t<a class=\"elementor-button elementor-button-link elementor-size-sm elementor-animation-grow\" href=\"https:\/\/www.agriculturayganaderia.com\/?page_id=1671\">\n\t\t\t\t\t\t<span class=\"elementor-button-content-wrapper\">\n\t\t\t\t\t\t\t\t\t<span class=\"elementor-button-text\">AGROINDUSTRIA<\/span>\n\t\t\t\t\t<\/span>\n\t\t\t\t\t<\/a>\n\t\t\t\t<\/div>\n\t\t\t\t\t\t\t\t<\/div>\n\t\t\t\t<\/div>\n\t\t\t\t<div class=\"elementor-element elementor-element-ad7568f elementor-grid-4 elementor-grid-tablet-2 elementor-grid-mobile-1 elespare-section-title-elespare-left elementor-widget elementor-widget-post-grid\" data-id=\"ad7568f\" data-element_type=\"widget\" data-e-type=\"widget\" data-settings=\"{&quot;columns&quot;:&quot;4&quot;,&quot;columns_tablet&quot;:&quot;2&quot;,&quot;columns_mobile&quot;:&quot;1&quot;}\" data-widget_type=\"post-grid.default\">\n\t\t\t\t<div class=\"elementor-widget-container\">\n\t\t\t\t\t    <div class=\"elespare-grid-wrap grid-layout has-background  elespare-has-equal-height\">\n\n      <div class=\"elespare-posts-wrap  elementor-grid grid-style-1  elespare-image-zoom elespare-light \">\n                    <div class=\"elespare-posts-grid-post-items\">\n\n              <div class=\"elespare-img-wrapper\">\n                \n      <a href=\"https:\/\/www.agriculturayganaderia.com\/?p=11631\" aria-label=\"Colombia hace su primer env\u00edo de sebo bovino a Estados Unidos\">\n        <img loading=\"lazy\" decoding=\"async\" width=\"300\" height=\"169\" src=\"https:\/\/www.agriculturayganaderia.com\/wp-content\/uploads\/2026\/08\/25-Sebo-bovino-800-300x169.jpg\" class=\"attachment-medium size-medium wp-post-image\" alt=\"Colombia hace su primer env\u00edo de sebo bovino a Estados Unidos\" srcset=\"https:\/\/www.agriculturayganaderia.com\/wp-content\/uploads\/2026\/08\/25-Sebo-bovino-800-300x169.jpg 300w, https:\/\/www.agriculturayganaderia.com\/wp-content\/uploads\/2026\/08\/25-Sebo-bovino-800-768x432.jpg 768w, https:\/\/www.agriculturayganaderia.com\/wp-content\/uploads\/2026\/08\/25-Sebo-bovino-800.jpg 800w\" sizes=\"(max-width: 300px) 100vw, 300px\" \/>      <\/a>\n\n    \n                              <\/div>\n              <div class=\"elespare-content-wrapper\">\n                                \n    <h3 class=\"elespare-post-title\">\n      <a href=\"https:\/\/www.agriculturayganaderia.com\/?p=11631\"> <span>Colombia hace su primer env\u00edo de sebo bovino a Estados Unidos<\/span><\/a>\n    <\/h3>\n          <div class=\"elespare-metadata\">\n                  <span class=\"post-author\">\n            <a href=\"https:\/\/www.agriculturayganaderia.com\/?author=1\">\n                            Agricultura y Ganader\u00eda            <\/a>\n          <\/span>\n                          <span class=\"elespare-posts-full-post-author\">\n            <a href=\"https:\/\/www.agriculturayganaderia.com\/?m=2026\">\n              <i class=\"demo-icon elespare-icons-clock-regular\" aria-hidden=\"true\"><\/i>\n              agosto 25, 2026\n            <\/a>\n          <\/span>\n                      <\/div>\n\n              <\/div>\n            <\/div>\n                    <div class=\"elespare-posts-grid-post-items\">\n\n              <div class=\"elespare-img-wrapper\">\n                \n      <a href=\"https:\/\/www.agriculturayganaderia.com\/?p=11082\" aria-label=\"Cumbre l\u00e1ctea panamericana en Medell\u00edn\">\n        <img loading=\"lazy\" decoding=\"async\" width=\"300\" height=\"172\" src=\"https:\/\/www.agriculturayganaderia.com\/wp-content\/uploads\/2025\/04\/0015-Asoleche-botellas-800-300x172.jpg\" class=\"attachment-medium size-medium wp-post-image\" alt=\"Cumbre l\u00e1ctea panamericana en Medell\u00edn\" srcset=\"https:\/\/www.agriculturayganaderia.com\/wp-content\/uploads\/2025\/04\/0015-Asoleche-botellas-800-300x172.jpg 300w, https:\/\/www.agriculturayganaderia.com\/wp-content\/uploads\/2025\/04\/0015-Asoleche-botellas-800-768x440.jpg 768w, https:\/\/www.agriculturayganaderia.com\/wp-content\/uploads\/2025\/04\/0015-Asoleche-botellas-800.jpg 800w\" sizes=\"(max-width: 300px) 100vw, 300px\" \/>      <\/a>\n\n    \n                              <\/div>\n              <div class=\"elespare-content-wrapper\">\n                                \n    <h3 class=\"elespare-post-title\">\n      <a href=\"https:\/\/www.agriculturayganaderia.com\/?p=11082\"> <span>Cumbre l\u00e1ctea panamericana en Medell\u00edn<\/span><\/a>\n    <\/h3>\n          <div class=\"elespare-metadata\">\n                  <span class=\"post-author\">\n            <a href=\"https:\/\/www.agriculturayganaderia.com\/?author=1\">\n                            Agricultura y Ganader\u00eda            <\/a>\n          <\/span>\n                          <span class=\"elespare-posts-full-post-author\">\n            <a href=\"https:\/\/www.agriculturayganaderia.com\/?m=2026\">\n              <i class=\"demo-icon elespare-icons-clock-regular\" aria-hidden=\"true\"><\/i>\n              junio 25, 2026\n            <\/a>\n          <\/span>\n                      <\/div>\n\n              <\/div>\n            <\/div>\n                    <div class=\"elespare-posts-grid-post-items\">\n\n              <div class=\"elespare-img-wrapper\">\n                \n      <a href=\"https:\/\/www.agriculturayganaderia.com\/?p=10987\" aria-label=\"Sector bananero: Colombia necesita m\u00e1s institucionalidad, m\u00e1s empleo y m\u00e1s confianza para producir\">\n        <img loading=\"lazy\" decoding=\"async\" width=\"300\" height=\"197\" src=\"https:\/\/www.agriculturayganaderia.com\/wp-content\/uploads\/2024\/10\/004-Banano-persona-800-300x197.jpg\" class=\"attachment-medium size-medium wp-post-image\" alt=\"Sector bananero: Colombia necesita m\u00e1s institucionalidad, m\u00e1s empleo y m\u00e1s confianza para producir\" srcset=\"https:\/\/www.agriculturayganaderia.com\/wp-content\/uploads\/2024\/10\/004-Banano-persona-800-300x197.jpg 300w, https:\/\/www.agriculturayganaderia.com\/wp-content\/uploads\/2024\/10\/004-Banano-persona-800-768x505.jpg 768w, https:\/\/www.agriculturayganaderia.com\/wp-content\/uploads\/2024\/10\/004-Banano-persona-800.jpg 800w\" sizes=\"(max-width: 300px) 100vw, 300px\" \/>      <\/a>\n\n    \n                              <\/div>\n              <div class=\"elespare-content-wrapper\">\n                                \n    <h3 class=\"elespare-post-title\">\n      <a href=\"https:\/\/www.agriculturayganaderia.com\/?p=10987\"> <span>Sector bananero: Colombia necesita m\u00e1s institucionalidad, m\u00e1s empleo y m\u00e1s confianza para producir<\/span><\/a>\n    <\/h3>\n          <div class=\"elespare-metadata\">\n                  <span class=\"post-author\">\n            <a href=\"https:\/\/www.agriculturayganaderia.com\/?author=1\">\n                            Agricultura y Ganader\u00eda            <\/a>\n          <\/span>\n                          <span class=\"elespare-posts-full-post-author\">\n            <a href=\"https:\/\/www.agriculturayganaderia.com\/?m=2026\">\n              <i class=\"demo-icon elespare-icons-clock-regular\" aria-hidden=\"true\"><\/i>\n              junio 17, 2026\n            <\/a>\n          <\/span>\n                      <\/div>\n\n              <\/div>\n            <\/div>\n                    <div class=\"elespare-posts-grid-post-items\">\n\n              <div class=\"elespare-img-wrapper\">\n                \n      <a href=\"https:\/\/www.agriculturayganaderia.com\/?p=10865\" aria-label=\"Filipinas habilita establecimientos colombianos para iniciar proceso de exportaci\u00f3n de carne bovina y porcina\">\n        <img loading=\"lazy\" decoding=\"async\" width=\"300\" height=\"173\" src=\"https:\/\/www.agriculturayganaderia.com\/wp-content\/uploads\/2026\/06\/035-frigocolanta-800-300x173.jpg\" class=\"attachment-medium size-medium wp-post-image\" alt=\"Filipinas habilita establecimientos colombianos para iniciar proceso de exportaci\u00f3n de carne bovina y porcina\" srcset=\"https:\/\/www.agriculturayganaderia.com\/wp-content\/uploads\/2026\/06\/035-frigocolanta-800-300x173.jpg 300w, https:\/\/www.agriculturayganaderia.com\/wp-content\/uploads\/2026\/06\/035-frigocolanta-800-768x443.jpg 768w, https:\/\/www.agriculturayganaderia.com\/wp-content\/uploads\/2026\/06\/035-frigocolanta-800.jpg 800w\" sizes=\"(max-width: 300px) 100vw, 300px\" \/>      <\/a>\n\n    \n                              <\/div>\n              <div class=\"elespare-content-wrapper\">\n                                \n    <h3 class=\"elespare-post-title\">\n      <a href=\"https:\/\/www.agriculturayganaderia.com\/?p=10865\"> <span>Filipinas habilita establecimientos colombianos para iniciar proceso de exportaci\u00f3n de carne bovina y porcina<\/span><\/a>\n    <\/h3>\n          <div class=\"elespare-metadata\">\n                  <span class=\"post-author\">\n            <a href=\"https:\/\/www.agriculturayganaderia.com\/?author=1\">\n                            Agricultura y Ganader\u00eda            <\/a>\n          <\/span>\n                          <span class=\"elespare-posts-full-post-author\">\n            <a href=\"https:\/\/www.agriculturayganaderia.com\/?m=2026\">\n              <i class=\"demo-icon elespare-icons-clock-regular\" aria-hidden=\"true\"><\/i>\n              junio 5, 2026\n            <\/a>\n          <\/span>\n                      <\/div>\n\n              <\/div>\n            <\/div>\n              <\/div>\n    <\/div>\n    \t\t\t\t<\/div>\n\t\t\t\t<\/div>\n\t\t\t\t<div class=\"elementor-element elementor-element-9e6276a elementor-align-left elementor-widget elementor-widget-button\" data-id=\"9e6276a\" data-element_type=\"widget\" data-e-type=\"widget\" data-widget_type=\"button.default\">\n\t\t\t\t<div class=\"elementor-widget-container\">\n\t\t\t\t\t\t\t\t\t<div class=\"elementor-button-wrapper\">\n\t\t\t\t\t<a class=\"elementor-button elementor-button-link elementor-size-sm elementor-animation-grow\" href=\"https:\/\/www.agriculturayganaderia.com\/?page_id=1710\">\n\t\t\t\t\t\t<span class=\"elementor-button-content-wrapper\">\n\t\t\t\t\t\t\t\t\t<span class=\"elementor-button-text\">ECONOM\u00cdA<\/span>\n\t\t\t\t\t<\/span>\n\t\t\t\t\t<\/a>\n\t\t\t\t<\/div>\n\t\t\t\t\t\t\t\t<\/div>\n\t\t\t\t<\/div>\n\t\t\t\t<div class=\"elementor-element elementor-element-b5afd2e elementor-grid-4 elementor-grid-tablet-2 elementor-grid-mobile-1 elespare-section-title-elespare-left elementor-widget elementor-widget-post-grid\" data-id=\"b5afd2e\" data-element_type=\"widget\" data-e-type=\"widget\" data-settings=\"{&quot;columns&quot;:&quot;4&quot;,&quot;columns_tablet&quot;:&quot;2&quot;,&quot;columns_mobile&quot;:&quot;1&quot;}\" data-widget_type=\"post-grid.default\">\n\t\t\t\t<div class=\"elementor-widget-container\">\n\t\t\t\t\t    <div class=\"elespare-grid-wrap grid-layout has-background  elespare-has-equal-height\">\n\n      <div class=\"elespare-posts-wrap  elementor-grid grid-style-1  elespare-image-zoom elespare-light \">\n                    <div class=\"elespare-posts-grid-post-items\">\n\n              <div class=\"elespare-img-wrapper\">\n                \n      <a href=\"https:\/\/www.agriculturayganaderia.com\/?p=11501\" aria-label=\"Lanzan piloto de seguro agropecuario para peque\u00f1os productores\">\n        <img loading=\"lazy\" decoding=\"async\" width=\"300\" height=\"169\" src=\"https:\/\/www.agriculturayganaderia.com\/wp-content\/uploads\/2025\/05\/22-FAO-agricultores-brasil-800-300x169.jpg\" class=\"attachment-medium size-medium wp-post-image\" alt=\"Lanzan piloto de seguro agropecuario para peque\u00f1os productores\" srcset=\"https:\/\/www.agriculturayganaderia.com\/wp-content\/uploads\/2025\/05\/22-FAO-agricultores-brasil-800-300x169.jpg 300w, https:\/\/www.agriculturayganaderia.com\/wp-content\/uploads\/2025\/05\/22-FAO-agricultores-brasil-800-768x432.jpg 768w, https:\/\/www.agriculturayganaderia.com\/wp-content\/uploads\/2025\/05\/22-FAO-agricultores-brasil-800.jpg 800w\" sizes=\"(max-width: 300px) 100vw, 300px\" \/>      <\/a>\n\n    \n                              <\/div>\n              <div class=\"elespare-content-wrapper\">\n                                \n    <h3 class=\"elespare-post-title\">\n      <a href=\"https:\/\/www.agriculturayganaderia.com\/?p=11501\"> <span>Lanzan piloto de seguro agropecuario para peque\u00f1os productores<\/span><\/a>\n    <\/h3>\n          <div class=\"elespare-metadata\">\n                  <span class=\"post-author\">\n            <a href=\"https:\/\/www.agriculturayganaderia.com\/?author=1\">\n                            Agricultura y Ganader\u00eda            <\/a>\n          <\/span>\n                          <span class=\"elespare-posts-full-post-author\">\n            <a href=\"https:\/\/www.agriculturayganaderia.com\/?m=2026\">\n              <i class=\"demo-icon elespare-icons-clock-regular\" aria-hidden=\"true\"><\/i>\n              agosto 11, 2026\n            <\/a>\n          <\/span>\n                      <\/div>\n\n              <\/div>\n            <\/div>\n                    <div class=\"elespare-posts-grid-post-items\">\n\n              <div class=\"elespare-img-wrapper\">\n                \n      <a href=\"https:\/\/www.agriculturayganaderia.com\/?p=11371\" aria-label=\"Estados Unidos endurece su pol\u00edtica comercial con aranceles a econom\u00edas mundiales\">\n        <img loading=\"lazy\" decoding=\"async\" width=\"300\" height=\"159\" src=\"https:\/\/www.agriculturayganaderia.com\/wp-content\/uploads\/2025\/04\/0001-EXPORTACIONES-800-300x159.jpg\" class=\"attachment-medium size-medium wp-post-image\" alt=\"Estados Unidos endurece su pol\u00edtica comercial con aranceles a econom\u00edas mundiales\" srcset=\"https:\/\/www.agriculturayganaderia.com\/wp-content\/uploads\/2025\/04\/0001-EXPORTACIONES-800-300x159.jpg 300w, https:\/\/www.agriculturayganaderia.com\/wp-content\/uploads\/2025\/04\/0001-EXPORTACIONES-800-768x406.jpg 768w, https:\/\/www.agriculturayganaderia.com\/wp-content\/uploads\/2025\/04\/0001-EXPORTACIONES-800-720x380.jpg 720w, https:\/\/www.agriculturayganaderia.com\/wp-content\/uploads\/2025\/04\/0001-EXPORTACIONES-800.jpg 800w\" sizes=\"(max-width: 300px) 100vw, 300px\" \/>      <\/a>\n\n    \n                              <\/div>\n              <div class=\"elespare-content-wrapper\">\n                                \n    <h3 class=\"elespare-post-title\">\n      <a href=\"https:\/\/www.agriculturayganaderia.com\/?p=11371\"> <span>Estados Unidos endurece su pol\u00edtica comercial con aranceles a econom\u00edas mundiales<\/span><\/a>\n    <\/h3>\n          <div class=\"elespare-metadata\">\n                  <span class=\"post-author\">\n            <a href=\"https:\/\/www.agriculturayganaderia.com\/?author=1\">\n                            Agricultura y Ganader\u00eda            <\/a>\n          <\/span>\n                          <span class=\"elespare-posts-full-post-author\">\n            <a href=\"https:\/\/www.agriculturayganaderia.com\/?m=2026\">\n              <i class=\"demo-icon elespare-icons-clock-regular\" aria-hidden=\"true\"><\/i>\n              julio 24, 2026\n            <\/a>\n          <\/span>\n                      <\/div>\n\n              <\/div>\n            <\/div>\n                    <div class=\"elespare-posts-grid-post-items\">\n\n              <div class=\"elespare-img-wrapper\">\n                \n      <a href=\"https:\/\/www.agriculturayganaderia.com\/?p=11150\" aria-label=\"Agroexportadores advierten que la revaluaci\u00f3n del peso pone en riesgo la base productiva de Colombia\">\n        <img loading=\"lazy\" decoding=\"async\" width=\"300\" height=\"172\" src=\"https:\/\/www.agriculturayganaderia.com\/wp-content\/uploads\/2025\/09\/14-Trabajador-palma-800-300x172.jpg\" class=\"attachment-medium size-medium wp-post-image\" alt=\"Agroexportadores advierten que la revaluaci\u00f3n del peso pone en riesgo la base productiva de Colombia\" srcset=\"https:\/\/www.agriculturayganaderia.com\/wp-content\/uploads\/2025\/09\/14-Trabajador-palma-800-300x172.jpg 300w, https:\/\/www.agriculturayganaderia.com\/wp-content\/uploads\/2025\/09\/14-Trabajador-palma-800-768x441.jpg 768w, https:\/\/www.agriculturayganaderia.com\/wp-content\/uploads\/2025\/09\/14-Trabajador-palma-800.jpg 800w\" sizes=\"(max-width: 300px) 100vw, 300px\" \/>      <\/a>\n\n    \n                              <\/div>\n              <div class=\"elespare-content-wrapper\">\n                                \n    <h3 class=\"elespare-post-title\">\n      <a href=\"https:\/\/www.agriculturayganaderia.com\/?p=11150\"> <span>Agroexportadores advierten que la revaluaci\u00f3n del peso pone en riesgo la base productiva de Colombia<\/span><\/a>\n    <\/h3>\n          <div class=\"elespare-metadata\">\n                  <span class=\"post-author\">\n            <a href=\"https:\/\/www.agriculturayganaderia.com\/?author=1\">\n                            Agricultura y Ganader\u00eda            <\/a>\n          <\/span>\n                          <span class=\"elespare-posts-full-post-author\">\n            <a href=\"https:\/\/www.agriculturayganaderia.com\/?m=2026\">\n              <i class=\"demo-icon elespare-icons-clock-regular\" aria-hidden=\"true\"><\/i>\n              julio 1, 2026\n            <\/a>\n          <\/span>\n                      <\/div>\n\n              <\/div>\n            <\/div>\n                    <div class=\"elespare-posts-grid-post-items\">\n\n              <div class=\"elespare-img-wrapper\">\n                \n      <a href=\"https:\/\/www.agriculturayganaderia.com\/?p=10822\" aria-label=\"Habilitan millonarios recursos para adquirir seguro agropecuario\">\n        <img loading=\"lazy\" decoding=\"async\" width=\"300\" height=\"162\" src=\"https:\/\/www.agriculturayganaderia.com\/wp-content\/uploads\/2026\/06\/01-Sistema-de-riego-800-300x162.jpg\" class=\"attachment-medium size-medium wp-post-image\" alt=\"Habilitan millonarios recursos para adquirir seguro agropecuario\" srcset=\"https:\/\/www.agriculturayganaderia.com\/wp-content\/uploads\/2026\/06\/01-Sistema-de-riego-800-300x162.jpg 300w, https:\/\/www.agriculturayganaderia.com\/wp-content\/uploads\/2026\/06\/01-Sistema-de-riego-800-768x416.jpg 768w, https:\/\/www.agriculturayganaderia.com\/wp-content\/uploads\/2026\/06\/01-Sistema-de-riego-800.jpg 800w\" sizes=\"(max-width: 300px) 100vw, 300px\" \/>      <\/a>\n\n    \n                              <\/div>\n              <div class=\"elespare-content-wrapper\">\n                                \n    <h3 class=\"elespare-post-title\">\n      <a href=\"https:\/\/www.agriculturayganaderia.com\/?p=10822\"> <span>Habilitan millonarios recursos para adquirir seguro agropecuario<\/span><\/a>\n    <\/h3>\n          <div class=\"elespare-metadata\">\n                  <span class=\"post-author\">\n            <a href=\"https:\/\/www.agriculturayganaderia.com\/?author=1\">\n                            Agricultura y Ganader\u00eda            <\/a>\n          <\/span>\n                          <span class=\"elespare-posts-full-post-author\">\n            <a href=\"https:\/\/www.agriculturayganaderia.com\/?m=2026\">\n              <i class=\"demo-icon elespare-icons-clock-regular\" aria-hidden=\"true\"><\/i>\n              junio 2, 2026\n            <\/a>\n          <\/span>\n                      <\/div>\n\n              <\/div>\n            <\/div>\n              <\/div>\n    <\/div>\n    \t\t\t\t<\/div>\n\t\t\t\t<\/div>\n\t\t\t\t<div class=\"elementor-element elementor-element-8fdd46a elementor-widget elementor-widget-image\" data-id=\"8fdd46a\" data-element_type=\"widget\" data-e-type=\"widget\" data-widget_type=\"image.default\">\n\t\t\t\t<div class=\"elementor-widget-container\">\n\t\t\t\t\t\t\t\t\t\t\t\t\t\t\t\t<a href=\"https:\/\/www.ica.gov.co\/\" target=\"_blank\">\n\t\t\t\t\t\t\t<img loading=\"lazy\" decoding=\"async\" width=\"1199\" height=\"552\" src=\"https:\/\/www.agriculturayganaderia.com\/wp-content\/uploads\/2026\/05\/3-AVISO-ICA-HORI-Sabado-23-de-mayo-de-2026.jpg\" class=\"elementor-animation-grow attachment-full size-full wp-image-10752\" alt=\"\" srcset=\"https:\/\/www.agriculturayganaderia.com\/wp-content\/uploads\/2026\/05\/3-AVISO-ICA-HORI-Sabado-23-de-mayo-de-2026.jpg 1199w, https:\/\/www.agriculturayganaderia.com\/wp-content\/uploads\/2026\/05\/3-AVISO-ICA-HORI-Sabado-23-de-mayo-de-2026-300x138.jpg 300w, https:\/\/www.agriculturayganaderia.com\/wp-content\/uploads\/2026\/05\/3-AVISO-ICA-HORI-Sabado-23-de-mayo-de-2026-1024x471.jpg 1024w, https:\/\/www.agriculturayganaderia.com\/wp-content\/uploads\/2026\/05\/3-AVISO-ICA-HORI-Sabado-23-de-mayo-de-2026-768x354.jpg 768w\" sizes=\"(max-width: 1199px) 100vw, 1199px\" \/>\t\t\t\t\t\t\t\t<\/a>\n\t\t\t\t\t\t\t\t\t\t\t\t\t\t\t<\/div>\n\t\t\t\t<\/div>\n\t\t\t\t<div class=\"elementor-element elementor-element-6001e6a elementor-align-left elementor-widget elementor-widget-button\" data-id=\"6001e6a\" data-element_type=\"widget\" data-e-type=\"widget\" data-widget_type=\"button.default\">\n\t\t\t\t<div class=\"elementor-widget-container\">\n\t\t\t\t\t\t\t\t\t<div class=\"elementor-button-wrapper\">\n\t\t\t\t\t<a class=\"elementor-button elementor-button-link elementor-size-sm elementor-animation-grow\" href=\"https:\/\/www.agriculturayganaderia.com\/?page_id=1715\">\n\t\t\t\t\t\t<span class=\"elementor-button-content-wrapper\">\n\t\t\t\t\t\t\t\t\t<span class=\"elementor-button-text\">EMPRESARIAL<\/span>\n\t\t\t\t\t<\/span>\n\t\t\t\t\t<\/a>\n\t\t\t\t<\/div>\n\t\t\t\t\t\t\t\t<\/div>\n\t\t\t\t<\/div>\n\t\t\t\t<div class=\"elementor-element elementor-element-1441f28 elementor-grid-4 elementor-grid-tablet-2 elementor-grid-mobile-1 elespare-section-title-elespare-left elementor-widget elementor-widget-post-grid\" data-id=\"1441f28\" data-element_type=\"widget\" data-e-type=\"widget\" data-settings=\"{&quot;columns&quot;:&quot;4&quot;,&quot;columns_tablet&quot;:&quot;2&quot;,&quot;columns_mobile&quot;:&quot;1&quot;}\" data-widget_type=\"post-grid.default\">\n\t\t\t\t<div class=\"elementor-widget-container\">\n\t\t\t\t\t    <div class=\"elespare-grid-wrap grid-layout has-background  elespare-has-equal-height\">\n\n      <div class=\"elespare-posts-wrap  elementor-grid grid-style-1  elespare-image-zoom elespare-light \">\n                    <div class=\"elespare-posts-grid-post-items\">\n\n              <div class=\"elespare-img-wrapper\">\n                \n      <a href=\"https:\/\/www.agriculturayganaderia.com\/?p=10967\" aria-label=\"Alimentec cerr\u00f3 con una expectativa comercial de 16 millones de d\u00f3lares\">\n        <img loading=\"lazy\" decoding=\"async\" width=\"300\" height=\"169\" src=\"https:\/\/www.agriculturayganaderia.com\/wp-content\/uploads\/2026\/06\/16-Alimentec-2026-800-300x169.jpg\" class=\"attachment-medium size-medium wp-post-image\" alt=\"Alimentec cerr\u00f3 con una expectativa comercial de 16 millones de d\u00f3lares\" srcset=\"https:\/\/www.agriculturayganaderia.com\/wp-content\/uploads\/2026\/06\/16-Alimentec-2026-800-300x169.jpg 300w, https:\/\/www.agriculturayganaderia.com\/wp-content\/uploads\/2026\/06\/16-Alimentec-2026-800-768x432.jpg 768w, https:\/\/www.agriculturayganaderia.com\/wp-content\/uploads\/2026\/06\/16-Alimentec-2026-800.jpg 800w\" sizes=\"(max-width: 300px) 100vw, 300px\" \/>      <\/a>\n\n    \n                              <\/div>\n              <div class=\"elespare-content-wrapper\">\n                                \n    <h3 class=\"elespare-post-title\">\n      <a href=\"https:\/\/www.agriculturayganaderia.com\/?p=10967\"> <span>Alimentec cerr\u00f3 con una expectativa comercial de 16 millones de d\u00f3lares<\/span><\/a>\n    <\/h3>\n          <div class=\"elespare-metadata\">\n                  <span class=\"post-author\">\n            <a href=\"https:\/\/www.agriculturayganaderia.com\/?author=1\">\n                            Agricultura y Ganader\u00eda            <\/a>\n          <\/span>\n                          <span class=\"elespare-posts-full-post-author\">\n            <a href=\"https:\/\/www.agriculturayganaderia.com\/?m=2026\">\n              <i class=\"demo-icon elespare-icons-clock-regular\" aria-hidden=\"true\"><\/i>\n              junio 16, 2026\n            <\/a>\n          <\/span>\n                      <\/div>\n    <div class=\"elespare-exceprt\">\n              <a class=\"read-more-btn\" href=\"https:\/\/www.agriculturayganaderia.com\/?p=10967\">\n    Leer m\u00e1s    <span class=\"screen-reader-text\"> about Alimentec cerr\u00f3 con una expectativa comercial de 16 millones de d\u00f3lares<\/span>\n  <\/a>\n      <\/div>\n  \n              <\/div>\n            <\/div>\n                    <div class=\"elespare-posts-grid-post-items\">\n\n              <div class=\"elespare-img-wrapper\">\n                \n      <a href=\"https:\/\/www.agriculturayganaderia.com\/?p=10668\" aria-label=\"BMC report\u00f3 aumento en ingresos al cierre del primer trimestre de 2026\">\n        <img loading=\"lazy\" decoding=\"async\" width=\"300\" height=\"171\" src=\"https:\/\/www.agriculturayganaderia.com\/wp-content\/uploads\/2026\/05\/14-BOLSA-MERCANTIL-800-300x171.jpg\" class=\"attachment-medium size-medium wp-post-image\" alt=\"BMC report\u00f3 aumento en ingresos al cierre del primer trimestre de 2026\" srcset=\"https:\/\/www.agriculturayganaderia.com\/wp-content\/uploads\/2026\/05\/14-BOLSA-MERCANTIL-800-300x171.jpg 300w, https:\/\/www.agriculturayganaderia.com\/wp-content\/uploads\/2026\/05\/14-BOLSA-MERCANTIL-800-768x438.jpg 768w, https:\/\/www.agriculturayganaderia.com\/wp-content\/uploads\/2026\/05\/14-BOLSA-MERCANTIL-800.jpg 799w\" sizes=\"(max-width: 300px) 100vw, 300px\" \/>      <\/a>\n\n    \n                              <\/div>\n              <div class=\"elespare-content-wrapper\">\n                                \n    <h3 class=\"elespare-post-title\">\n      <a href=\"https:\/\/www.agriculturayganaderia.com\/?p=10668\"> <span>BMC report\u00f3 aumento en ingresos al cierre del primer trimestre de 2026<\/span><\/a>\n    <\/h3>\n          <div class=\"elespare-metadata\">\n                  <span class=\"post-author\">\n            <a href=\"https:\/\/www.agriculturayganaderia.com\/?author=1\">\n                            Agricultura y Ganader\u00eda            <\/a>\n          <\/span>\n                          <span class=\"elespare-posts-full-post-author\">\n            <a href=\"https:\/\/www.agriculturayganaderia.com\/?m=2026\">\n              <i class=\"demo-icon elespare-icons-clock-regular\" aria-hidden=\"true\"><\/i>\n              mayo 15, 2026\n            <\/a>\n          <\/span>\n                      <\/div>\n    <div class=\"elespare-exceprt\">\n              <a class=\"read-more-btn\" href=\"https:\/\/www.agriculturayganaderia.com\/?p=10668\">\n    Leer m\u00e1s    <span class=\"screen-reader-text\"> about BMC report\u00f3 aumento en ingresos al cierre del primer trimestre de 2026<\/span>\n  <\/a>\n      <\/div>\n  \n              <\/div>\n            <\/div>\n                    <div class=\"elespare-posts-grid-post-items\">\n\n              <div class=\"elespare-img-wrapper\">\n                \n      <a href=\"https:\/\/www.agriculturayganaderia.com\/?p=9535\" aria-label=\"ALERTA: Hidiazuron 50% WP, de la empresa Cibochem, no cuenta con registro vigente en Colombia\">\n        <img loading=\"lazy\" decoding=\"async\" width=\"300\" height=\"171\" src=\"https:\/\/www.agriculturayganaderia.com\/wp-content\/uploads\/2026\/02\/12-Laboratorio-quimico-800-300x171.jpg\" class=\"attachment-medium size-medium wp-post-image\" alt=\"ALERTA: Hidiazuron 50% WP, de la empresa Cibochem, no cuenta con registro vigente en Colombia\" srcset=\"https:\/\/www.agriculturayganaderia.com\/wp-content\/uploads\/2026\/02\/12-Laboratorio-quimico-800-300x171.jpg 300w, https:\/\/www.agriculturayganaderia.com\/wp-content\/uploads\/2026\/02\/12-Laboratorio-quimico-800-768x438.jpg 768w, https:\/\/www.agriculturayganaderia.com\/wp-content\/uploads\/2026\/02\/12-Laboratorio-quimico-800.jpg 800w\" sizes=\"(max-width: 300px) 100vw, 300px\" \/>      <\/a>\n\n    \n                              <\/div>\n              <div class=\"elespare-content-wrapper\">\n                                \n    <h3 class=\"elespare-post-title\">\n      <a href=\"https:\/\/www.agriculturayganaderia.com\/?p=9535\"> <span>ALERTA: Hidiazuron 50% WP, de la empresa Cibochem, no cuenta con registro vigente en Colombia<\/span><\/a>\n    <\/h3>\n          <div class=\"elespare-metadata\">\n                  <span class=\"post-author\">\n            <a href=\"https:\/\/www.agriculturayganaderia.com\/?author=1\">\n                            Agricultura y Ganader\u00eda            <\/a>\n          <\/span>\n                          <span class=\"elespare-posts-full-post-author\">\n            <a href=\"https:\/\/www.agriculturayganaderia.com\/?m=2026\">\n              <i class=\"demo-icon elespare-icons-clock-regular\" aria-hidden=\"true\"><\/i>\n              febrero 12, 2026\n            <\/a>\n          <\/span>\n                      <\/div>\n    <div class=\"elespare-exceprt\">\n              <a class=\"read-more-btn\" href=\"https:\/\/www.agriculturayganaderia.com\/?p=9535\">\n    Leer m\u00e1s    <span class=\"screen-reader-text\"> about ALERTA: Hidiazuron 50% WP, de la empresa Cibochem, no cuenta con registro vigente en Colombia<\/span>\n  <\/a>\n      <\/div>\n  \n              <\/div>\n            <\/div>\n                    <div class=\"elespare-posts-grid-post-items\">\n\n              <div class=\"elespare-img-wrapper\">\n                \n      <a href=\"https:\/\/www.agriculturayganaderia.com\/?p=9372\" aria-label=\"Davivienda anuncia que \u00c1ngela Marcela Ram\u00edrez Olaya ser\u00e1 la nueva CEO de DaviPlata\">\n        <img loading=\"lazy\" decoding=\"async\" width=\"300\" height=\"168\" src=\"https:\/\/www.agriculturayganaderia.com\/wp-content\/uploads\/2026\/01\/30-Daviplata-Angela-800-300x168.jpg\" class=\"attachment-medium size-medium wp-post-image\" alt=\"Davivienda anuncia que \u00c1ngela Marcela Ram\u00edrez Olaya ser\u00e1 la nueva CEO de DaviPlata\" srcset=\"https:\/\/www.agriculturayganaderia.com\/wp-content\/uploads\/2026\/01\/30-Daviplata-Angela-800-300x168.jpg 300w, https:\/\/www.agriculturayganaderia.com\/wp-content\/uploads\/2026\/01\/30-Daviplata-Angela-800-768x431.jpg 768w, https:\/\/www.agriculturayganaderia.com\/wp-content\/uploads\/2026\/01\/30-Daviplata-Angela-800.jpg 800w\" sizes=\"(max-width: 300px) 100vw, 300px\" \/>      <\/a>\n\n    \n                              <\/div>\n              <div class=\"elespare-content-wrapper\">\n                                \n    <h3 class=\"elespare-post-title\">\n      <a href=\"https:\/\/www.agriculturayganaderia.com\/?p=9372\"> <span>Davivienda anuncia que \u00c1ngela Marcela Ram\u00edrez Olaya ser\u00e1 la nueva CEO de DaviPlata<\/span><\/a>\n    <\/h3>\n          <div class=\"elespare-metadata\">\n                  <span class=\"post-author\">\n            <a href=\"https:\/\/www.agriculturayganaderia.com\/?author=1\">\n                            Agricultura y Ganader\u00eda            <\/a>\n          <\/span>\n                          <span class=\"elespare-posts-full-post-author\">\n            <a href=\"https:\/\/www.agriculturayganaderia.com\/?m=2026\">\n              <i class=\"demo-icon elespare-icons-clock-regular\" aria-hidden=\"true\"><\/i>\n              enero 30, 2026\n            <\/a>\n          <\/span>\n                      <\/div>\n    <div class=\"elespare-exceprt\">\n              <a class=\"read-more-btn\" href=\"https:\/\/www.agriculturayganaderia.com\/?p=9372\">\n    Leer m\u00e1s    <span class=\"screen-reader-text\"> about Davivienda anuncia que \u00c1ngela Marcela Ram\u00edrez Olaya ser\u00e1 la nueva CEO de DaviPlata<\/span>\n  <\/a>\n      <\/div>\n  \n              <\/div>\n            <\/div>\n              <\/div>\n    <\/div>\n    \t\t\t\t<\/div>\n\t\t\t\t<\/div>\n\t\t\t\t<div class=\"elementor-element elementor-element-c4bc2a4 elementor-align-left elementor-widget elementor-widget-button\" data-id=\"c4bc2a4\" data-element_type=\"widget\" data-e-type=\"widget\" data-widget_type=\"button.default\">\n\t\t\t\t<div class=\"elementor-widget-container\">\n\t\t\t\t\t\t\t\t\t<div class=\"elementor-button-wrapper\">\n\t\t\t\t\t<a class=\"elementor-button elementor-button-link elementor-size-sm elementor-animation-grow\" href=\"https:\/\/www.agriculturayganaderia.com\/?page_id=1720\">\n\t\t\t\t\t\t<span class=\"elementor-button-content-wrapper\">\n\t\t\t\t\t\t\t\t\t<span class=\"elementor-button-text\">GANADER\u00cdA<\/span>\n\t\t\t\t\t<\/span>\n\t\t\t\t\t<\/a>\n\t\t\t\t<\/div>\n\t\t\t\t\t\t\t\t<\/div>\n\t\t\t\t<\/div>\n\t\t\t\t<div class=\"elementor-element elementor-element-59c6306 elementor-grid-4 elementor-grid-tablet-2 elementor-grid-mobile-1 elespare-section-title-elespare-left elementor-widget elementor-widget-post-grid\" data-id=\"59c6306\" data-element_type=\"widget\" data-e-type=\"widget\" data-settings=\"{&quot;columns&quot;:&quot;4&quot;,&quot;columns_tablet&quot;:&quot;2&quot;,&quot;columns_mobile&quot;:&quot;1&quot;}\" data-widget_type=\"post-grid.default\">\n\t\t\t\t<div class=\"elementor-widget-container\">\n\t\t\t\t\t    <div class=\"elespare-grid-wrap grid-layout has-background  elespare-has-equal-height\">\n\n      <div class=\"elespare-posts-wrap  elementor-grid grid-style-1  elespare-image-zoom elespare-light \">\n                    <div class=\"elespare-posts-grid-post-items\">\n\n              <div class=\"elespare-img-wrapper\">\n                \n      <a href=\"https:\/\/www.agriculturayganaderia.com\/?p=11670\" aria-label=\"Trump autoriz\u00f3 la importaci\u00f3n adicional de 300.000 toneladas de carne y Colombia no puede perder esta oportunidad: Lafaurie\">\n        <img loading=\"lazy\" decoding=\"async\" width=\"300\" height=\"173\" src=\"https:\/\/www.agriculturayganaderia.com\/wp-content\/uploads\/2026\/08\/29-Jose-Feliz-Lafaurie-800-300x173.jpg\" class=\"attachment-medium size-medium wp-post-image\" alt=\"Trump autoriz\u00f3 la importaci\u00f3n adicional de 300.000 toneladas de carne y Colombia no puede perder esta oportunidad: Lafaurie\" srcset=\"https:\/\/www.agriculturayganaderia.com\/wp-content\/uploads\/2026\/08\/29-Jose-Feliz-Lafaurie-800-300x173.jpg 300w, https:\/\/www.agriculturayganaderia.com\/wp-content\/uploads\/2026\/08\/29-Jose-Feliz-Lafaurie-800-768x442.jpg 768w, https:\/\/www.agriculturayganaderia.com\/wp-content\/uploads\/2026\/08\/29-Jose-Feliz-Lafaurie-800.jpg 800w\" sizes=\"(max-width: 300px) 100vw, 300px\" \/>      <\/a>\n\n    \n                              <\/div>\n              <div class=\"elespare-content-wrapper\">\n                                \n    <h3 class=\"elespare-post-title\">\n      <a href=\"https:\/\/www.agriculturayganaderia.com\/?p=11670\"> <span>Trump autoriz\u00f3 la importaci\u00f3n adicional de 300.000 toneladas de carne y Colombia no puede perder esta oportunidad: Lafaurie<\/span><\/a>\n    <\/h3>\n          <div class=\"elespare-metadata\">\n                  <span class=\"post-author\">\n            <a href=\"https:\/\/www.agriculturayganaderia.com\/?author=1\">\n                            Agricultura y Ganader\u00eda            <\/a>\n          <\/span>\n                          <span class=\"elespare-posts-full-post-author\">\n            <a href=\"https:\/\/www.agriculturayganaderia.com\/?m=2026\">\n              <i class=\"demo-icon elespare-icons-clock-regular\" aria-hidden=\"true\"><\/i>\n              agosto 29, 2026\n            <\/a>\n          <\/span>\n                      <\/div>\n    <div class=\"elespare-exceprt\">\n              <a class=\"read-more-btn\" href=\"https:\/\/www.agriculturayganaderia.com\/?p=11670\">\n    Leer m\u00e1s    <span class=\"screen-reader-text\"> about Trump autoriz\u00f3 la importaci\u00f3n adicional de 300.000 toneladas de carne y Colombia no puede perder esta oportunidad: Lafaurie<\/span>\n  <\/a>\n      <\/div>\n  \n              <\/div>\n            <\/div>\n                    <div class=\"elespare-posts-grid-post-items\">\n\n              <div class=\"elespare-img-wrapper\">\n                \n      <a href=\"https:\/\/www.agriculturayganaderia.com\/?p=11647\" aria-label=\"Fedeg\u00e1n pide al gobierno un plan de choque por fen\u00f3menos clim\u00e1ticos\">\n        <img loading=\"lazy\" decoding=\"async\" width=\"300\" height=\"171\" src=\"https:\/\/www.agriculturayganaderia.com\/wp-content\/uploads\/2026\/08\/26-LAFAURIE-Y-MINISTRO-AGRO-800-300x171.jpg\" class=\"attachment-medium size-medium wp-post-image\" alt=\"Fedeg\u00e1n pide al gobierno un plan de choque por fen\u00f3menos clim\u00e1ticos\" srcset=\"https:\/\/www.agriculturayganaderia.com\/wp-content\/uploads\/2026\/08\/26-LAFAURIE-Y-MINISTRO-AGRO-800-300x171.jpg 300w, https:\/\/www.agriculturayganaderia.com\/wp-content\/uploads\/2026\/08\/26-LAFAURIE-Y-MINISTRO-AGRO-800-768x437.jpg 768w, https:\/\/www.agriculturayganaderia.com\/wp-content\/uploads\/2026\/08\/26-LAFAURIE-Y-MINISTRO-AGRO-800.jpg 800w\" sizes=\"(max-width: 300px) 100vw, 300px\" \/>      <\/a>\n\n    \n                              <\/div>\n              <div class=\"elespare-content-wrapper\">\n                                \n    <h3 class=\"elespare-post-title\">\n      <a href=\"https:\/\/www.agriculturayganaderia.com\/?p=11647\"> <span>Fedeg\u00e1n pide al gobierno un plan de choque por fen\u00f3menos clim\u00e1ticos<\/span><\/a>\n    <\/h3>\n          <div class=\"elespare-metadata\">\n                  <span class=\"post-author\">\n            <a href=\"https:\/\/www.agriculturayganaderia.com\/?author=1\">\n                            Agricultura y Ganader\u00eda            <\/a>\n          <\/span>\n                          <span class=\"elespare-posts-full-post-author\">\n            <a href=\"https:\/\/www.agriculturayganaderia.com\/?m=2026\">\n              <i class=\"demo-icon elespare-icons-clock-regular\" aria-hidden=\"true\"><\/i>\n              agosto 27, 2026\n            <\/a>\n          <\/span>\n                      <\/div>\n    <div class=\"elespare-exceprt\">\n              <a class=\"read-more-btn\" href=\"https:\/\/www.agriculturayganaderia.com\/?p=11647\">\n    Leer m\u00e1s    <span class=\"screen-reader-text\"> about Fedeg\u00e1n pide al gobierno un plan de choque por fen\u00f3menos clim\u00e1ticos<\/span>\n  <\/a>\n      <\/div>\n  \n              <\/div>\n            <\/div>\n                    <div class=\"elespare-posts-grid-post-items\">\n\n              <div class=\"elespare-img-wrapper\">\n                \n      <a href=\"https:\/\/www.agriculturayganaderia.com\/?p=11594\" aria-label=\"El Ni\u00f1o deja p\u00e9rdidas millonarias al sector ganadero\">\n        <img loading=\"lazy\" decoding=\"async\" width=\"300\" height=\"170\" src=\"https:\/\/www.agriculturayganaderia.com\/wp-content\/uploads\/2026\/08\/20-Fedegan-El-Nino-3-800-300x170.jpg\" class=\"attachment-medium size-medium wp-post-image\" alt=\"El Ni\u00f1o deja p\u00e9rdidas millonarias al sector ganadero\" srcset=\"https:\/\/www.agriculturayganaderia.com\/wp-content\/uploads\/2026\/08\/20-Fedegan-El-Nino-3-800-300x170.jpg 300w, https:\/\/www.agriculturayganaderia.com\/wp-content\/uploads\/2026\/08\/20-Fedegan-El-Nino-3-800-768x434.jpg 768w, https:\/\/www.agriculturayganaderia.com\/wp-content\/uploads\/2026\/08\/20-Fedegan-El-Nino-3-800.jpg 800w\" sizes=\"(max-width: 300px) 100vw, 300px\" \/>      <\/a>\n\n    \n                              <\/div>\n              <div class=\"elespare-content-wrapper\">\n                                \n    <h3 class=\"elespare-post-title\">\n      <a href=\"https:\/\/www.agriculturayganaderia.com\/?p=11594\"> <span>El Ni\u00f1o deja p\u00e9rdidas millonarias al sector ganadero<\/span><\/a>\n    <\/h3>\n          <div class=\"elespare-metadata\">\n                  <span class=\"post-author\">\n            <a href=\"https:\/\/www.agriculturayganaderia.com\/?author=1\">\n                            Agricultura y Ganader\u00eda            <\/a>\n          <\/span>\n                          <span class=\"elespare-posts-full-post-author\">\n            <a href=\"https:\/\/www.agriculturayganaderia.com\/?m=2026\">\n              <i class=\"demo-icon elespare-icons-clock-regular\" aria-hidden=\"true\"><\/i>\n              agosto 21, 2026\n            <\/a>\n          <\/span>\n                      <\/div>\n    <div class=\"elespare-exceprt\">\n              <a class=\"read-more-btn\" href=\"https:\/\/www.agriculturayganaderia.com\/?p=11594\">\n    Leer m\u00e1s    <span class=\"screen-reader-text\"> about El Ni\u00f1o deja p\u00e9rdidas millonarias al sector ganadero<\/span>\n  <\/a>\n      <\/div>\n  \n              <\/div>\n            <\/div>\n                    <div class=\"elespare-posts-grid-post-items\">\n\n              <div class=\"elespare-img-wrapper\">\n                \n      <a href=\"https:\/\/www.agriculturayganaderia.com\/?p=11587\" aria-label=\"Baja sacrificio de bovinos y sube el sacrificio de porcinos\">\n        <img loading=\"lazy\" decoding=\"async\" width=\"300\" height=\"173\" src=\"https:\/\/www.agriculturayganaderia.com\/wp-content\/uploads\/2026\/08\/035-frigocolanta-800-300x173.jpg\" class=\"attachment-medium size-medium wp-post-image\" alt=\"Baja sacrificio de bovinos y sube el sacrificio de porcinos\" srcset=\"https:\/\/www.agriculturayganaderia.com\/wp-content\/uploads\/2026\/08\/035-frigocolanta-800-300x173.jpg 300w, https:\/\/www.agriculturayganaderia.com\/wp-content\/uploads\/2026\/08\/035-frigocolanta-800-768x443.jpg 768w, https:\/\/www.agriculturayganaderia.com\/wp-content\/uploads\/2026\/08\/035-frigocolanta-800.jpg 800w\" sizes=\"(max-width: 300px) 100vw, 300px\" \/>      <\/a>\n\n    \n                              <\/div>\n              <div class=\"elespare-content-wrapper\">\n                                \n    <h3 class=\"elespare-post-title\">\n      <a href=\"https:\/\/www.agriculturayganaderia.com\/?p=11587\"> <span>Baja sacrificio de bovinos y sube el sacrificio de porcinos<\/span><\/a>\n    <\/h3>\n          <div class=\"elespare-metadata\">\n                  <span class=\"post-author\">\n            <a href=\"https:\/\/www.agriculturayganaderia.com\/?author=1\">\n                            Agricultura y Ganader\u00eda            <\/a>\n          <\/span>\n                          <span class=\"elespare-posts-full-post-author\">\n            <a href=\"https:\/\/www.agriculturayganaderia.com\/?m=2026\">\n              <i class=\"demo-icon elespare-icons-clock-regular\" aria-hidden=\"true\"><\/i>\n              agosto 20, 2026\n            <\/a>\n          <\/span>\n                      <\/div>\n    <div class=\"elespare-exceprt\">\n              <a class=\"read-more-btn\" href=\"https:\/\/www.agriculturayganaderia.com\/?p=11587\">\n    Leer m\u00e1s    <span class=\"screen-reader-text\"> about Baja sacrificio de bovinos y sube el sacrificio de porcinos<\/span>\n  <\/a>\n      <\/div>\n  \n              <\/div>\n            <\/div>\n              <\/div>\n    <\/div>\n    \t\t\t\t<\/div>\n\t\t\t\t<\/div>\n\t\t\t\t<div class=\"elementor-element elementor-element-9e620e2 elementor-align-left elementor-widget elementor-widget-button\" data-id=\"9e620e2\" data-element_type=\"widget\" data-e-type=\"widget\" data-widget_type=\"button.default\">\n\t\t\t\t<div class=\"elementor-widget-container\">\n\t\t\t\t\t\t\t\t\t<div class=\"elementor-button-wrapper\">\n\t\t\t\t\t<a class=\"elementor-button elementor-button-link elementor-size-sm elementor-animation-grow\" href=\"https:\/\/www.agriculturayganaderia.com\/?page_id=1725\">\n\t\t\t\t\t\t<span class=\"elementor-button-content-wrapper\">\n\t\t\t\t\t\t\t\t\t<span class=\"elementor-button-text\">INTERNACIONAL<\/span>\n\t\t\t\t\t<\/span>\n\t\t\t\t\t<\/a>\n\t\t\t\t<\/div>\n\t\t\t\t\t\t\t\t<\/div>\n\t\t\t\t<\/div>\n\t\t\t\t<div class=\"elementor-element elementor-element-d572516 elementor-grid-4 elementor-grid-tablet-2 elementor-grid-mobile-1 elespare-section-title-elespare-left elementor-widget elementor-widget-post-grid\" data-id=\"d572516\" data-element_type=\"widget\" data-e-type=\"widget\" data-settings=\"{&quot;columns&quot;:&quot;4&quot;,&quot;columns_tablet&quot;:&quot;2&quot;,&quot;columns_mobile&quot;:&quot;1&quot;}\" data-widget_type=\"post-grid.default\">\n\t\t\t\t<div class=\"elementor-widget-container\">\n\t\t\t\t\t    <div class=\"elespare-grid-wrap grid-layout has-background  elespare-has-equal-height\">\n\n      <div class=\"elespare-posts-wrap  elementor-grid grid-style-1  elespare-image-zoom elespare-light \">\n                    <div class=\"elespare-posts-grid-post-items\">\n\n              <div class=\"elespare-img-wrapper\">\n                \n      <a href=\"https:\/\/www.agriculturayganaderia.com\/?p=11171\" aria-label=\"Presentan soluciones de agricultura inteligente para fortalecer la productividad y la resiliencia\">\n        <img loading=\"lazy\" decoding=\"async\" width=\"300\" height=\"170\" src=\"https:\/\/www.agriculturayganaderia.com\/wp-content\/uploads\/2026\/07\/02-FAO-solucion-agricola-800-300x170.jpg\" class=\"attachment-medium size-medium wp-post-image\" alt=\"Presentan soluciones de agricultura inteligente para fortalecer la productividad y la resiliencia\" srcset=\"https:\/\/www.agriculturayganaderia.com\/wp-content\/uploads\/2026\/07\/02-FAO-solucion-agricola-800-300x170.jpg 300w, https:\/\/www.agriculturayganaderia.com\/wp-content\/uploads\/2026\/07\/02-FAO-solucion-agricola-800-768x436.jpg 768w, https:\/\/www.agriculturayganaderia.com\/wp-content\/uploads\/2026\/07\/02-FAO-solucion-agricola-800.jpg 800w\" sizes=\"(max-width: 300px) 100vw, 300px\" \/>      <\/a>\n\n    \n                              <\/div>\n              <div class=\"elespare-content-wrapper\">\n                                \n    <h3 class=\"elespare-post-title\">\n      <a href=\"https:\/\/www.agriculturayganaderia.com\/?p=11171\"> <span>Presentan soluciones de agricultura inteligente para fortalecer la productividad y la resiliencia<\/span><\/a>\n    <\/h3>\n          <div class=\"elespare-metadata\">\n                  <span class=\"post-author\">\n            <a href=\"https:\/\/www.agriculturayganaderia.com\/?author=1\">\n                            Agricultura y Ganader\u00eda            <\/a>\n          <\/span>\n                          <span class=\"elespare-posts-full-post-author\">\n            <a href=\"https:\/\/www.agriculturayganaderia.com\/?m=2026\">\n              <i class=\"demo-icon elespare-icons-clock-regular\" aria-hidden=\"true\"><\/i>\n              julio 3, 2026\n            <\/a>\n          <\/span>\n                      <\/div>\n    <div class=\"elespare-exceprt\">\n              <a class=\"read-more-btn\" href=\"https:\/\/www.agriculturayganaderia.com\/?p=11171\">\n    Leer m\u00e1s    <span class=\"screen-reader-text\"> about Presentan soluciones de agricultura inteligente para fortalecer la productividad y la resiliencia<\/span>\n  <\/a>\n      <\/div>\n  \n              <\/div>\n            <\/div>\n                    <div class=\"elespare-posts-grid-post-items\">\n\n              <div class=\"elespare-img-wrapper\">\n                \n      <a href=\"https:\/\/www.agriculturayganaderia.com\/?p=10515\" aria-label=\"Mientras la fiebre aftosa se propaga r\u00e1pidamente en Sud\u00e1frica, los expertos advierten sobre posibles amenazas en otros pa\u00edses\">\n        <img loading=\"lazy\" decoding=\"async\" width=\"300\" height=\"169\" src=\"https:\/\/www.agriculturayganaderia.com\/wp-content\/uploads\/2026\/05\/02-Bufalos-en-Africa-800-300x169.jpg\" class=\"attachment-medium size-medium wp-post-image\" alt=\"Mientras la fiebre aftosa se propaga r\u00e1pidamente en Sud\u00e1frica, los expertos advierten sobre posibles amenazas en otros pa\u00edses\" srcset=\"https:\/\/www.agriculturayganaderia.com\/wp-content\/uploads\/2026\/05\/02-Bufalos-en-Africa-800-300x169.jpg 300w, https:\/\/www.agriculturayganaderia.com\/wp-content\/uploads\/2026\/05\/02-Bufalos-en-Africa-800-768x432.jpg 768w, https:\/\/www.agriculturayganaderia.com\/wp-content\/uploads\/2026\/05\/02-Bufalos-en-Africa-800.jpg 800w\" sizes=\"(max-width: 300px) 100vw, 300px\" \/>      <\/a>\n\n    \n                              <\/div>\n              <div class=\"elespare-content-wrapper\">\n                                \n    <h3 class=\"elespare-post-title\">\n      <a href=\"https:\/\/www.agriculturayganaderia.com\/?p=10515\"> <span>Mientras la fiebre aftosa se propaga r\u00e1pidamente en Sud\u00e1frica, los expertos advierten sobre posibles amenazas en otros pa\u00edses<\/span><\/a>\n    <\/h3>\n          <div class=\"elespare-metadata\">\n                  <span class=\"post-author\">\n            <a href=\"https:\/\/www.agriculturayganaderia.com\/?author=1\">\n                            Agricultura y Ganader\u00eda            <\/a>\n          <\/span>\n                          <span class=\"elespare-posts-full-post-author\">\n            <a href=\"https:\/\/www.agriculturayganaderia.com\/?m=2026\">\n              <i class=\"demo-icon elespare-icons-clock-regular\" aria-hidden=\"true\"><\/i>\n              mayo 2, 2026\n            <\/a>\n          <\/span>\n                      <\/div>\n    <div class=\"elespare-exceprt\">\n              <a class=\"read-more-btn\" href=\"https:\/\/www.agriculturayganaderia.com\/?p=10515\">\n    Leer m\u00e1s    <span class=\"screen-reader-text\"> about Mientras la fiebre aftosa se propaga r\u00e1pidamente en Sud\u00e1frica, los expertos advierten sobre posibles amenazas en otros pa\u00edses<\/span>\n  <\/a>\n      <\/div>\n  \n              <\/div>\n            <\/div>\n                    <div class=\"elespare-posts-grid-post-items\">\n\n              <div class=\"elespare-img-wrapper\">\n                \n      <a href=\"https:\/\/www.agriculturayganaderia.com\/?p=9007\" aria-label=\"Alianza estrat\u00e9gica para fortalecer la certificaci\u00f3n y calidad del algod\u00f3n colombiano\">\n        <img loading=\"lazy\" decoding=\"async\" width=\"300\" height=\"172\" src=\"https:\/\/www.agriculturayganaderia.com\/wp-content\/uploads\/2025\/12\/19-ICA-Y-ALGODON-800-300x172.jpg\" class=\"attachment-medium size-medium wp-post-image\" alt=\"Alianza estrat\u00e9gica para fortalecer la certificaci\u00f3n y calidad del algod\u00f3n colombiano\" srcset=\"https:\/\/www.agriculturayganaderia.com\/wp-content\/uploads\/2025\/12\/19-ICA-Y-ALGODON-800-300x172.jpg 300w, https:\/\/www.agriculturayganaderia.com\/wp-content\/uploads\/2025\/12\/19-ICA-Y-ALGODON-800-768x440.jpg 768w, https:\/\/www.agriculturayganaderia.com\/wp-content\/uploads\/2025\/12\/19-ICA-Y-ALGODON-800.jpg 800w\" sizes=\"(max-width: 300px) 100vw, 300px\" \/>      <\/a>\n\n    \n                              <\/div>\n              <div class=\"elespare-content-wrapper\">\n                                \n    <h3 class=\"elespare-post-title\">\n      <a href=\"https:\/\/www.agriculturayganaderia.com\/?p=9007\"> <span>Alianza estrat\u00e9gica para fortalecer la certificaci\u00f3n y calidad del algod\u00f3n colombiano<\/span><\/a>\n    <\/h3>\n          <div class=\"elespare-metadata\">\n                  <span class=\"post-author\">\n            <a href=\"https:\/\/www.agriculturayganaderia.com\/?author=1\">\n                            Agricultura y Ganader\u00eda            <\/a>\n          <\/span>\n                          <span class=\"elespare-posts-full-post-author\">\n            <a href=\"https:\/\/www.agriculturayganaderia.com\/?m=2025\">\n              <i class=\"demo-icon elespare-icons-clock-regular\" aria-hidden=\"true\"><\/i>\n              diciembre 19, 2025\n            <\/a>\n          <\/span>\n                      <\/div>\n    <div class=\"elespare-exceprt\">\n              <a class=\"read-more-btn\" href=\"https:\/\/www.agriculturayganaderia.com\/?p=9007\">\n    Leer m\u00e1s    <span class=\"screen-reader-text\"> about Alianza estrat\u00e9gica para fortalecer la certificaci\u00f3n y calidad del algod\u00f3n colombiano<\/span>\n  <\/a>\n      <\/div>\n  \n              <\/div>\n            <\/div>\n                    <div class=\"elespare-posts-grid-post-items\">\n\n              <div class=\"elespare-img-wrapper\">\n                \n      <a href=\"https:\/\/www.agriculturayganaderia.com\/?p=8796\" aria-label=\"Fortalecer la sanidad vegetal y la innovaci\u00f3n garantiza el futuro de la alimentaci\u00f3n mundial: FAO\">\n        <img loading=\"lazy\" decoding=\"async\" width=\"300\" height=\"171\" src=\"https:\/\/www.agriculturayganaderia.com\/wp-content\/uploads\/2025\/12\/2-Alimentos-800-300x171.jpg\" class=\"attachment-medium size-medium wp-post-image\" alt=\"Fortalecer la sanidad vegetal y la innovaci\u00f3n garantiza el futuro de la alimentaci\u00f3n mundial: FAO\" srcset=\"https:\/\/www.agriculturayganaderia.com\/wp-content\/uploads\/2025\/12\/2-Alimentos-800-300x171.jpg 300w, https:\/\/www.agriculturayganaderia.com\/wp-content\/uploads\/2025\/12\/2-Alimentos-800-768x438.jpg 768w, https:\/\/www.agriculturayganaderia.com\/wp-content\/uploads\/2025\/12\/2-Alimentos-800.jpg 800w\" sizes=\"(max-width: 300px) 100vw, 300px\" \/>      <\/a>\n\n    \n                              <\/div>\n              <div class=\"elespare-content-wrapper\">\n                                \n    <h3 class=\"elespare-post-title\">\n      <a href=\"https:\/\/www.agriculturayganaderia.com\/?p=8796\"> <span>Fortalecer la sanidad vegetal y la innovaci\u00f3n garantiza el futuro de la alimentaci\u00f3n mundial: FAO<\/span><\/a>\n    <\/h3>\n          <div class=\"elespare-metadata\">\n                  <span class=\"post-author\">\n            <a href=\"https:\/\/www.agriculturayganaderia.com\/?author=1\">\n                            Agricultura y Ganader\u00eda            <\/a>\n          <\/span>\n                          <span class=\"elespare-posts-full-post-author\">\n            <a href=\"https:\/\/www.agriculturayganaderia.com\/?m=2025\">\n              <i class=\"demo-icon elespare-icons-clock-regular\" aria-hidden=\"true\"><\/i>\n              diciembre 2, 2025\n            <\/a>\n          <\/span>\n                      <\/div>\n    <div class=\"elespare-exceprt\">\n              <a class=\"read-more-btn\" href=\"https:\/\/www.agriculturayganaderia.com\/?p=8796\">\n    Leer m\u00e1s    <span class=\"screen-reader-text\"> about Fortalecer la sanidad vegetal y la innovaci\u00f3n garantiza el futuro de la alimentaci\u00f3n mundial: FAO<\/span>\n  <\/a>\n      <\/div>\n  \n              <\/div>\n            <\/div>\n              <\/div>\n    <\/div>\n    \t\t\t\t<\/div>\n\t\t\t\t<\/div>\n\t\t\t\t<div class=\"elementor-element elementor-element-3a0b7d0 elementor-align-left elementor-widget elementor-widget-button\" data-id=\"3a0b7d0\" data-element_type=\"widget\" data-e-type=\"widget\" data-widget_type=\"button.default\">\n\t\t\t\t<div class=\"elementor-widget-container\">\n\t\t\t\t\t\t\t\t\t<div class=\"elementor-button-wrapper\">\n\t\t\t\t\t<a class=\"elementor-button elementor-button-link elementor-size-sm elementor-animation-grow\" href=\"https:\/\/www.agriculturayganaderia.com\/?page_id=1730\">\n\t\t\t\t\t\t<span class=\"elementor-button-content-wrapper\">\n\t\t\t\t\t\t\t\t\t<span class=\"elementor-button-text\">MERCADOS<\/span>\n\t\t\t\t\t<\/span>\n\t\t\t\t\t<\/a>\n\t\t\t\t<\/div>\n\t\t\t\t\t\t\t\t<\/div>\n\t\t\t\t<\/div>\n\t\t\t\t<div class=\"elementor-element elementor-element-71a1b24 elementor-grid-4 elementor-grid-tablet-2 elementor-grid-mobile-1 elespare-section-title-elespare-left elementor-widget elementor-widget-post-grid\" data-id=\"71a1b24\" data-element_type=\"widget\" data-e-type=\"widget\" data-settings=\"{&quot;columns&quot;:&quot;4&quot;,&quot;columns_tablet&quot;:&quot;2&quot;,&quot;columns_mobile&quot;:&quot;1&quot;}\" data-widget_type=\"post-grid.default\">\n\t\t\t\t<div class=\"elementor-widget-container\">\n\t\t\t\t\t    <div class=\"elespare-grid-wrap grid-layout has-background  elespare-has-equal-height\">\n\n      <div class=\"elespare-posts-wrap  elementor-grid grid-style-1  elespare-image-zoom elespare-light \">\n                    <div class=\"elespare-posts-grid-post-items\">\n\n              <div class=\"elespare-img-wrapper\">\n                \n      <a href=\"https:\/\/www.agriculturayganaderia.com\/?p=11708\" aria-label=\"Precios del ganado porcino en pie en Colombia\">\n        <img loading=\"lazy\" decoding=\"async\" width=\"300\" height=\"169\" src=\"https:\/\/www.agriculturayganaderia.com\/wp-content\/uploads\/2026\/01\/0001-PORCINOS-800-300x169.jpg\" class=\"attachment-medium size-medium wp-post-image\" alt=\"Precios del ganado porcino en pie en Colombia\" srcset=\"https:\/\/www.agriculturayganaderia.com\/wp-content\/uploads\/2026\/01\/0001-PORCINOS-800-300x169.jpg 300w, https:\/\/www.agriculturayganaderia.com\/wp-content\/uploads\/2026\/01\/0001-PORCINOS-800-768x432.jpg 768w, https:\/\/www.agriculturayganaderia.com\/wp-content\/uploads\/2026\/01\/0001-PORCINOS-800.jpg 800w\" sizes=\"(max-width: 300px) 100vw, 300px\" \/>      <\/a>\n\n    \n                              <\/div>\n              <div class=\"elespare-content-wrapper\">\n                                \n    <h3 class=\"elespare-post-title\">\n      <a href=\"https:\/\/www.agriculturayganaderia.com\/?p=11708\"> <span>Precios del ganado porcino en pie en Colombia<\/span><\/a>\n    <\/h3>\n          <div class=\"elespare-metadata\">\n                  <span class=\"post-author\">\n            <a href=\"https:\/\/www.agriculturayganaderia.com\/?author=1\">\n                            Agricultura y Ganader\u00eda            <\/a>\n          <\/span>\n                          <span class=\"elespare-posts-full-post-author\">\n            <a href=\"https:\/\/www.agriculturayganaderia.com\/?m=2026\">\n              <i class=\"demo-icon elespare-icons-clock-regular\" aria-hidden=\"true\"><\/i>\n              septiembre 1, 2026\n            <\/a>\n          <\/span>\n                      <\/div>\n    <div class=\"elespare-exceprt\">\n              <a class=\"read-more-btn\" href=\"https:\/\/www.agriculturayganaderia.com\/?p=11708\">\n    Leer m\u00e1s    <span class=\"screen-reader-text\"> about Precios del ganado porcino en pie en Colombia<\/span>\n  <\/a>\n      <\/div>\n  \n              <\/div>\n            <\/div>\n                    <div class=\"elespare-posts-grid-post-items\">\n\n              <div class=\"elespare-img-wrapper\">\n                \n      <a href=\"https:\/\/www.agriculturayganaderia.com\/?p=11705\" aria-label=\"Precio interno de referencia para la compra de caf\u00e9 pergamino seco por carga de 125 kilos\">\n        <img loading=\"lazy\" decoding=\"async\" width=\"300\" height=\"170\" src=\"https:\/\/www.agriculturayganaderia.com\/wp-content\/uploads\/2025\/09\/0002-PRCIOS-CAFE-800-300x170.jpg\" class=\"attachment-medium size-medium wp-post-image\" alt=\"Precio interno de referencia para la compra de caf\u00e9 pergamino seco por carga de 125 kilos\" srcset=\"https:\/\/www.agriculturayganaderia.com\/wp-content\/uploads\/2025\/09\/0002-PRCIOS-CAFE-800-300x170.jpg 300w, https:\/\/www.agriculturayganaderia.com\/wp-content\/uploads\/2025\/09\/0002-PRCIOS-CAFE-800-768x435.jpg 768w, https:\/\/www.agriculturayganaderia.com\/wp-content\/uploads\/2025\/09\/0002-PRCIOS-CAFE-800.jpg 800w\" sizes=\"(max-width: 300px) 100vw, 300px\" \/>      <\/a>\n\n    \n                              <\/div>\n              <div class=\"elespare-content-wrapper\">\n                                \n    <h3 class=\"elespare-post-title\">\n      <a href=\"https:\/\/www.agriculturayganaderia.com\/?p=11705\"> <span>Precio interno de referencia para la compra de caf\u00e9 pergamino seco por carga de 125 kilos<\/span><\/a>\n    <\/h3>\n          <div class=\"elespare-metadata\">\n                  <span class=\"post-author\">\n            <a href=\"https:\/\/www.agriculturayganaderia.com\/?author=1\">\n                            Agricultura y Ganader\u00eda            <\/a>\n          <\/span>\n                          <span class=\"elespare-posts-full-post-author\">\n            <a href=\"https:\/\/www.agriculturayganaderia.com\/?m=2026\">\n              <i class=\"demo-icon elespare-icons-clock-regular\" aria-hidden=\"true\"><\/i>\n              septiembre 1, 2026\n            <\/a>\n          <\/span>\n                      <\/div>\n    <div class=\"elespare-exceprt\">\n              <a class=\"read-more-btn\" href=\"https:\/\/www.agriculturayganaderia.com\/?p=11705\">\n    Leer m\u00e1s    <span class=\"screen-reader-text\"> about Precio interno de referencia para la compra de caf\u00e9 pergamino seco por carga de 125 kilos<\/span>\n  <\/a>\n      <\/div>\n  \n              <\/div>\n            <\/div>\n                    <div class=\"elespare-posts-grid-post-items\">\n\n              <div class=\"elespare-img-wrapper\">\n                \n      <a href=\"https:\/\/www.agriculturayganaderia.com\/?p=11701\" aria-label=\"Precios mayoristas de la papa en la central de abastos de Bogot\u00e1\">\n        <img loading=\"lazy\" decoding=\"async\" width=\"300\" height=\"169\" src=\"https:\/\/www.agriculturayganaderia.com\/wp-content\/uploads\/2024\/08\/0002-PRECIOS-PAPA-800-300x169.jpg\" class=\"attachment-medium size-medium wp-post-image\" alt=\"Precios mayoristas de la papa en la central de abastos de Bogot\u00e1\" srcset=\"https:\/\/www.agriculturayganaderia.com\/wp-content\/uploads\/2024\/08\/0002-PRECIOS-PAPA-800-300x169.jpg 300w, https:\/\/www.agriculturayganaderia.com\/wp-content\/uploads\/2024\/08\/0002-PRECIOS-PAPA-800-768x432.jpg 768w, https:\/\/www.agriculturayganaderia.com\/wp-content\/uploads\/2024\/08\/0002-PRECIOS-PAPA-800.jpg 800w\" sizes=\"(max-width: 300px) 100vw, 300px\" \/>      <\/a>\n\n    \n                              <\/div>\n              <div class=\"elespare-content-wrapper\">\n                                \n    <h3 class=\"elespare-post-title\">\n      <a href=\"https:\/\/www.agriculturayganaderia.com\/?p=11701\"> <span>Precios mayoristas de la papa en la central de abastos de Bogot\u00e1<\/span><\/a>\n    <\/h3>\n          <div class=\"elespare-metadata\">\n                  <span class=\"post-author\">\n            <a href=\"https:\/\/www.agriculturayganaderia.com\/?author=1\">\n                            Agricultura y Ganader\u00eda            <\/a>\n          <\/span>\n                          <span class=\"elespare-posts-full-post-author\">\n            <a href=\"https:\/\/www.agriculturayganaderia.com\/?m=2026\">\n              <i class=\"demo-icon elespare-icons-clock-regular\" aria-hidden=\"true\"><\/i>\n              septiembre 1, 2026\n            <\/a>\n          <\/span>\n                      <\/div>\n    <div class=\"elespare-exceprt\">\n              <a class=\"read-more-btn\" href=\"https:\/\/www.agriculturayganaderia.com\/?p=11701\">\n    Leer m\u00e1s    <span class=\"screen-reader-text\"> about Precios mayoristas de la papa en la central de abastos de Bogot\u00e1<\/span>\n  <\/a>\n      <\/div>\n  \n              <\/div>\n            <\/div>\n                    <div class=\"elespare-posts-grid-post-items\">\n\n              <div class=\"elespare-img-wrapper\">\n                \n      <a href=\"https:\/\/www.agriculturayganaderia.com\/?p=11693\" aria-label=\"Precio interno de referencia para la compra de caf\u00e9 pergamino seco por carga de 125 kilos\">\n        <img loading=\"lazy\" decoding=\"async\" width=\"300\" height=\"190\" src=\"https:\/\/www.agriculturayganaderia.com\/wp-content\/uploads\/2026\/05\/0001-PRECIOS-CAFE-800-300x190.jpg\" class=\"attachment-medium size-medium wp-post-image\" alt=\"Precio interno de referencia para la compra de caf\u00e9 pergamino seco por carga de 125 kilos\" srcset=\"https:\/\/www.agriculturayganaderia.com\/wp-content\/uploads\/2026\/05\/0001-PRECIOS-CAFE-800-300x190.jpg 300w, https:\/\/www.agriculturayganaderia.com\/wp-content\/uploads\/2026\/05\/0001-PRECIOS-CAFE-800-768x486.jpg 768w, https:\/\/www.agriculturayganaderia.com\/wp-content\/uploads\/2026\/05\/0001-PRECIOS-CAFE-800.jpg 800w\" sizes=\"(max-width: 300px) 100vw, 300px\" \/>      <\/a>\n\n    \n                              <\/div>\n              <div class=\"elespare-content-wrapper\">\n                                \n    <h3 class=\"elespare-post-title\">\n      <a href=\"https:\/\/www.agriculturayganaderia.com\/?p=11693\"> <span>Precio interno de referencia para la compra de caf\u00e9 pergamino seco por carga de 125 kilos<\/span><\/a>\n    <\/h3>\n          <div class=\"elespare-metadata\">\n                  <span class=\"post-author\">\n            <a href=\"https:\/\/www.agriculturayganaderia.com\/?author=1\">\n                            Agricultura y Ganader\u00eda            <\/a>\n          <\/span>\n                          <span class=\"elespare-posts-full-post-author\">\n            <a href=\"https:\/\/www.agriculturayganaderia.com\/?m=2026\">\n              <i class=\"demo-icon elespare-icons-clock-regular\" aria-hidden=\"true\"><\/i>\n              agosto 31, 2026\n            <\/a>\n          <\/span>\n                      <\/div>\n    <div class=\"elespare-exceprt\">\n              <a class=\"read-more-btn\" href=\"https:\/\/www.agriculturayganaderia.com\/?p=11693\">\n    Leer m\u00e1s    <span class=\"screen-reader-text\"> about Precio interno de referencia para la compra de caf\u00e9 pergamino seco por carga de 125 kilos<\/span>\n  <\/a>\n      <\/div>\n  \n              <\/div>\n            <\/div>\n              <\/div>\n    <\/div>\n    \t\t\t\t<\/div>\n\t\t\t\t<\/div>\n\t\t\t\t<div class=\"elementor-element elementor-element-85f37c7 elementor-align-left elementor-widget elementor-widget-button\" data-id=\"85f37c7\" data-element_type=\"widget\" data-e-type=\"widget\" data-widget_type=\"button.default\">\n\t\t\t\t<div class=\"elementor-widget-container\">\n\t\t\t\t\t\t\t\t\t<div class=\"elementor-button-wrapper\">\n\t\t\t\t\t<a class=\"elementor-button elementor-button-link elementor-size-sm elementor-animation-grow\" href=\"https:\/\/www.agriculturayganaderia.com\/?page_id=1735\">\n\t\t\t\t\t\t<span class=\"elementor-button-content-wrapper\">\n\t\t\t\t\t\t\t\t\t<span class=\"elementor-button-text\">PANORAMA<\/span>\n\t\t\t\t\t<\/span>\n\t\t\t\t\t<\/a>\n\t\t\t\t<\/div>\n\t\t\t\t\t\t\t\t<\/div>\n\t\t\t\t<\/div>\n\t\t\t\t<div class=\"elementor-element elementor-element-0fd0954 elementor-grid-4 elementor-grid-tablet-2 elementor-grid-mobile-1 elespare-section-title-elespare-left elementor-widget elementor-widget-post-grid\" data-id=\"0fd0954\" data-element_type=\"widget\" data-e-type=\"widget\" data-settings=\"{&quot;columns&quot;:&quot;4&quot;,&quot;columns_tablet&quot;:&quot;2&quot;,&quot;columns_mobile&quot;:&quot;1&quot;}\" data-widget_type=\"post-grid.default\">\n\t\t\t\t<div class=\"elementor-widget-container\">\n\t\t\t\t\t    <div class=\"elespare-grid-wrap grid-layout has-background  elespare-has-equal-height\">\n\n      <div class=\"elespare-posts-wrap  elementor-grid grid-style-1  elespare-image-zoom elespare-light \">\n                    <div class=\"elespare-posts-grid-post-items\">\n\n              <div class=\"elespare-img-wrapper\">\n                \n      <a href=\"https:\/\/www.agriculturayganaderia.com\/?p=11683\" aria-label=\"Minagricultura anuncia medidas para recuperar la rentabilidad del sector arrocero\">\n        <img loading=\"lazy\" decoding=\"async\" width=\"300\" height=\"169\" src=\"https:\/\/www.agriculturayganaderia.com\/wp-content\/uploads\/2026\/08\/30-Minagro-y-arroceros-800-300x169.jpg\" class=\"attachment-medium size-medium wp-post-image\" alt=\"Minagricultura anuncia medidas para recuperar la rentabilidad del sector arrocero\" srcset=\"https:\/\/www.agriculturayganaderia.com\/wp-content\/uploads\/2026\/08\/30-Minagro-y-arroceros-800-300x169.jpg 300w, https:\/\/www.agriculturayganaderia.com\/wp-content\/uploads\/2026\/08\/30-Minagro-y-arroceros-800-768x433.jpg 768w, https:\/\/www.agriculturayganaderia.com\/wp-content\/uploads\/2026\/08\/30-Minagro-y-arroceros-800.jpg 800w\" sizes=\"(max-width: 300px) 100vw, 300px\" \/>      <\/a>\n\n    \n                              <\/div>\n              <div class=\"elespare-content-wrapper\">\n                                \n    <h3 class=\"elespare-post-title\">\n      <a href=\"https:\/\/www.agriculturayganaderia.com\/?p=11683\"> <span>Minagricultura anuncia medidas para recuperar la rentabilidad del sector arrocero<\/span><\/a>\n    <\/h3>\n          <div class=\"elespare-metadata\">\n                  <span class=\"post-author\">\n            <a href=\"https:\/\/www.agriculturayganaderia.com\/?author=1\">\n                            Agricultura y Ganader\u00eda            <\/a>\n          <\/span>\n                          <span class=\"elespare-posts-full-post-author\">\n            <a href=\"https:\/\/www.agriculturayganaderia.com\/?m=2026\">\n              <i class=\"demo-icon elespare-icons-clock-regular\" aria-hidden=\"true\"><\/i>\n              agosto 30, 2026\n            <\/a>\n          <\/span>\n                      <\/div>\n    <div class=\"elespare-exceprt\">\n              <a class=\"read-more-btn\" href=\"https:\/\/www.agriculturayganaderia.com\/?p=11683\">\n    Leer m\u00e1s    <span class=\"screen-reader-text\"> about Minagricultura anuncia medidas para recuperar la rentabilidad del sector arrocero<\/span>\n  <\/a>\n      <\/div>\n  \n              <\/div>\n            <\/div>\n                    <div class=\"elespare-posts-grid-post-items\">\n\n              <div class=\"elespare-img-wrapper\">\n                \n      <a href=\"https:\/\/www.agriculturayganaderia.com\/?p=11635\" aria-label=\"Primer Foro Internacional Asoceb\u00fa 360\u00b0\">\n        <img loading=\"lazy\" decoding=\"async\" width=\"300\" height=\"172\" src=\"https:\/\/www.agriculturayganaderia.com\/wp-content\/uploads\/2026\/08\/25-Asocebu-800-300x172.jpg\" class=\"attachment-medium size-medium wp-post-image\" alt=\"Primer Foro Internacional Asoceb\u00fa 360\u00b0\" srcset=\"https:\/\/www.agriculturayganaderia.com\/wp-content\/uploads\/2026\/08\/25-Asocebu-800-300x172.jpg 300w, https:\/\/www.agriculturayganaderia.com\/wp-content\/uploads\/2026\/08\/25-Asocebu-800-768x441.jpg 768w, https:\/\/www.agriculturayganaderia.com\/wp-content\/uploads\/2026\/08\/25-Asocebu-800.jpg 800w\" sizes=\"(max-width: 300px) 100vw, 300px\" \/>      <\/a>\n\n    \n                              <\/div>\n              <div class=\"elespare-content-wrapper\">\n                                \n    <h3 class=\"elespare-post-title\">\n      <a href=\"https:\/\/www.agriculturayganaderia.com\/?p=11635\"> <span>Primer Foro Internacional Asoceb\u00fa 360\u00b0<\/span><\/a>\n    <\/h3>\n          <div class=\"elespare-metadata\">\n                  <span class=\"post-author\">\n            <a href=\"https:\/\/www.agriculturayganaderia.com\/?author=1\">\n                            Agricultura y Ganader\u00eda            <\/a>\n          <\/span>\n                          <span class=\"elespare-posts-full-post-author\">\n            <a href=\"https:\/\/www.agriculturayganaderia.com\/?m=2026\">\n              <i class=\"demo-icon elespare-icons-clock-regular\" aria-hidden=\"true\"><\/i>\n              agosto 25, 2026\n            <\/a>\n          <\/span>\n                      <\/div>\n    <div class=\"elespare-exceprt\">\n              <a class=\"read-more-btn\" href=\"https:\/\/www.agriculturayganaderia.com\/?p=11635\">\n    Leer m\u00e1s    <span class=\"screen-reader-text\"> about Primer Foro Internacional Asoceb\u00fa 360\u00b0<\/span>\n  <\/a>\n      <\/div>\n  \n              <\/div>\n            <\/div>\n                    <div class=\"elespare-posts-grid-post-items\">\n\n              <div class=\"elespare-img-wrapper\">\n                \n      <a href=\"https:\/\/www.agriculturayganaderia.com\/?p=11544\" aria-label=\"FEDEG\u00c1N y el FNG se unen a \u201cColombia Un Solo Coraz\u00f3n\u201d\">\n        <img loading=\"lazy\" decoding=\"async\" width=\"300\" height=\"175\" src=\"https:\/\/www.agriculturayganaderia.com\/wp-content\/uploads\/2024\/09\/007-Leche-leche-800-300x175.jpg\" class=\"attachment-medium size-medium wp-post-image\" alt=\"FEDEG\u00c1N y el FNG se unen a \u201cColombia Un Solo Coraz\u00f3n\u201d\" srcset=\"https:\/\/www.agriculturayganaderia.com\/wp-content\/uploads\/2024\/09\/007-Leche-leche-800-300x175.jpg 300w, https:\/\/www.agriculturayganaderia.com\/wp-content\/uploads\/2024\/09\/007-Leche-leche-800-768x448.jpg 768w, https:\/\/www.agriculturayganaderia.com\/wp-content\/uploads\/2024\/09\/007-Leche-leche-800.jpg 800w\" sizes=\"(max-width: 300px) 100vw, 300px\" \/>      <\/a>\n\n    \n                              <\/div>\n              <div class=\"elespare-content-wrapper\">\n                                \n    <h3 class=\"elespare-post-title\">\n      <a href=\"https:\/\/www.agriculturayganaderia.com\/?p=11544\"> <span>FEDEG\u00c1N y el FNG se unen a \u201cColombia Un Solo Coraz\u00f3n\u201d<\/span><\/a>\n    <\/h3>\n          <div class=\"elespare-metadata\">\n                  <span class=\"post-author\">\n            <a href=\"https:\/\/www.agriculturayganaderia.com\/?author=1\">\n                            Agricultura y Ganader\u00eda            <\/a>\n          <\/span>\n                          <span class=\"elespare-posts-full-post-author\">\n            <a href=\"https:\/\/www.agriculturayganaderia.com\/?m=2026\">\n              <i class=\"demo-icon elespare-icons-clock-regular\" aria-hidden=\"true\"><\/i>\n              agosto 13, 2026\n            <\/a>\n          <\/span>\n                      <\/div>\n    <div class=\"elespare-exceprt\">\n              <a class=\"read-more-btn\" href=\"https:\/\/www.agriculturayganaderia.com\/?p=11544\">\n    Leer m\u00e1s    <span class=\"screen-reader-text\"> about FEDEG\u00c1N y el FNG se unen a \u201cColombia Un Solo Coraz\u00f3n\u201d<\/span>\n  <\/a>\n      <\/div>\n  \n              <\/div>\n            <\/div>\n                    <div class=\"elespare-posts-grid-post-items\">\n\n              <div class=\"elespare-img-wrapper\">\n                \n      <a href=\"https:\/\/www.agriculturayganaderia.com\/?p=11467\" aria-label=\"Feria Nacional Ceb\u00fa\">\n        <img loading=\"lazy\" decoding=\"async\" width=\"300\" height=\"169\" src=\"https:\/\/www.agriculturayganaderia.com\/wp-content\/uploads\/2026\/08\/05-ENTREVISTA-CON-ASOCEBU-800-300x169.jpg\" class=\"attachment-medium size-medium wp-post-image\" alt=\"Feria Nacional Ceb\u00fa\" srcset=\"https:\/\/www.agriculturayganaderia.com\/wp-content\/uploads\/2026\/08\/05-ENTREVISTA-CON-ASOCEBU-800-300x169.jpg 300w, https:\/\/www.agriculturayganaderia.com\/wp-content\/uploads\/2026\/08\/05-ENTREVISTA-CON-ASOCEBU-800-768x432.jpg 768w, https:\/\/www.agriculturayganaderia.com\/wp-content\/uploads\/2026\/08\/05-ENTREVISTA-CON-ASOCEBU-800.jpg 800w\" sizes=\"(max-width: 300px) 100vw, 300px\" \/>      <\/a>\n\n    \n                              <\/div>\n              <div class=\"elespare-content-wrapper\">\n                                \n    <h3 class=\"elespare-post-title\">\n      <a href=\"https:\/\/www.agriculturayganaderia.com\/?p=11467\"> <span>Feria Nacional Ceb\u00fa<\/span><\/a>\n    <\/h3>\n          <div class=\"elespare-metadata\">\n                  <span class=\"post-author\">\n            <a href=\"https:\/\/www.agriculturayganaderia.com\/?author=1\">\n                            Agricultura y Ganader\u00eda            <\/a>\n          <\/span>\n                          <span class=\"elespare-posts-full-post-author\">\n            <a href=\"https:\/\/www.agriculturayganaderia.com\/?m=2026\">\n              <i class=\"demo-icon elespare-icons-clock-regular\" aria-hidden=\"true\"><\/i>\n              agosto 6, 2026\n            <\/a>\n          <\/span>\n                      <\/div>\n    <div class=\"elespare-exceprt\">\n              <a class=\"read-more-btn\" href=\"https:\/\/www.agriculturayganaderia.com\/?p=11467\">\n    Leer m\u00e1s    <span class=\"screen-reader-text\"> about Feria Nacional Ceb\u00fa<\/span>\n  <\/a>\n      <\/div>\n  \n              <\/div>\n            <\/div>\n              <\/div>\n    <\/div>\n    \t\t\t\t<\/div>\n\t\t\t\t<\/div>\n\t\t\t\t<div class=\"elementor-element elementor-element-1341e2a elementor-align-left elementor-widget elementor-widget-button\" data-id=\"1341e2a\" data-element_type=\"widget\" data-e-type=\"widget\" data-widget_type=\"button.default\">\n\t\t\t\t<div class=\"elementor-widget-container\">\n\t\t\t\t\t\t\t\t\t<div class=\"elementor-button-wrapper\">\n\t\t\t\t\t<a class=\"elementor-button elementor-button-link elementor-size-sm elementor-animation-grow\" href=\"https:\/\/www.agriculturayganaderia.com\/?page_id=1740\">\n\t\t\t\t\t\t<span class=\"elementor-button-content-wrapper\">\n\t\t\t\t\t\t\t\t\t<span class=\"elementor-button-text\">PORCICULTURA<\/span>\n\t\t\t\t\t<\/span>\n\t\t\t\t\t<\/a>\n\t\t\t\t<\/div>\n\t\t\t\t\t\t\t\t<\/div>\n\t\t\t\t<\/div>\n\t\t\t\t<div class=\"elementor-element elementor-element-58eadda elementor-grid-4 elementor-grid-tablet-2 elementor-grid-mobile-1 elespare-section-title-elespare-left elementor-widget elementor-widget-post-grid\" data-id=\"58eadda\" data-element_type=\"widget\" data-e-type=\"widget\" data-settings=\"{&quot;columns&quot;:&quot;4&quot;,&quot;columns_tablet&quot;:&quot;2&quot;,&quot;columns_mobile&quot;:&quot;1&quot;}\" data-widget_type=\"post-grid.default\">\n\t\t\t\t<div class=\"elementor-widget-container\">\n\t\t\t\t\t    <div class=\"elespare-grid-wrap grid-layout has-background  elespare-has-equal-height\">\n\n      <div class=\"elespare-posts-wrap  elementor-grid grid-style-1  elespare-image-zoom elespare-light \">\n                    <div class=\"elespare-posts-grid-post-items\">\n\n              <div class=\"elespare-img-wrapper\">\n                \n      <a href=\"https:\/\/www.agriculturayganaderia.com\/?p=9827\" aria-label=\"Colombia refuerza medidas para mantener al pa\u00eds libre de Peste Porcina Africana\">\n        <img loading=\"lazy\" decoding=\"async\" width=\"300\" height=\"172\" src=\"https:\/\/www.agriculturayganaderia.com\/wp-content\/uploads\/2026\/03\/04-Porcinos-en-corral-800-300x172.jpg\" class=\"attachment-medium size-medium wp-post-image\" alt=\"Colombia refuerza medidas para mantener al pa\u00eds libre de Peste Porcina Africana\" srcset=\"https:\/\/www.agriculturayganaderia.com\/wp-content\/uploads\/2026\/03\/04-Porcinos-en-corral-800-300x172.jpg 300w, https:\/\/www.agriculturayganaderia.com\/wp-content\/uploads\/2026\/03\/04-Porcinos-en-corral-800-768x441.jpg 768w, https:\/\/www.agriculturayganaderia.com\/wp-content\/uploads\/2026\/03\/04-Porcinos-en-corral-800.jpg 800w\" sizes=\"(max-width: 300px) 100vw, 300px\" \/>      <\/a>\n\n    \n                              <\/div>\n              <div class=\"elespare-content-wrapper\">\n                                \n    <h3 class=\"elespare-post-title\">\n      <a href=\"https:\/\/www.agriculturayganaderia.com\/?p=9827\"> <span>Colombia refuerza medidas para mantener al pa\u00eds libre de Peste Porcina Africana<\/span><\/a>\n    <\/h3>\n          <div class=\"elespare-metadata\">\n                  <span class=\"post-author\">\n            <a href=\"https:\/\/www.agriculturayganaderia.com\/?author=1\">\n                            Agricultura y Ganader\u00eda            <\/a>\n          <\/span>\n                          <span class=\"elespare-posts-full-post-author\">\n            <a href=\"https:\/\/www.agriculturayganaderia.com\/?m=2026\">\n              <i class=\"demo-icon elespare-icons-clock-regular\" aria-hidden=\"true\"><\/i>\n              marzo 5, 2026\n            <\/a>\n          <\/span>\n                      <\/div>\n    <div class=\"elespare-exceprt\">\n              <a class=\"read-more-btn\" href=\"https:\/\/www.agriculturayganaderia.com\/?p=9827\">\n    Leer m\u00e1s    <span class=\"screen-reader-text\"> about Colombia refuerza medidas para mantener al pa\u00eds libre de Peste Porcina Africana<\/span>\n  <\/a>\n      <\/div>\n  \n              <\/div>\n            <\/div>\n                    <div class=\"elespare-posts-grid-post-items\">\n\n              <div class=\"elespare-img-wrapper\">\n                \n      <a href=\"https:\/\/www.agriculturayganaderia.com\/?p=8953\" aria-label=\"Colombia proh\u00edbe el ingreso de productos derivados del cerdo provenientes de Espa\u00f1a\">\n        <img loading=\"lazy\" decoding=\"async\" width=\"300\" height=\"169\" src=\"https:\/\/www.agriculturayganaderia.com\/wp-content\/uploads\/2025\/12\/16-Alimentos-porcinos-800-300x169.jpg\" class=\"attachment-medium size-medium wp-post-image\" alt=\"Colombia proh\u00edbe el ingreso de productos derivados del cerdo provenientes de Espa\u00f1a\" srcset=\"https:\/\/www.agriculturayganaderia.com\/wp-content\/uploads\/2025\/12\/16-Alimentos-porcinos-800-300x169.jpg 300w, https:\/\/www.agriculturayganaderia.com\/wp-content\/uploads\/2025\/12\/16-Alimentos-porcinos-800-768x432.jpg 768w, https:\/\/www.agriculturayganaderia.com\/wp-content\/uploads\/2025\/12\/16-Alimentos-porcinos-800.jpg 800w\" sizes=\"(max-width: 300px) 100vw, 300px\" \/>      <\/a>\n\n    \n                              <\/div>\n              <div class=\"elespare-content-wrapper\">\n                                \n    <h3 class=\"elespare-post-title\">\n      <a href=\"https:\/\/www.agriculturayganaderia.com\/?p=8953\"> <span>Colombia proh\u00edbe el ingreso de productos derivados del cerdo provenientes de Espa\u00f1a<\/span><\/a>\n    <\/h3>\n          <div class=\"elespare-metadata\">\n                  <span class=\"post-author\">\n            <a href=\"https:\/\/www.agriculturayganaderia.com\/?author=1\">\n                            Agricultura y Ganader\u00eda            <\/a>\n          <\/span>\n                          <span class=\"elespare-posts-full-post-author\">\n            <a href=\"https:\/\/www.agriculturayganaderia.com\/?m=2025\">\n              <i class=\"demo-icon elespare-icons-clock-regular\" aria-hidden=\"true\"><\/i>\n              diciembre 16, 2025\n            <\/a>\n          <\/span>\n                      <\/div>\n    <div class=\"elespare-exceprt\">\n              <a class=\"read-more-btn\" href=\"https:\/\/www.agriculturayganaderia.com\/?p=8953\">\n    Leer m\u00e1s    <span class=\"screen-reader-text\"> about Colombia proh\u00edbe el ingreso de productos derivados del cerdo provenientes de Espa\u00f1a<\/span>\n  <\/a>\n      <\/div>\n  \n              <\/div>\n            <\/div>\n                    <div class=\"elespare-posts-grid-post-items\">\n\n              <div class=\"elespare-img-wrapper\">\n                \n      <a href=\"https:\/\/www.agriculturayganaderia.com\/?p=7910\" aria-label=\"Colombia se mantiene alerta contra la Peste Porcina Africana\">\n        <img loading=\"lazy\" decoding=\"async\" width=\"300\" height=\"174\" src=\"https:\/\/www.agriculturayganaderia.com\/wp-content\/uploads\/2025\/09\/19-ICA-SUBGERENTE-800-300x174.jpg\" class=\"attachment-medium size-medium wp-post-image\" alt=\"Colombia se mantiene alerta contra la Peste Porcina Africana\" srcset=\"https:\/\/www.agriculturayganaderia.com\/wp-content\/uploads\/2025\/09\/19-ICA-SUBGERENTE-800-300x174.jpg 300w, https:\/\/www.agriculturayganaderia.com\/wp-content\/uploads\/2025\/09\/19-ICA-SUBGERENTE-800-768x446.jpg 768w, https:\/\/www.agriculturayganaderia.com\/wp-content\/uploads\/2025\/09\/19-ICA-SUBGERENTE-800.jpg 800w\" sizes=\"(max-width: 300px) 100vw, 300px\" \/>      <\/a>\n\n    \n                              <\/div>\n              <div class=\"elespare-content-wrapper\">\n                                \n    <h3 class=\"elespare-post-title\">\n      <a href=\"https:\/\/www.agriculturayganaderia.com\/?p=7910\"> <span>Colombia se mantiene alerta contra la Peste Porcina Africana<\/span><\/a>\n    <\/h3>\n          <div class=\"elespare-metadata\">\n                  <span class=\"post-author\">\n            <a href=\"https:\/\/www.agriculturayganaderia.com\/?author=1\">\n                            Agricultura y Ganader\u00eda            <\/a>\n          <\/span>\n                          <span class=\"elespare-posts-full-post-author\">\n            <a href=\"https:\/\/www.agriculturayganaderia.com\/?m=2025\">\n              <i class=\"demo-icon elespare-icons-clock-regular\" aria-hidden=\"true\"><\/i>\n              septiembre 20, 2025\n            <\/a>\n          <\/span>\n                      <\/div>\n    <div class=\"elespare-exceprt\">\n              <a class=\"read-more-btn\" href=\"https:\/\/www.agriculturayganaderia.com\/?p=7910\">\n    Leer m\u00e1s    <span class=\"screen-reader-text\"> about Colombia se mantiene alerta contra la Peste Porcina Africana<\/span>\n  <\/a>\n      <\/div>\n  \n              <\/div>\n            <\/div>\n                    <div class=\"elespare-posts-grid-post-items\">\n\n              <div class=\"elespare-img-wrapper\">\n                \n      <a href=\"https:\/\/www.agriculturayganaderia.com\/?p=5883\" aria-label=\"Innovaci\u00f3n en la porcicultura colombiana: un paso adelante en salud animal\">\n        <img loading=\"lazy\" decoding=\"async\" width=\"300\" height=\"168\" src=\"https:\/\/www.agriculturayganaderia.com\/wp-content\/uploads\/2025\/04\/0006-Cerdos-en-corral-800-300x168.jpg\" class=\"attachment-medium size-medium wp-post-image\" alt=\"Innovaci\u00f3n en la porcicultura colombiana: un paso adelante en salud animal\" srcset=\"https:\/\/www.agriculturayganaderia.com\/wp-content\/uploads\/2025\/04\/0006-Cerdos-en-corral-800-300x168.jpg 300w, https:\/\/www.agriculturayganaderia.com\/wp-content\/uploads\/2025\/04\/0006-Cerdos-en-corral-800-768x430.jpg 768w, https:\/\/www.agriculturayganaderia.com\/wp-content\/uploads\/2025\/04\/0006-Cerdos-en-corral-800.jpg 800w\" sizes=\"(max-width: 300px) 100vw, 300px\" \/>      <\/a>\n\n    \n                              <\/div>\n              <div class=\"elespare-content-wrapper\">\n                                \n    <h3 class=\"elespare-post-title\">\n      <a href=\"https:\/\/www.agriculturayganaderia.com\/?p=5883\"> <span>Innovaci\u00f3n en la porcicultura colombiana: un paso adelante en salud animal<\/span><\/a>\n    <\/h3>\n          <div class=\"elespare-metadata\">\n                  <span class=\"post-author\">\n            <a href=\"https:\/\/www.agriculturayganaderia.com\/?author=1\">\n                            Agricultura y Ganader\u00eda            <\/a>\n          <\/span>\n                          <span class=\"elespare-posts-full-post-author\">\n            <a href=\"https:\/\/www.agriculturayganaderia.com\/?m=2025\">\n              <i class=\"demo-icon elespare-icons-clock-regular\" aria-hidden=\"true\"><\/i>\n              abril 30, 2025\n            <\/a>\n          <\/span>\n                      <\/div>\n    <div class=\"elespare-exceprt\">\n              <a class=\"read-more-btn\" href=\"https:\/\/www.agriculturayganaderia.com\/?p=5883\">\n    Leer m\u00e1s    <span class=\"screen-reader-text\"> about Innovaci\u00f3n en la porcicultura colombiana: un paso adelante en salud animal<\/span>\n  <\/a>\n      <\/div>\n  \n              <\/div>\n            <\/div>\n              <\/div>\n    <\/div>\n    \t\t\t\t<\/div>\n\t\t\t\t<\/div>\n\t\t\t\t<div class=\"elementor-element elementor-element-da36a73 elementor-align-left elementor-widget elementor-widget-button\" data-id=\"da36a73\" data-element_type=\"widget\" data-e-type=\"widget\" data-widget_type=\"button.default\">\n\t\t\t\t<div class=\"elementor-widget-container\">\n\t\t\t\t\t\t\t\t\t<div class=\"elementor-button-wrapper\">\n\t\t\t\t\t<a class=\"elementor-button elementor-button-link elementor-size-sm elementor-animation-grow\" href=\"https:\/\/www.agriculturayganaderia.com\/?page_id=1745\">\n\t\t\t\t\t\t<span class=\"elementor-button-content-wrapper\">\n\t\t\t\t\t\t\t\t\t<span class=\"elementor-button-text\">SOCIALES<\/span>\n\t\t\t\t\t<\/span>\n\t\t\t\t\t<\/a>\n\t\t\t\t<\/div>\n\t\t\t\t\t\t\t\t<\/div>\n\t\t\t\t<\/div>\n\t\t\t\t<div class=\"elementor-element elementor-element-cd86566 elementor-grid-4 elementor-grid-tablet-2 elementor-grid-mobile-1 elespare-section-title-elespare-left elementor-widget elementor-widget-post-grid\" data-id=\"cd86566\" data-element_type=\"widget\" data-e-type=\"widget\" data-settings=\"{&quot;columns&quot;:&quot;4&quot;,&quot;columns_tablet&quot;:&quot;2&quot;,&quot;columns_mobile&quot;:&quot;1&quot;}\" data-widget_type=\"post-grid.default\">\n\t\t\t\t<div class=\"elementor-widget-container\">\n\t\t\t\t\t    <div class=\"elespare-grid-wrap grid-layout has-background  elespare-has-equal-height\">\n\n      <div class=\"elespare-posts-wrap  elementor-grid grid-style-1  elespare-image-zoom elespare-light \">\n                    <div class=\"elespare-posts-grid-post-items\">\n\n              <div class=\"elespare-img-wrapper\">\n                \n      <a href=\"https:\/\/www.agriculturayganaderia.com\/?p=11353\" aria-label=\"Condecoraci\u00f3n del Senado para El Reportero del Campo\">\n        <img loading=\"lazy\" decoding=\"async\" width=\"300\" height=\"171\" src=\"https:\/\/www.agriculturayganaderia.com\/wp-content\/uploads\/2026\/07\/CONDECORACION-REPORTERO-DEL-CAMPO-800-300x171.jpg\" class=\"attachment-medium size-medium wp-post-image\" alt=\"Condecoraci\u00f3n del Senado para El Reportero del Campo\" srcset=\"https:\/\/www.agriculturayganaderia.com\/wp-content\/uploads\/2026\/07\/CONDECORACION-REPORTERO-DEL-CAMPO-800-300x171.jpg 300w, https:\/\/www.agriculturayganaderia.com\/wp-content\/uploads\/2026\/07\/CONDECORACION-REPORTERO-DEL-CAMPO-800-768x437.jpg 768w, https:\/\/www.agriculturayganaderia.com\/wp-content\/uploads\/2026\/07\/CONDECORACION-REPORTERO-DEL-CAMPO-800.jpg 800w\" sizes=\"(max-width: 300px) 100vw, 300px\" \/>      <\/a>\n\n    \n                              <\/div>\n              <div class=\"elespare-content-wrapper\">\n                                \n    <h3 class=\"elespare-post-title\">\n      <a href=\"https:\/\/www.agriculturayganaderia.com\/?p=11353\"> <span>Condecoraci\u00f3n del Senado para El Reportero del Campo<\/span><\/a>\n    <\/h3>\n          <div class=\"elespare-metadata\">\n                  <span class=\"post-author\">\n            <a href=\"https:\/\/www.agriculturayganaderia.com\/?author=1\">\n                            Agricultura y Ganader\u00eda            <\/a>\n          <\/span>\n                          <span class=\"elespare-posts-full-post-author\">\n            <a href=\"https:\/\/www.agriculturayganaderia.com\/?m=2026\">\n              <i class=\"demo-icon elespare-icons-clock-regular\" aria-hidden=\"true\"><\/i>\n              julio 23, 2026\n            <\/a>\n          <\/span>\n                      <\/div>\n    <div class=\"elespare-exceprt\">\n              <a class=\"read-more-btn\" href=\"https:\/\/www.agriculturayganaderia.com\/?p=11353\">\n    Leer m\u00e1s    <span class=\"screen-reader-text\"> about Condecoraci\u00f3n del Senado para El Reportero del Campo<\/span>\n  <\/a>\n      <\/div>\n  \n              <\/div>\n            <\/div>\n                    <div class=\"elespare-posts-grid-post-items\">\n\n              <div class=\"elespare-img-wrapper\">\n                \n      <a href=\"https:\/\/www.agriculturayganaderia.com\/?p=10531\" aria-label=\"SAC otorga Orden al M\u00e9rito Agr\u00edcola a Augusto Solano Mej\u00eda\">\n        <img loading=\"lazy\" decoding=\"async\" width=\"300\" height=\"171\" src=\"https:\/\/www.agriculturayganaderia.com\/wp-content\/uploads\/2026\/05\/04-Junta-Asocolflores-800-300x171.jpg\" class=\"attachment-medium size-medium wp-post-image\" alt=\"SAC otorga Orden al M\u00e9rito Agr\u00edcola a Augusto Solano Mej\u00eda\" srcset=\"https:\/\/www.agriculturayganaderia.com\/wp-content\/uploads\/2026\/05\/04-Junta-Asocolflores-800-300x171.jpg 300w, https:\/\/www.agriculturayganaderia.com\/wp-content\/uploads\/2026\/05\/04-Junta-Asocolflores-800-768x439.jpg 768w, https:\/\/www.agriculturayganaderia.com\/wp-content\/uploads\/2026\/05\/04-Junta-Asocolflores-800.jpg 800w\" sizes=\"(max-width: 300px) 100vw, 300px\" \/>      <\/a>\n\n    \n                              <\/div>\n              <div class=\"elespare-content-wrapper\">\n                                \n    <h3 class=\"elespare-post-title\">\n      <a href=\"https:\/\/www.agriculturayganaderia.com\/?p=10531\"> <span>SAC otorga Orden al M\u00e9rito Agr\u00edcola a Augusto Solano Mej\u00eda<\/span><\/a>\n    <\/h3>\n          <div class=\"elespare-metadata\">\n                  <span class=\"post-author\">\n            <a href=\"https:\/\/www.agriculturayganaderia.com\/?author=1\">\n                            Agricultura y Ganader\u00eda            <\/a>\n          <\/span>\n                          <span class=\"elespare-posts-full-post-author\">\n            <a href=\"https:\/\/www.agriculturayganaderia.com\/?m=2026\">\n              <i class=\"demo-icon elespare-icons-clock-regular\" aria-hidden=\"true\"><\/i>\n              mayo 5, 2026\n            <\/a>\n          <\/span>\n                      <\/div>\n    <div class=\"elespare-exceprt\">\n              <a class=\"read-more-btn\" href=\"https:\/\/www.agriculturayganaderia.com\/?p=10531\">\n    Leer m\u00e1s    <span class=\"screen-reader-text\"> about SAC otorga Orden al M\u00e9rito Agr\u00edcola a Augusto Solano Mej\u00eda<\/span>\n  <\/a>\n      <\/div>\n  \n              <\/div>\n            <\/div>\n                    <div class=\"elespare-posts-grid-post-items\">\n\n              <div class=\"elespare-img-wrapper\">\n                \n      <a href=\"https:\/\/www.agriculturayganaderia.com\/?p=10280\" aria-label=\"Laura Valdivieso asumir\u00e1 la presidencia de Asocolflores\">\n        <img loading=\"lazy\" decoding=\"async\" width=\"300\" height=\"171\" src=\"https:\/\/www.agriculturayganaderia.com\/wp-content\/uploads\/2026\/04\/13-Laura-Valdivieso-Presidena-Asocolflores-800-300x171.jpg\" class=\"attachment-medium size-medium wp-post-image\" alt=\"Laura Valdivieso asumir\u00e1 la presidencia de Asocolflores\" srcset=\"https:\/\/www.agriculturayganaderia.com\/wp-content\/uploads\/2026\/04\/13-Laura-Valdivieso-Presidena-Asocolflores-800-300x171.jpg 300w, https:\/\/www.agriculturayganaderia.com\/wp-content\/uploads\/2026\/04\/13-Laura-Valdivieso-Presidena-Asocolflores-800-768x437.jpg 768w, https:\/\/www.agriculturayganaderia.com\/wp-content\/uploads\/2026\/04\/13-Laura-Valdivieso-Presidena-Asocolflores-800.jpg 800w\" sizes=\"(max-width: 300px) 100vw, 300px\" \/>      <\/a>\n\n    \n                              <\/div>\n              <div class=\"elespare-content-wrapper\">\n                                \n    <h3 class=\"elespare-post-title\">\n      <a href=\"https:\/\/www.agriculturayganaderia.com\/?p=10280\"> <span>Laura Valdivieso asumir\u00e1 la presidencia de Asocolflores<\/span><\/a>\n    <\/h3>\n          <div class=\"elespare-metadata\">\n                  <span class=\"post-author\">\n            <a href=\"https:\/\/www.agriculturayganaderia.com\/?author=1\">\n                            Agricultura y Ganader\u00eda            <\/a>\n          <\/span>\n                          <span class=\"elespare-posts-full-post-author\">\n            <a href=\"https:\/\/www.agriculturayganaderia.com\/?m=2026\">\n              <i class=\"demo-icon elespare-icons-clock-regular\" aria-hidden=\"true\"><\/i>\n              abril 14, 2026\n            <\/a>\n          <\/span>\n                      <\/div>\n    <div class=\"elespare-exceprt\">\n              <a class=\"read-more-btn\" href=\"https:\/\/www.agriculturayganaderia.com\/?p=10280\">\n    Leer m\u00e1s    <span class=\"screen-reader-text\"> about Laura Valdivieso asumir\u00e1 la presidencia de Asocolflores<\/span>\n  <\/a>\n      <\/div>\n  \n              <\/div>\n            <\/div>\n                    <div class=\"elespare-posts-grid-post-items\">\n\n              <div class=\"elespare-img-wrapper\">\n                \n      <a href=\"https:\/\/www.agriculturayganaderia.com\/?p=9406\" aria-label=\"Eduardo Jos\u00e9 Graterol, nuevo director general de Cenipalma\">\n        <img loading=\"lazy\" decoding=\"async\" width=\"300\" height=\"172\" src=\"https:\/\/www.agriculturayganaderia.com\/wp-content\/uploads\/2026\/02\/CENIPALMA-800-300x172.jpg\" class=\"attachment-medium size-medium wp-post-image\" alt=\"Eduardo Jos\u00e9 Graterol, nuevo director general de Cenipalma\" srcset=\"https:\/\/www.agriculturayganaderia.com\/wp-content\/uploads\/2026\/02\/CENIPALMA-800-300x172.jpg 300w, https:\/\/www.agriculturayganaderia.com\/wp-content\/uploads\/2026\/02\/CENIPALMA-800-768x441.jpg 768w, https:\/\/www.agriculturayganaderia.com\/wp-content\/uploads\/2026\/02\/CENIPALMA-800.jpg 800w\" sizes=\"(max-width: 300px) 100vw, 300px\" \/>      <\/a>\n\n    \n                              <\/div>\n              <div class=\"elespare-content-wrapper\">\n                                \n    <h3 class=\"elespare-post-title\">\n      <a href=\"https:\/\/www.agriculturayganaderia.com\/?p=9406\"> <span>Eduardo Jos\u00e9 Graterol, nuevo director general de Cenipalma<\/span><\/a>\n    <\/h3>\n          <div class=\"elespare-metadata\">\n                  <span class=\"post-author\">\n            <a href=\"https:\/\/www.agriculturayganaderia.com\/?author=1\">\n                            Agricultura y Ganader\u00eda            <\/a>\n          <\/span>\n                          <span class=\"elespare-posts-full-post-author\">\n            <a href=\"https:\/\/www.agriculturayganaderia.com\/?m=2026\">\n              <i class=\"demo-icon elespare-icons-clock-regular\" aria-hidden=\"true\"><\/i>\n              febrero 2, 2026\n            <\/a>\n          <\/span>\n                      <\/div>\n    <div class=\"elespare-exceprt\">\n              <a class=\"read-more-btn\" href=\"https:\/\/www.agriculturayganaderia.com\/?p=9406\">\n    Leer m\u00e1s    <span class=\"screen-reader-text\"> about Eduardo Jos\u00e9 Graterol, nuevo director general de Cenipalma<\/span>\n  <\/a>\n      <\/div>\n  \n              <\/div>\n            <\/div>\n              <\/div>\n    <\/div>\n    \t\t\t\t<\/div>\n\t\t\t\t<\/div>\n\t\t\t\t<div class=\"elementor-element elementor-element-9cfefb4 elementor-align-left elementor-widget elementor-widget-button\" data-id=\"9cfefb4\" data-element_type=\"widget\" data-e-type=\"widget\" data-widget_type=\"button.default\">\n\t\t\t\t<div class=\"elementor-widget-container\">\n\t\t\t\t\t\t\t\t\t<div class=\"elementor-button-wrapper\">\n\t\t\t\t\t<a class=\"elementor-button elementor-button-link elementor-size-sm elementor-animation-grow\" href=\"https:\/\/www.agriculturayganaderia.com\/?page_id=1750\">\n\t\t\t\t\t\t<span class=\"elementor-button-content-wrapper\">\n\t\t\t\t\t\t\t\t\t<span class=\"elementor-button-text\">TECNOLOG\u00cdA<\/span>\n\t\t\t\t\t<\/span>\n\t\t\t\t\t<\/a>\n\t\t\t\t<\/div>\n\t\t\t\t\t\t\t\t<\/div>\n\t\t\t\t<\/div>\n\t\t\t\t<div class=\"elementor-element elementor-element-0c73aea elementor-grid-4 elementor-grid-tablet-2 elementor-grid-mobile-1 elespare-section-title-elespare-left elementor-widget elementor-widget-post-grid\" data-id=\"0c73aea\" data-element_type=\"widget\" data-e-type=\"widget\" data-settings=\"{&quot;columns&quot;:&quot;4&quot;,&quot;columns_tablet&quot;:&quot;2&quot;,&quot;columns_mobile&quot;:&quot;1&quot;}\" data-widget_type=\"post-grid.default\">\n\t\t\t\t<div class=\"elementor-widget-container\">\n\t\t\t\t\t    <div class=\"elespare-grid-wrap grid-layout has-background  elespare-has-equal-height\">\n\n      <div class=\"elespare-posts-wrap  elementor-grid grid-style-1  elespare-image-zoom elespare-light \">\n                    <div class=\"elespare-posts-grid-post-items\">\n\n              <div class=\"elespare-img-wrapper\">\n                \n      <a href=\"https:\/\/www.agriculturayganaderia.com\/?p=11041\" aria-label=\"Ponen en marcha proyecto para combatir el rebrote de la mosca del gusano barrenador del ganado\">\n        <img loading=\"lazy\" decoding=\"async\" width=\"300\" height=\"171\" src=\"https:\/\/www.agriculturayganaderia.com\/wp-content\/uploads\/2026\/06\/22-FAO-GUSANO-800-300x171.jpg\" class=\"attachment-medium size-medium wp-post-image\" alt=\"Ponen en marcha proyecto para combatir el rebrote de la mosca del gusano barrenador del ganado\" srcset=\"https:\/\/www.agriculturayganaderia.com\/wp-content\/uploads\/2026\/06\/22-FAO-GUSANO-800-300x171.jpg 300w, https:\/\/www.agriculturayganaderia.com\/wp-content\/uploads\/2026\/06\/22-FAO-GUSANO-800-768x438.jpg 768w, https:\/\/www.agriculturayganaderia.com\/wp-content\/uploads\/2026\/06\/22-FAO-GUSANO-800.jpg 800w\" sizes=\"(max-width: 300px) 100vw, 300px\" \/>      <\/a>\n\n    \n                              <\/div>\n              <div class=\"elespare-content-wrapper\">\n                                \n    <h3 class=\"elespare-post-title\">\n      <a href=\"https:\/\/www.agriculturayganaderia.com\/?p=11041\"> <span>Ponen en marcha proyecto para combatir el rebrote de la mosca del gusano barrenador del ganado<\/span><\/a>\n    <\/h3>\n          <div class=\"elespare-metadata\">\n                  <span class=\"post-author\">\n            <a href=\"https:\/\/www.agriculturayganaderia.com\/?author=1\">\n                            Agricultura y Ganader\u00eda            <\/a>\n          <\/span>\n                          <span class=\"elespare-posts-full-post-author\">\n            <a href=\"https:\/\/www.agriculturayganaderia.com\/?m=2026\">\n              <i class=\"demo-icon elespare-icons-clock-regular\" aria-hidden=\"true\"><\/i>\n              junio 23, 2026\n            <\/a>\n          <\/span>\n                      <\/div>\n    <div class=\"elespare-exceprt\">\n              <a class=\"read-more-btn\" href=\"https:\/\/www.agriculturayganaderia.com\/?p=11041\">\n    Leer m\u00e1s    <span class=\"screen-reader-text\"> about Ponen en marcha proyecto para combatir el rebrote de la mosca del gusano barrenador del ganado<\/span>\n  <\/a>\n      <\/div>\n  \n              <\/div>\n            <\/div>\n                    <div class=\"elespare-posts-grid-post-items\">\n\n              <div class=\"elespare-img-wrapper\">\n                \n      <a href=\"https:\/\/www.agriculturayganaderia.com\/?p=11036\" aria-label=\"Paneles solares transforman la vida de comunidades rurales\">\n        <img loading=\"lazy\" decoding=\"async\" width=\"300\" height=\"170\" src=\"https:\/\/www.agriculturayganaderia.com\/wp-content\/uploads\/2026\/06\/22-Paneles-solares-800-300x170.jpg\" class=\"attachment-medium size-medium wp-post-image\" alt=\"Paneles solares transforman la vida de comunidades rurales\" srcset=\"https:\/\/www.agriculturayganaderia.com\/wp-content\/uploads\/2026\/06\/22-Paneles-solares-800-300x170.jpg 300w, https:\/\/www.agriculturayganaderia.com\/wp-content\/uploads\/2026\/06\/22-Paneles-solares-800-768x436.jpg 768w, https:\/\/www.agriculturayganaderia.com\/wp-content\/uploads\/2026\/06\/22-Paneles-solares-800.jpg 800w\" sizes=\"(max-width: 300px) 100vw, 300px\" \/>      <\/a>\n\n    \n                              <\/div>\n              <div class=\"elespare-content-wrapper\">\n                                \n    <h3 class=\"elespare-post-title\">\n      <a href=\"https:\/\/www.agriculturayganaderia.com\/?p=11036\"> <span>Paneles solares transforman la vida de comunidades rurales<\/span><\/a>\n    <\/h3>\n          <div class=\"elespare-metadata\">\n                  <span class=\"post-author\">\n            <a href=\"https:\/\/www.agriculturayganaderia.com\/?author=1\">\n                            Agricultura y Ganader\u00eda            <\/a>\n          <\/span>\n                          <span class=\"elespare-posts-full-post-author\">\n            <a href=\"https:\/\/www.agriculturayganaderia.com\/?m=2026\">\n              <i class=\"demo-icon elespare-icons-clock-regular\" aria-hidden=\"true\"><\/i>\n              junio 22, 2026\n            <\/a>\n          <\/span>\n                      <\/div>\n    <div class=\"elespare-exceprt\">\n              <a class=\"read-more-btn\" href=\"https:\/\/www.agriculturayganaderia.com\/?p=11036\">\n    Leer m\u00e1s    <span class=\"screen-reader-text\"> about Paneles solares transforman la vida de comunidades rurales<\/span>\n  <\/a>\n      <\/div>\n  \n              <\/div>\n            <\/div>\n                    <div class=\"elespare-posts-grid-post-items\">\n\n              <div class=\"elespare-img-wrapper\">\n                \n      <a href=\"https:\/\/www.agriculturayganaderia.com\/?p=10264\" aria-label=\"Nanotecnolog\u00eda: El Eslab\u00f3n Perdido para una Cadena de Fr\u00edo Sostenible y Eficiente\">\n        <img loading=\"lazy\" decoding=\"async\" width=\"300\" height=\"175\" src=\"https:\/\/www.agriculturayganaderia.com\/wp-content\/uploads\/2026\/04\/Foto-PORTADA-2-Agricultor-con-Logo-800-300x175.jpg\" class=\"attachment-medium size-medium wp-post-image\" alt=\"Nanotecnolog\u00eda: El Eslab\u00f3n Perdido para una Cadena de Fr\u00edo Sostenible y Eficiente\" srcset=\"https:\/\/www.agriculturayganaderia.com\/wp-content\/uploads\/2026\/04\/Foto-PORTADA-2-Agricultor-con-Logo-800-300x175.jpg 300w, https:\/\/www.agriculturayganaderia.com\/wp-content\/uploads\/2026\/04\/Foto-PORTADA-2-Agricultor-con-Logo-800-768x447.jpg 768w, https:\/\/www.agriculturayganaderia.com\/wp-content\/uploads\/2026\/04\/Foto-PORTADA-2-Agricultor-con-Logo-800.jpg 800w\" sizes=\"(max-width: 300px) 100vw, 300px\" \/>      <\/a>\n\n    \n                              <\/div>\n              <div class=\"elespare-content-wrapper\">\n                                \n    <h3 class=\"elespare-post-title\">\n      <a href=\"https:\/\/www.agriculturayganaderia.com\/?p=10264\"> <span>Nanotecnolog\u00eda: El Eslab\u00f3n Perdido para una Cadena de Fr\u00edo Sostenible y Eficiente<\/span><\/a>\n    <\/h3>\n          <div class=\"elespare-metadata\">\n                  <span class=\"post-author\">\n            <a href=\"https:\/\/www.agriculturayganaderia.com\/?author=1\">\n                            Agricultura y Ganader\u00eda            <\/a>\n          <\/span>\n                          <span class=\"elespare-posts-full-post-author\">\n            <a href=\"https:\/\/www.agriculturayganaderia.com\/?m=2026\">\n              <i class=\"demo-icon elespare-icons-clock-regular\" aria-hidden=\"true\"><\/i>\n              abril 13, 2026\n            <\/a>\n          <\/span>\n                      <\/div>\n    <div class=\"elespare-exceprt\">\n              <a class=\"read-more-btn\" href=\"https:\/\/www.agriculturayganaderia.com\/?p=10264\">\n    Leer m\u00e1s    <span class=\"screen-reader-text\"> about Nanotecnolog\u00eda: El Eslab\u00f3n Perdido para una Cadena de Fr\u00edo Sostenible y Eficiente<\/span>\n  <\/a>\n      <\/div>\n  \n              <\/div>\n            <\/div>\n                    <div class=\"elespare-posts-grid-post-items\">\n\n              <div class=\"elespare-img-wrapper\">\n                \n      <a href=\"https:\/\/www.agriculturayganaderia.com\/?p=10088\" aria-label=\"Zanahorias descartadas por su forma y aspecto tienen m\u00e1s antioxidantes que las &#8220;normales&#8221;\">\n        <img loading=\"lazy\" decoding=\"async\" width=\"300\" height=\"168\" src=\"https:\/\/www.agriculturayganaderia.com\/wp-content\/uploads\/2026\/03\/26-Imagen-Zanahorias-800-300x168.jpg\" class=\"attachment-medium size-medium wp-post-image\" alt=\"Zanahorias descartadas por su forma y aspecto tienen m\u00e1s antioxidantes que las &#8220;normales&#8221;\" srcset=\"https:\/\/www.agriculturayganaderia.com\/wp-content\/uploads\/2026\/03\/26-Imagen-Zanahorias-800-300x168.jpg 300w, https:\/\/www.agriculturayganaderia.com\/wp-content\/uploads\/2026\/03\/26-Imagen-Zanahorias-800-768x430.jpg 768w, https:\/\/www.agriculturayganaderia.com\/wp-content\/uploads\/2026\/03\/26-Imagen-Zanahorias-800.jpg 800w\" sizes=\"(max-width: 300px) 100vw, 300px\" \/>      <\/a>\n\n    \n                              <\/div>\n              <div class=\"elespare-content-wrapper\">\n                                \n    <h3 class=\"elespare-post-title\">\n      <a href=\"https:\/\/www.agriculturayganaderia.com\/?p=10088\"> <span>Zanahorias descartadas por su forma y aspecto tienen m\u00e1s antioxidantes que las &#8220;normales&#8221;<\/span><\/a>\n    <\/h3>\n          <div class=\"elespare-metadata\">\n                  <span class=\"post-author\">\n            <a href=\"https:\/\/www.agriculturayganaderia.com\/?author=1\">\n                            Agricultura y Ganader\u00eda            <\/a>\n          <\/span>\n                          <span class=\"elespare-posts-full-post-author\">\n            <a href=\"https:\/\/www.agriculturayganaderia.com\/?m=2026\">\n              <i class=\"demo-icon elespare-icons-clock-regular\" aria-hidden=\"true\"><\/i>\n              marzo 26, 2026\n            <\/a>\n          <\/span>\n                      <\/div>\n    <div class=\"elespare-exceprt\">\n              <a class=\"read-more-btn\" href=\"https:\/\/www.agriculturayganaderia.com\/?p=10088\">\n    Leer m\u00e1s    <span class=\"screen-reader-text\"> about Zanahorias descartadas por su forma y aspecto tienen m\u00e1s antioxidantes que las &#8220;normales&#8221;<\/span>\n  <\/a>\n      <\/div>\n  \n              <\/div>\n            <\/div>\n              <\/div>\n    <\/div>\n    \t\t\t\t<\/div>\n\t\t\t\t<\/div>\n\t\t\t\t<div class=\"elementor-element elementor-element-2aa95fc elementor-align-left elementor-widget elementor-widget-button\" data-id=\"2aa95fc\" data-element_type=\"widget\" data-e-type=\"widget\" data-widget_type=\"button.default\">\n\t\t\t\t<div class=\"elementor-widget-container\">\n\t\t\t\t\t\t\t\t\t<div class=\"elementor-button-wrapper\">\n\t\t\t\t\t<a class=\"elementor-button elementor-button-link elementor-size-sm elementor-animation-grow\" href=\"https:\/\/www.agriculturayganaderia.com\/?page_id=1755\">\n\t\t\t\t\t\t<span class=\"elementor-button-content-wrapper\">\n\t\t\t\t\t\t\t\t\t<span class=\"elementor-button-text\">TENDENCIAS<\/span>\n\t\t\t\t\t<\/span>\n\t\t\t\t\t<\/a>\n\t\t\t\t<\/div>\n\t\t\t\t\t\t\t\t<\/div>\n\t\t\t\t<\/div>\n\t\t\t\t<div class=\"elementor-element elementor-element-479701d elementor-grid-4 elementor-grid-tablet-2 elementor-grid-mobile-1 elespare-section-title-elespare-left elementor-widget elementor-widget-post-grid\" data-id=\"479701d\" data-element_type=\"widget\" data-e-type=\"widget\" data-settings=\"{&quot;columns&quot;:&quot;4&quot;,&quot;columns_tablet&quot;:&quot;2&quot;,&quot;columns_mobile&quot;:&quot;1&quot;}\" data-widget_type=\"post-grid.default\">\n\t\t\t\t<div class=\"elementor-widget-container\">\n\t\t\t\t\t    <div class=\"elespare-grid-wrap grid-layout has-background  elespare-has-equal-height\">\n\n      <div class=\"elespare-posts-wrap  elementor-grid grid-style-1  elespare-image-zoom elespare-light \">\n                    <div class=\"elespare-posts-grid-post-items\">\n\n              <div class=\"elespare-img-wrapper\">\n                \n      <a href=\"https:\/\/www.agriculturayganaderia.com\/?p=10977\" aria-label=\"Cuidar el suelo para alimentar el futuro\">\n        <img loading=\"lazy\" decoding=\"async\" width=\"300\" height=\"171\" src=\"https:\/\/www.agriculturayganaderia.com\/wp-content\/uploads\/2026\/06\/17-Agricultora-FAO-800-300x171.jpg\" class=\"attachment-medium size-medium wp-post-image\" alt=\"Cuidar el suelo para alimentar el futuro\" srcset=\"https:\/\/www.agriculturayganaderia.com\/wp-content\/uploads\/2026\/06\/17-Agricultora-FAO-800-300x171.jpg 300w, https:\/\/www.agriculturayganaderia.com\/wp-content\/uploads\/2026\/06\/17-Agricultora-FAO-800-768x439.jpg 768w, https:\/\/www.agriculturayganaderia.com\/wp-content\/uploads\/2026\/06\/17-Agricultora-FAO-800.jpg 800w\" sizes=\"(max-width: 300px) 100vw, 300px\" \/>      <\/a>\n\n    \n                              <\/div>\n              <div class=\"elespare-content-wrapper\">\n                                \n    <h3 class=\"elespare-post-title\">\n      <a href=\"https:\/\/www.agriculturayganaderia.com\/?p=10977\"> <span>Cuidar el suelo para alimentar el futuro<\/span><\/a>\n    <\/h3>\n          <div class=\"elespare-metadata\">\n                  <span class=\"post-author\">\n            <a href=\"https:\/\/www.agriculturayganaderia.com\/?author=1\">\n                            Agricultura y Ganader\u00eda            <\/a>\n          <\/span>\n                          <span class=\"elespare-posts-full-post-author\">\n            <a href=\"https:\/\/www.agriculturayganaderia.com\/?m=2026\">\n              <i class=\"demo-icon elespare-icons-clock-regular\" aria-hidden=\"true\"><\/i>\n              junio 17, 2026\n            <\/a>\n          <\/span>\n                      <\/div>\n    <div class=\"elespare-exceprt\">\n              <a class=\"read-more-btn\" href=\"https:\/\/www.agriculturayganaderia.com\/?p=10977\">\n    Leer m\u00e1s    <span class=\"screen-reader-text\"> about Cuidar el suelo para alimentar el futuro<\/span>\n  <\/a>\n      <\/div>\n  \n              <\/div>\n            <\/div>\n                    <div class=\"elespare-posts-grid-post-items\">\n\n              <div class=\"elespare-img-wrapper\">\n                \n      <a href=\"https:\/\/www.agriculturayganaderia.com\/?p=10831\" aria-label=\"Tierras raras, el recurso del siglo XXI que Colombia a\u00fan no explora a fondo\">\n        <img loading=\"lazy\" decoding=\"async\" width=\"300\" height=\"170\" src=\"https:\/\/www.agriculturayganaderia.com\/wp-content\/uploads\/2026\/06\/2-Tierras-raras-800-300x170.jpg\" class=\"attachment-medium size-medium wp-post-image\" alt=\"Tierras raras, el recurso del siglo XXI que Colombia a\u00fan no explora a fondo\" srcset=\"https:\/\/www.agriculturayganaderia.com\/wp-content\/uploads\/2026\/06\/2-Tierras-raras-800-300x170.jpg 300w, https:\/\/www.agriculturayganaderia.com\/wp-content\/uploads\/2026\/06\/2-Tierras-raras-800-768x434.jpg 768w, https:\/\/www.agriculturayganaderia.com\/wp-content\/uploads\/2026\/06\/2-Tierras-raras-800.jpg 800w\" sizes=\"(max-width: 300px) 100vw, 300px\" \/>      <\/a>\n\n    \n                              <\/div>\n              <div class=\"elespare-content-wrapper\">\n                                \n    <h3 class=\"elespare-post-title\">\n      <a href=\"https:\/\/www.agriculturayganaderia.com\/?p=10831\"> <span>Tierras raras, el recurso del siglo XXI que Colombia a\u00fan no explora a fondo<\/span><\/a>\n    <\/h3>\n          <div class=\"elespare-metadata\">\n                  <span class=\"post-author\">\n            <a href=\"https:\/\/www.agriculturayganaderia.com\/?author=1\">\n                            Agricultura y Ganader\u00eda            <\/a>\n          <\/span>\n                          <span class=\"elespare-posts-full-post-author\">\n            <a href=\"https:\/\/www.agriculturayganaderia.com\/?m=2026\">\n              <i class=\"demo-icon elespare-icons-clock-regular\" aria-hidden=\"true\"><\/i>\n              junio 3, 2026\n            <\/a>\n          <\/span>\n                      <\/div>\n    <div class=\"elespare-exceprt\">\n              <a class=\"read-more-btn\" href=\"https:\/\/www.agriculturayganaderia.com\/?p=10831\">\n    Leer m\u00e1s    <span class=\"screen-reader-text\"> about Tierras raras, el recurso del siglo XXI que Colombia a\u00fan no explora a fondo<\/span>\n  <\/a>\n      <\/div>\n  \n              <\/div>\n            <\/div>\n                    <div class=\"elespare-posts-grid-post-items\">\n\n              <div class=\"elespare-img-wrapper\">\n                \n      <a href=\"https:\/\/www.agriculturayganaderia.com\/?p=10693\" aria-label=\"El campo colombiano avanza con paso firme hacia nuevos mercados internacionales\">\n        <img loading=\"lazy\" decoding=\"async\" width=\"300\" height=\"181\" src=\"https:\/\/www.agriculturayganaderia.com\/wp-content\/uploads\/2026\/05\/15-ICA-Avanza-en-el-mundo-800-300x181.jpg\" class=\"attachment-medium size-medium wp-post-image\" alt=\"El campo colombiano avanza con paso firme hacia nuevos mercados internacionales\" srcset=\"https:\/\/www.agriculturayganaderia.com\/wp-content\/uploads\/2026\/05\/15-ICA-Avanza-en-el-mundo-800-300x181.jpg 300w, https:\/\/www.agriculturayganaderia.com\/wp-content\/uploads\/2026\/05\/15-ICA-Avanza-en-el-mundo-800-768x464.jpg 768w, https:\/\/www.agriculturayganaderia.com\/wp-content\/uploads\/2026\/05\/15-ICA-Avanza-en-el-mundo-800.jpg 800w\" sizes=\"(max-width: 300px) 100vw, 300px\" \/>      <\/a>\n\n    \n                              <\/div>\n              <div class=\"elespare-content-wrapper\">\n                                \n    <h3 class=\"elespare-post-title\">\n      <a href=\"https:\/\/www.agriculturayganaderia.com\/?p=10693\"> <span>El campo colombiano avanza con paso firme hacia nuevos mercados internacionales<\/span><\/a>\n    <\/h3>\n          <div class=\"elespare-metadata\">\n                  <span class=\"post-author\">\n            <a href=\"https:\/\/www.agriculturayganaderia.com\/?author=1\">\n                            Agricultura y Ganader\u00eda            <\/a>\n          <\/span>\n                          <span class=\"elespare-posts-full-post-author\">\n            <a href=\"https:\/\/www.agriculturayganaderia.com\/?m=2026\">\n              <i class=\"demo-icon elespare-icons-clock-regular\" aria-hidden=\"true\"><\/i>\n              mayo 16, 2026\n            <\/a>\n          <\/span>\n                      <\/div>\n    <div class=\"elespare-exceprt\">\n              <a class=\"read-more-btn\" href=\"https:\/\/www.agriculturayganaderia.com\/?p=10693\">\n    Leer m\u00e1s    <span class=\"screen-reader-text\"> about El campo colombiano avanza con paso firme hacia nuevos mercados internacionales<\/span>\n  <\/a>\n      <\/div>\n  \n              <\/div>\n            <\/div>\n                    <div class=\"elespare-posts-grid-post-items\">\n\n              <div class=\"elespare-img-wrapper\">\n                \n      <a href=\"https:\/\/www.agriculturayganaderia.com\/?p=10629\" aria-label=\"Cultivos sanos, alimentos seguros: la bioseguridad vegetal empieza antes de que la comida llegue a la mesa\">\n        <img loading=\"lazy\" decoding=\"async\" width=\"300\" height=\"169\" src=\"https:\/\/www.agriculturayganaderia.com\/wp-content\/uploads\/2026\/05\/12-Cultivos-cuidados-800-300x169.jpg\" class=\"attachment-medium size-medium wp-post-image\" alt=\"Cultivos sanos, alimentos seguros: la bioseguridad vegetal empieza antes de que la comida llegue a la mesa\" srcset=\"https:\/\/www.agriculturayganaderia.com\/wp-content\/uploads\/2026\/05\/12-Cultivos-cuidados-800-300x169.jpg 300w, https:\/\/www.agriculturayganaderia.com\/wp-content\/uploads\/2026\/05\/12-Cultivos-cuidados-800-768x433.jpg 768w, https:\/\/www.agriculturayganaderia.com\/wp-content\/uploads\/2026\/05\/12-Cultivos-cuidados-800.jpg 800w\" sizes=\"(max-width: 300px) 100vw, 300px\" \/>      <\/a>\n\n    \n                              <\/div>\n              <div class=\"elespare-content-wrapper\">\n                                \n    <h3 class=\"elespare-post-title\">\n      <a href=\"https:\/\/www.agriculturayganaderia.com\/?p=10629\"> <span>Cultivos sanos, alimentos seguros: la bioseguridad vegetal empieza antes de que la comida llegue a la mesa<\/span><\/a>\n    <\/h3>\n          <div class=\"elespare-metadata\">\n                  <span class=\"post-author\">\n            <a href=\"https:\/\/www.agriculturayganaderia.com\/?author=1\">\n                            Agricultura y Ganader\u00eda            <\/a>\n          <\/span>\n                          <span class=\"elespare-posts-full-post-author\">\n            <a href=\"https:\/\/www.agriculturayganaderia.com\/?m=2026\">\n              <i class=\"demo-icon elespare-icons-clock-regular\" aria-hidden=\"true\"><\/i>\n              mayo 12, 2026\n            <\/a>\n          <\/span>\n                      <\/div>\n    <div class=\"elespare-exceprt\">\n              <a class=\"read-more-btn\" href=\"https:\/\/www.agriculturayganaderia.com\/?p=10629\">\n    Leer m\u00e1s    <span class=\"screen-reader-text\"> about Cultivos sanos, alimentos seguros: la bioseguridad vegetal empieza antes de que la comida llegue a la mesa<\/span>\n  <\/a>\n      <\/div>\n  \n              <\/div>\n            <\/div>\n              <\/div>\n    <\/div>\n    \t\t\t\t<\/div>\n\t\t\t\t<\/div>\n\t\t\t\t<div class=\"elementor-element elementor-element-9961d06 elementor-grid-4 elementor-grid-tablet-2 elementor-grid-mobile-1 elespare-section-title-elespare-left elementor-widget elementor-widget-post-grid\" data-id=\"9961d06\" data-element_type=\"widget\" data-e-type=\"widget\" data-settings=\"{&quot;columns&quot;:&quot;4&quot;,&quot;columns_tablet&quot;:&quot;2&quot;,&quot;columns_mobile&quot;:&quot;1&quot;}\" data-widget_type=\"post-grid.default\">\n\t\t\t\t<div class=\"elementor-widget-container\">\n\t\t\t\t\t<div class=\"elespare-widget-title-section title-style-2 elespare-left\">\n\t\t\t\t<h2 class=\"elespare-widget-title\">\n\t\t\t\t\t<span class=\"elespare-section-title-before\"><\/span>\n\t\t\t\t\t<span class=\"elespare-section-title\">OPINI\u00d3N<\/span>\n\t\t\t\t\t<span class=\"elespare-section-title-after\"><\/span>\n\t\t\t\t<\/h2>\n\t\t\t<\/div>    <div class=\"elespare-grid-wrap grid-layout has-background  elespare-has-equal-height\">\n\n      <div class=\"elespare-posts-wrap  elementor-grid grid-style-1  elespare-image-zoom elespare-light \">\n                    <div class=\"elespare-posts-grid-post-items\">\n\n              <div class=\"elespare-img-wrapper\">\n                \n      <a href=\"https:\/\/www.agriculturayganaderia.com\/?p=11668\" aria-label=\"ES AHORA O NUNCA\">\n        <img loading=\"lazy\" decoding=\"async\" width=\"300\" height=\"173\" src=\"https:\/\/www.agriculturayganaderia.com\/wp-content\/uploads\/2026\/08\/035-frigocolanta-800-300x173.jpg\" class=\"attachment-medium size-medium wp-post-image\" alt=\"ES AHORA O NUNCA\" srcset=\"https:\/\/www.agriculturayganaderia.com\/wp-content\/uploads\/2026\/08\/035-frigocolanta-800-300x173.jpg 300w, https:\/\/www.agriculturayganaderia.com\/wp-content\/uploads\/2026\/08\/035-frigocolanta-800-768x443.jpg 768w, https:\/\/www.agriculturayganaderia.com\/wp-content\/uploads\/2026\/08\/035-frigocolanta-800.jpg 800w\" sizes=\"(max-width: 300px) 100vw, 300px\" \/>      <\/a>\n\n    \n                              <\/div>\n              <div class=\"elespare-content-wrapper\">\n                                \n    <h3 class=\"elespare-post-title\">\n      <a href=\"https:\/\/www.agriculturayganaderia.com\/?p=11668\"> <span>ES AHORA O NUNCA<\/span><\/a>\n    <\/h3>\n          <div class=\"elespare-metadata\">\n                  <span class=\"post-author\">\n            <a href=\"https:\/\/www.agriculturayganaderia.com\/?author=1\">\n                            Agricultura y Ganader\u00eda            <\/a>\n          <\/span>\n                          <span class=\"elespare-posts-full-post-author\">\n            <a href=\"https:\/\/www.agriculturayganaderia.com\/?m=2026\">\n              <i class=\"demo-icon elespare-icons-clock-regular\" aria-hidden=\"true\"><\/i>\n              agosto 29, 2026\n            <\/a>\n          <\/span>\n                      <\/div>\n    <div class=\"elespare-exceprt\">\n              <a class=\"read-more-btn\" href=\"https:\/\/www.agriculturayganaderia.com\/?p=11668\">\n    Leer m\u00e1s    <span class=\"screen-reader-text\"> about ES AHORA O NUNCA<\/span>\n  <\/a>\n      <\/div>\n  \n              <\/div>\n            <\/div>\n                    <div class=\"elespare-posts-grid-post-items\">\n\n              <div class=\"elespare-img-wrapper\">\n                \n      <a href=\"https:\/\/www.agriculturayganaderia.com\/?p=11666\" aria-label=\"Seguridad para la competitividad (VII): Infraestructura productiva, cerrar la brecha para producir m\u00e1s\">\n        <img loading=\"lazy\" decoding=\"async\" width=\"300\" height=\"162\" src=\"https:\/\/www.agriculturayganaderia.com\/wp-content\/uploads\/2026\/06\/01-Sistema-de-riego-800-300x162.jpg\" class=\"attachment-medium size-medium wp-post-image\" alt=\"Seguridad para la competitividad (VII): Infraestructura productiva, cerrar la brecha para producir m\u00e1s\" srcset=\"https:\/\/www.agriculturayganaderia.com\/wp-content\/uploads\/2026\/06\/01-Sistema-de-riego-800-300x162.jpg 300w, https:\/\/www.agriculturayganaderia.com\/wp-content\/uploads\/2026\/06\/01-Sistema-de-riego-800-768x416.jpg 768w, https:\/\/www.agriculturayganaderia.com\/wp-content\/uploads\/2026\/06\/01-Sistema-de-riego-800.jpg 800w\" sizes=\"(max-width: 300px) 100vw, 300px\" \/>      <\/a>\n\n    \n                              <\/div>\n              <div class=\"elespare-content-wrapper\">\n                                \n    <h3 class=\"elespare-post-title\">\n      <a href=\"https:\/\/www.agriculturayganaderia.com\/?p=11666\"> <span>Seguridad para la competitividad (VII): Infraestructura productiva, cerrar la brecha para producir m\u00e1s<\/span><\/a>\n    <\/h3>\n          <div class=\"elespare-metadata\">\n                  <span class=\"post-author\">\n            <a href=\"https:\/\/www.agriculturayganaderia.com\/?author=1\">\n                            Agricultura y Ganader\u00eda            <\/a>\n          <\/span>\n                          <span class=\"elespare-posts-full-post-author\">\n            <a href=\"https:\/\/www.agriculturayganaderia.com\/?m=2026\">\n              <i class=\"demo-icon elespare-icons-clock-regular\" aria-hidden=\"true\"><\/i>\n              agosto 29, 2026\n            <\/a>\n          <\/span>\n                      <\/div>\n    <div class=\"elespare-exceprt\">\n              <a class=\"read-more-btn\" href=\"https:\/\/www.agriculturayganaderia.com\/?p=11666\">\n    Leer m\u00e1s    <span class=\"screen-reader-text\"> about Seguridad para la competitividad (VII): Infraestructura productiva, cerrar la brecha para producir m\u00e1s<\/span>\n  <\/a>\n      <\/div>\n  \n              <\/div>\n            <\/div>\n                    <div class=\"elespare-posts-grid-post-items\">\n\n              <div class=\"elespare-img-wrapper\">\n                \n      <a href=\"https:\/\/www.agriculturayganaderia.com\/?p=11606\" aria-label=\"Las finanzas p\u00fablicas y el campo\">\n        <img loading=\"lazy\" decoding=\"async\" width=\"300\" height=\"171\" src=\"https:\/\/www.agriculturayganaderia.com\/wp-content\/uploads\/2025\/04\/0001-Finanzas-monedas-800-300x171.jpg\" class=\"attachment-medium size-medium wp-post-image\" alt=\"Las finanzas p\u00fablicas y el campo\" srcset=\"https:\/\/www.agriculturayganaderia.com\/wp-content\/uploads\/2025\/04\/0001-Finanzas-monedas-800-300x171.jpg 300w, https:\/\/www.agriculturayganaderia.com\/wp-content\/uploads\/2025\/04\/0001-Finanzas-monedas-800-768x439.jpg 768w, https:\/\/www.agriculturayganaderia.com\/wp-content\/uploads\/2025\/04\/0001-Finanzas-monedas-800.jpg 800w\" sizes=\"(max-width: 300px) 100vw, 300px\" \/>      <\/a>\n\n    \n                              <\/div>\n              <div class=\"elespare-content-wrapper\">\n                                \n    <h3 class=\"elespare-post-title\">\n      <a href=\"https:\/\/www.agriculturayganaderia.com\/?p=11606\"> <span>Las finanzas p\u00fablicas y el campo<\/span><\/a>\n    <\/h3>\n          <div class=\"elespare-metadata\">\n                  <span class=\"post-author\">\n            <a href=\"https:\/\/www.agriculturayganaderia.com\/?author=1\">\n                            Agricultura y Ganader\u00eda            <\/a>\n          <\/span>\n                          <span class=\"elespare-posts-full-post-author\">\n            <a href=\"https:\/\/www.agriculturayganaderia.com\/?m=2026\">\n              <i class=\"demo-icon elespare-icons-clock-regular\" aria-hidden=\"true\"><\/i>\n              agosto 22, 2026\n            <\/a>\n          <\/span>\n                      <\/div>\n    <div class=\"elespare-exceprt\">\n              <a class=\"read-more-btn\" href=\"https:\/\/www.agriculturayganaderia.com\/?p=11606\">\n    Leer m\u00e1s    <span class=\"screen-reader-text\"> about Las finanzas p\u00fablicas y el campo<\/span>\n  <\/a>\n      <\/div>\n  \n              <\/div>\n            <\/div>\n                    <div class=\"elespare-posts-grid-post-items\">\n\n              <div class=\"elespare-img-wrapper\">\n                \n      <a href=\"https:\/\/www.agriculturayganaderia.com\/?p=11604\" aria-label=\"Seguridad para la competitividad (VI): Infraestructura productiva, la arquitectura de la competitividad rural\">\n        <img loading=\"lazy\" decoding=\"async\" width=\"300\" height=\"182\" src=\"https:\/\/www.agriculturayganaderia.com\/wp-content\/uploads\/2025\/04\/1-Finanzas-800-300x182.jpg\" class=\"attachment-medium size-medium wp-post-image\" alt=\"Seguridad para la competitividad (VI): Infraestructura productiva, la arquitectura de la competitividad rural\" srcset=\"https:\/\/www.agriculturayganaderia.com\/wp-content\/uploads\/2025\/04\/1-Finanzas-800-300x182.jpg 300w, https:\/\/www.agriculturayganaderia.com\/wp-content\/uploads\/2025\/04\/1-Finanzas-800-768x466.jpg 768w, https:\/\/www.agriculturayganaderia.com\/wp-content\/uploads\/2025\/04\/1-Finanzas-800.jpg 800w\" sizes=\"(max-width: 300px) 100vw, 300px\" \/>      <\/a>\n\n    \n                              <\/div>\n              <div class=\"elespare-content-wrapper\">\n                                \n    <h3 class=\"elespare-post-title\">\n      <a href=\"https:\/\/www.agriculturayganaderia.com\/?p=11604\"> <span>Seguridad para la competitividad (VI): Infraestructura productiva, la arquitectura de la competitividad rural<\/span><\/a>\n    <\/h3>\n          <div class=\"elespare-metadata\">\n                  <span class=\"post-author\">\n            <a href=\"https:\/\/www.agriculturayganaderia.com\/?author=1\">\n                            Agricultura y Ganader\u00eda            <\/a>\n          <\/span>\n                          <span class=\"elespare-posts-full-post-author\">\n            <a href=\"https:\/\/www.agriculturayganaderia.com\/?m=2026\">\n              <i class=\"demo-icon elespare-icons-clock-regular\" aria-hidden=\"true\"><\/i>\n              agosto 22, 2026\n            <\/a>\n          <\/span>\n                      <\/div>\n    <div class=\"elespare-exceprt\">\n              <a class=\"read-more-btn\" href=\"https:\/\/www.agriculturayganaderia.com\/?p=11604\">\n    Leer m\u00e1s    <span class=\"screen-reader-text\"> about Seguridad para la competitividad (VI): Infraestructura productiva, la arquitectura de la competitividad rural<\/span>\n  <\/a>\n      <\/div>\n  \n              <\/div>\n            <\/div>\n              <\/div>\n    <\/div>\n    \t\t\t\t<\/div>\n\t\t\t\t<\/div>\n\t\t\t\t\t<\/div>\n\t\t<\/div>\n\t\t\t\t<div class=\"elementor-column elementor-col-50 elementor-top-column elementor-element elementor-element-4ca7fea3\" data-id=\"4ca7fea3\" data-element_type=\"column\" data-e-type=\"column\">\n\t\t\t<div class=\"elementor-widget-wrap elementor-element-populated\">\n\t\t\t\t\t\t<div class=\"elementor-element elementor-element-a2f6330 elementor-widget__width-initial elementor-widget elementor-widget-image\" data-id=\"a2f6330\" data-element_type=\"widget\" data-e-type=\"widget\" data-widget_type=\"image.default\">\n\t\t\t\t<div class=\"elementor-widget-container\">\n\t\t\t\t\t\t\t\t\t\t\t\t\t\t\t\t<a href=\"https:\/\/www.fedegan.org.co\/\">\n\t\t\t\t\t\t\t<img loading=\"lazy\" decoding=\"async\" width=\"474\" height=\"1024\" src=\"https:\/\/www.agriculturayganaderia.com\/wp-content\/uploads\/2025\/12\/Z1-FEDEGAN-MIGUEL-625X1350PX_page-0001-474x1024.jpg\" class=\"attachment-large size-large wp-image-8994\" alt=\"\" srcset=\"https:\/\/www.agriculturayganaderia.com\/wp-content\/uploads\/2025\/12\/Z1-FEDEGAN-MIGUEL-625X1350PX_page-0001-474x1024.jpg 474w, https:\/\/www.agriculturayganaderia.com\/wp-content\/uploads\/2025\/12\/Z1-FEDEGAN-MIGUEL-625X1350PX_page-0001-139x300.jpg 139w, https:\/\/www.agriculturayganaderia.com\/wp-content\/uploads\/2025\/12\/Z1-FEDEGAN-MIGUEL-625X1350PX_page-0001-768x1658.jpg 768w, https:\/\/www.agriculturayganaderia.com\/wp-content\/uploads\/2025\/12\/Z1-FEDEGAN-MIGUEL-625X1350PX_page-0001-711x1536.jpg 711w, https:\/\/www.agriculturayganaderia.com\/wp-content\/uploads\/2025\/12\/Z1-FEDEGAN-MIGUEL-625X1350PX_page-0001-949x2048.jpg 949w, https:\/\/www.agriculturayganaderia.com\/wp-content\/uploads\/2025\/12\/Z1-FEDEGAN-MIGUEL-625X1350PX_page-0001-scaled.jpg 1186w\" sizes=\"(max-width: 474px) 100vw, 474px\" \/>\t\t\t\t\t\t\t\t<\/a>\n\t\t\t\t\t\t\t\t\t\t\t\t\t\t\t<\/div>\n\t\t\t\t<\/div>\n\t\t\t\t<div class=\"elementor-element elementor-element-b1dec70 elementor-widget__width-initial elementor-widget elementor-widget-image\" data-id=\"b1dec70\" data-element_type=\"widget\" data-e-type=\"widget\" data-widget_type=\"image.default\">\n\t\t\t\t<div class=\"elementor-widget-container\">\n\t\t\t\t\t\t\t\t\t\t\t\t\t\t\t\t<a href=\"https:\/\/www.ica.gov.co\/\">\n\t\t\t\t\t\t\t<img loading=\"lazy\" decoding=\"async\" width=\"576\" height=\"1024\" src=\"https:\/\/www.agriculturayganaderia.com\/wp-content\/uploads\/2026\/07\/ICA-AVISO-1-JULIO-625-por-1111-576x1024.jpg\" class=\"attachment-large size-large wp-image-11265\" alt=\"\" srcset=\"https:\/\/www.agriculturayganaderia.com\/wp-content\/uploads\/2026\/07\/ICA-AVISO-1-JULIO-625-por-1111-576x1024.jpg 576w, https:\/\/www.agriculturayganaderia.com\/wp-content\/uploads\/2026\/07\/ICA-AVISO-1-JULIO-625-por-1111-169x300.jpg 169w, https:\/\/www.agriculturayganaderia.com\/wp-content\/uploads\/2026\/07\/ICA-AVISO-1-JULIO-625-por-1111.jpg 625w\" sizes=\"(max-width: 576px) 100vw, 576px\" \/>\t\t\t\t\t\t\t\t<\/a>\n\t\t\t\t\t\t\t\t\t\t\t\t\t\t\t<\/div>\n\t\t\t\t<\/div>\n\t\t\t\t\t<\/div>\n\t\t<\/div>\n\t\t\t\t\t<\/div>\n\t\t<\/section>\n\t\t<div class=\"elementor-element elementor-element-e69fa3a e-con-full e-flex e-con e-parent\" data-id=\"e69fa3a\" data-element_type=\"container\" data-e-type=\"container\">\n\t\t\t\t<div class=\"elementor-element elementor-element-9439394 elementor-widget elementor-widget-spacer\" data-id=\"9439394\" data-element_type=\"widget\" data-e-type=\"widget\" data-widget_type=\"spacer.default\">\n\t\t\t\t<div class=\"elementor-widget-container\">\n\t\t\t\t\t\t\t<div class=\"elementor-spacer\">\n\t\t\t<div class=\"elementor-spacer-inner\"><\/div>\n\t\t<\/div>\n\t\t\t\t\t\t<\/div>\n\t\t\t\t<\/div>\n\t\t\t\t<\/div>\n\t\t\t\t<\/div>\n\t\t","protected":false},"excerpt":{"rendered":"<p>TITULARES Precios del ganado bovino comercial en Colombia Precios mayoristas de la papa en la central de abastos de Bogot\u00e1 El l\u00edo de la trazabilidad bovina \u00bfQui\u00e9n protege el ingreso del productor cuando cae el d\u00f3lar? Precio interno de referencia para la compra de caf\u00e9 pergamino seco por carga de 125 kilos NOTICIAS DEL D\u00cdA [&hellip;]<\/p>\n","protected":false},"author":1,"featured_media":0,"parent":0,"menu_order":0,"comment_status":"closed","ping_status":"closed","template":"","meta":{"footnotes":""},"class_list":["post-1120","page","type-page","status-publish","hentry","post","post-with-thumbnail","post-with-thumbnail-large"],"_links":{"self":[{"href":"https:\/\/www.agriculturayganaderia.com\/index.php?rest_route=\/wp\/v2\/pages\/1120","targetHints":{"allow":["GET"]}}],"collection":[{"href":"https:\/\/www.agriculturayganaderia.com\/index.php?rest_route=\/wp\/v2\/pages"}],"about":[{"href":"https:\/\/www.agriculturayganaderia.com\/index.php?rest_route=\/wp\/v2\/types\/page"}],"author":[{"embeddable":true,"href":"https:\/\/www.agriculturayganaderia.com\/index.php?rest_route=\/wp\/v2\/users\/1"}],"replies":[{"embeddable":true,"href":"https:\/\/www.agriculturayganaderia.com\/index.php?rest_route=%2Fwp%2Fv2%2Fcomments&post=1120"}],"version-history":[{"count":904,"href":"https:\/\/www.agriculturayganaderia.com\/index.php?rest_route=\/wp\/v2\/pages\/1120\/revisions"}],"predecessor-version":[{"id":11393,"href":"https:\/\/www.agriculturayganaderia.com\/index.php?rest_route=\/wp\/v2\/pages\/1120\/revisions\/11393"}],"wp:attachment":[{"href":"https:\/\/www.agriculturayganaderia.com\/index.php?rest_route=%2Fwp%2Fv2%2Fmedia&parent=1120"}],"curies":[{"name":"wp","href":"https:\/\/api.w.org\/{rel}","templated":true}]}}